{"id":50,"date":"2024-05-14T09:51:13","date_gmt":"2024-05-14T07:51:13","guid":{"rendered":"https:\/\/palacehotelmoderno.promoservicebeta.com\/?page_id=50"},"modified":"2024-07-08T16:34:24","modified_gmt":"2024-07-08T14:34:24","slug":"gallery","status":"publish","type":"page","link":"https:\/\/palacehotelmoderno.it\/it\/gallery\/","title":{"rendered":"Gallery"},"content":{"rendered":"\t\t<div data-elementor-type=\"wp-page\" data-elementor-id=\"50\" class=\"elementor elementor-50\" data-elementor-post-type=\"page\">\n\t\t\t\t<div class=\"has_eae_slider elementor-element elementor-element-7e1846c e-flex e-con-boxed e-con e-parent\" data-eae-slider=\"23504\" data-id=\"7e1846c\" data-element_type=\"container\" data-e-type=\"container\" data-settings=\"{&quot;background_background&quot;:&quot;classic&quot;}\">\n\t\t\t\t\t<div class=\"e-con-inner\">\n\t\t<div class=\"has_eae_slider elementor-element elementor-element-2f1b8c4 e-con-full e-flex e-con e-child\" data-eae-slider=\"51492\" data-id=\"2f1b8c4\" data-element_type=\"container\" data-e-type=\"container\">\n\t\t\t\t<div class=\"elementor-element elementor-element-34189328 elementor-widget elementor-widget-heading\" data-id=\"34189328\" data-element_type=\"widget\" data-e-type=\"widget\" data-widget_type=\"heading.default\">\n\t\t\t\t<div class=\"elementor-widget-container\">\n\t\t\t\t\t<h1 class=\"elementor-heading-title elementor-size-default\">GALLERY<\/h1>\t\t\t\t<\/div>\n\t\t\t\t<\/div>\n\t\t<div class=\"has_eae_slider elementor-element elementor-element-71a29f7 e-con-full elementor-hidden-tablet elementor-hidden-mobile e-flex e-con e-child\" data-eae-slider=\"59199\" data-id=\"71a29f7\" data-element_type=\"container\" data-e-type=\"container\" id=\"bf-pages\">\n\t\t\t\t<div class=\"elementor-element elementor-element-cb2db22 elementor-widget__width-inherit elementor-widget elementor-widget-shortcode\" data-id=\"cb2db22\" data-element_type=\"widget\" data-e-type=\"widget\" data-widget_type=\"shortcode.default\">\n\t\t\t\t<div class=\"elementor-widget-container\">\n\t\t\t\t\t\t\t<div class=\"elementor-shortcode\">\n<div id=\"booking-form\" class=\"booking-form\">\n\t<div class=\"container\">\n\t\t<div id=\"sb-container\">\n\t\t\t<div id=\"sb-container_sb__form\"><\/div>\n\t\t<\/div>\n\t<\/div>\n\t<a id=\"bfPreventivo\" class=\"btn-booking\" href=\"https:\/\/palacehotelmoderno.it\/contatti\/\" style=\"display: none;\">Richiedi informazioni<\/a>\n<\/div>\n\n\n<script type=\"text\/javascript\">\n\tjQuery(document).ready(function() {\n\t\tvar checkExist = setInterval(function() {\n\t\t\tvar element = '#booking-form #sb-container .sb__footer';\n\t\t\tvar element_preventivo = '#bfPreventivo';\n\t\t\tvar container = '#booking-form #sb-container #sb-container_sb__form';\n\t\t\tif (jQuery(element).length) {\n\t\t\t\tjQuery(element_preventivo).appendTo(container).show();\n\t\t\t\tjQuery(element).appendTo(container);\n\t\t\t\tclearInterval(checkExist);\n\t\t\t}\n\t\t}, 100);\n\t});\n<\/script>\n\n\n<script type=\"text\/javascript\">\n\tjQuery(window).load(function() {\n\t\t(function (i, s, o, g, r, a, m) {\n\t\t\t\ti['SBSyncroBoxParam'] = r; i[r] = i[r] || function () {\n\t\t\t\t\t\t(i[r].q = i[r].q || []).push(arguments)\n\t\t\t\t}, i[r].l = 1 * new Date(); a = s.createElement(o),\n\t\t\t\tm = s.getElementsByTagName(o)[0]; a.async = 1; a.src = g; m.parentNode.insertBefore(a, m)\n\t\t})(window, document, 'script', 'https:\/\/cdn.simplebooking.it\/search-box-script.axd?IDA=6247','SBSyncroBox');\n\n\t\tSBSyncroBox({\n\t\t\tCodLang: 'IT',\n\t\t\tAddresses: { HttpHost: \"https:\/\/www.simplebooking.it\" },\n\t\t\tStyles: {\n\t\t\t\tCustomColor: '#000',\t\/\/colore di tutti i testi interni ai campi\n\t\t\t\tCustomBGColor: 'transparent',\t\/\/Background color di tutto il blocco\n\t\t\t\tCustomFieldBackgroundColor: '#fff',\t\/\/Background singoli campi\n\t\t\t\tCustomButtonBGColor: '#53B3CB',\t\/\/Background bottone cerca\n\t\t\t\tCustomButtonHoverBGColor: '##53B3CB', \/\/Hover bottone cerca\n\t\t\t\tCustomIntentSelectionColor: '#000',\t\/\/Hover colore data calendario\n\t\t\t\tCustomCalendarBackgroundColor: '#fff',  \/\/Sfondo calendari\n\t\t\t\tCustomLabelColor: '#444444', \/\/Colore label sopra ai campi\n\t\t\t\tCustomAccentColor: '#4497e9', \/\/Background range selezionato su calendario\n\t\t\t\tCustomAccentColorHover: '#1359a0', \/\/Background range selezionato su calendario on hover\n\t\t\t\tCustomWidgetBGColor: '#fff', \/\/Background adulti e camera\n\t\t\t\tCustomWidgetColor: '#000',\t\/\/Colore testo adulti e camera\n\t\t\t\tCustomLinkColor: '#ffffff', \/\/'#4497e9', \/\/Colore testo link\n\t\t\t\tCustomBoxShadowColor: '#000',\n\t\t\t\tCustomAddRoomBoxShadowColor: '#fff',\n\t\t\t\tCustomIconColor: '#881C44', \/\/'#4497e9',\t colore icone\n\t\t\t\tCustomLabelHoverColor: '#881C44'\t\/\/hover label\n\t\t\t},\n\t\t\tReference: \"simplebookingQuote\",\n\t\t\tConverto: {\n\t\t\t\tInPageContainerId: \"simplebookingQuote\",\n\t\t\t\tStyles: {\n\t\t\t\t\tCustomBodyBGColor: \"transparent\",\n\t\t\t\t\tCustomBGColor: 'transparent'\n\t\t\t\t}\n\t\t\t}\n\t\t});\n\t});\n<\/script><\/div>\n\t\t\t\t\t\t<\/div>\n\t\t\t\t<\/div>\n\t\t\t\t<div class=\"elementor-element elementor-element-40b86bf elementor-icon-list--layout-inline elementor-align-start elementor-widget__width-inherit elementor-list-item-link-full_width elementor-widget elementor-widget-icon-list\" data-id=\"40b86bf\" data-element_type=\"widget\" data-e-type=\"widget\" data-widget_type=\"icon-list.default\">\n\t\t\t\t<div class=\"elementor-widget-container\">\n\t\t\t\t\t\t\t<ul class=\"elementor-icon-list-items elementor-inline-items\">\n\t\t\t\t\t\t\t<li class=\"elementor-icon-list-item elementor-inline-item\">\n\t\t\t\t\t\t\t\t\t\t\t<span class=\"elementor-icon-list-icon\">\n\t\t\t\t\t\t\t<svg aria-hidden=\"true\" class=\"e-font-icon-svg e-fas-thumbs-up\" viewBox=\"0 0 512 512\" xmlns=\"http:\/\/www.w3.org\/2000\/svg\"><path d=\"M104 224H24c-13.255 0-24 10.745-24 24v240c0 13.255 10.745 24 24 24h80c13.255 0 24-10.745 24-24V248c0-13.255-10.745-24-24-24zM64 472c-13.255 0-24-10.745-24-24s10.745-24 24-24 24 10.745 24 24-10.745 24-24 24zM384 81.452c0 42.416-25.97 66.208-33.277 94.548h101.723c33.397 0 59.397 27.746 59.553 58.098.084 17.938-7.546 37.249-19.439 49.197l-.11.11c9.836 23.337 8.237 56.037-9.308 79.469 8.681 25.895-.069 57.704-16.382 74.757 4.298 17.598 2.244 32.575-6.148 44.632C440.202 511.587 389.616 512 346.839 512l-2.845-.001c-48.287-.017-87.806-17.598-119.56-31.725-15.957-7.099-36.821-15.887-52.651-16.178-6.54-.12-11.783-5.457-11.783-11.998v-213.77c0-3.2 1.282-6.271 3.558-8.521 39.614-39.144 56.648-80.587 89.117-113.111 14.804-14.832 20.188-37.236 25.393-58.902C282.515 39.293 291.817 0 312 0c24 0 72 8 72 81.452z\"><\/path><\/svg>\t\t\t\t\t\t<\/span>\n\t\t\t\t\t\t\t\t\t\t<span class=\"elementor-icon-list-text\">Posizione eccellente<\/span>\n\t\t\t\t\t\t\t\t\t<\/li>\n\t\t\t\t\t\t\t\t<li class=\"elementor-icon-list-item elementor-inline-item\">\n\t\t\t\t\t\t\t\t\t\t\t<span class=\"elementor-icon-list-icon\">\n\t\t\t\t\t\t\t<svg aria-hidden=\"true\" class=\"e-font-icon-svg e-fas-thumbs-up\" viewBox=\"0 0 512 512\" xmlns=\"http:\/\/www.w3.org\/2000\/svg\"><path d=\"M104 224H24c-13.255 0-24 10.745-24 24v240c0 13.255 10.745 24 24 24h80c13.255 0 24-10.745 24-24V248c0-13.255-10.745-24-24-24zM64 472c-13.255 0-24-10.745-24-24s10.745-24 24-24 24 10.745 24 24-10.745 24-24 24zM384 81.452c0 42.416-25.97 66.208-33.277 94.548h101.723c33.397 0 59.397 27.746 59.553 58.098.084 17.938-7.546 37.249-19.439 49.197l-.11.11c9.836 23.337 8.237 56.037-9.308 79.469 8.681 25.895-.069 57.704-16.382 74.757 4.298 17.598 2.244 32.575-6.148 44.632C440.202 511.587 389.616 512 346.839 512l-2.845-.001c-48.287-.017-87.806-17.598-119.56-31.725-15.957-7.099-36.821-15.887-52.651-16.178-6.54-.12-11.783-5.457-11.783-11.998v-213.77c0-3.2 1.282-6.271 3.558-8.521 39.614-39.144 56.648-80.587 89.117-113.111 14.804-14.832 20.188-37.236 25.393-58.902C282.515 39.293 291.817 0 312 0c24 0 72 8 72 81.452z\"><\/path><\/svg>\t\t\t\t\t\t<\/span>\n\t\t\t\t\t\t\t\t\t\t<span class=\"elementor-icon-list-text\">Parcheggio privato incluso<\/span>\n\t\t\t\t\t\t\t\t\t<\/li>\n\t\t\t\t\t\t\t\t<li class=\"elementor-icon-list-item elementor-inline-item\">\n\t\t\t\t\t\t\t\t\t\t\t<span class=\"elementor-icon-list-icon\">\n\t\t\t\t\t\t\t<svg aria-hidden=\"true\" class=\"e-font-icon-svg e-fas-thumbs-up\" viewBox=\"0 0 512 512\" xmlns=\"http:\/\/www.w3.org\/2000\/svg\"><path d=\"M104 224H24c-13.255 0-24 10.745-24 24v240c0 13.255 10.745 24 24 24h80c13.255 0 24-10.745 24-24V248c0-13.255-10.745-24-24-24zM64 472c-13.255 0-24-10.745-24-24s10.745-24 24-24 24 10.745 24 24-10.745 24-24 24zM384 81.452c0 42.416-25.97 66.208-33.277 94.548h101.723c33.397 0 59.397 27.746 59.553 58.098.084 17.938-7.546 37.249-19.439 49.197l-.11.11c9.836 23.337 8.237 56.037-9.308 79.469 8.681 25.895-.069 57.704-16.382 74.757 4.298 17.598 2.244 32.575-6.148 44.632C440.202 511.587 389.616 512 346.839 512l-2.845-.001c-48.287-.017-87.806-17.598-119.56-31.725-15.957-7.099-36.821-15.887-52.651-16.178-6.54-.12-11.783-5.457-11.783-11.998v-213.77c0-3.2 1.282-6.271 3.558-8.521 39.614-39.144 56.648-80.587 89.117-113.111 14.804-14.832 20.188-37.236 25.393-58.902C282.515 39.293 291.817 0 312 0c24 0 72 8 72 81.452z\"><\/path><\/svg>\t\t\t\t\t\t<\/span>\n\t\t\t\t\t\t\t\t\t\t<span class=\"elementor-icon-list-text\">Ottima colazione inclusa<\/span>\n\t\t\t\t\t\t\t\t\t<\/li>\n\t\t\t\t\t\t<\/ul>\n\t\t\t\t\t\t<\/div>\n\t\t\t\t<\/div>\n\t\t\t\t<\/div>\n\t\t\t\t<\/div>\n\t\t<div class=\"has_eae_slider elementor-element elementor-element-732b38db elementor-hidden-tablet elementor-hidden-mobile e-flex e-con-boxed e-con e-child\" data-eae-slider=\"63491\" data-id=\"732b38db\" data-element_type=\"container\" data-e-type=\"container\">\n\t\t\t\t\t<div class=\"e-con-inner\">\n\t\t<div class=\"has_eae_slider elementor-element elementor-element-3cfc2ccf e-con-full e-flex e-con e-child\" data-eae-slider=\"85018\" data-id=\"3cfc2ccf\" data-element_type=\"container\" data-e-type=\"container\">\n\t\t<div class=\"has_eae_slider elementor-element elementor-element-13457c28 e-flex e-con-boxed e-con e-child\" data-eae-slider=\"43137\" data-id=\"13457c28\" data-element_type=\"container\" data-e-type=\"container\" data-settings=\"{&quot;background_background&quot;:&quot;classic&quot;}\">\n\t\t\t\t\t<div class=\"e-con-inner\">\n\t\t\t\t<div class=\"elementor-element elementor-element-57a1c1f9 elementor-widget elementor-widget-wpml-language-switcher\" data-id=\"57a1c1f9\" data-element_type=\"widget\" data-e-type=\"widget\" data-widget_type=\"wpml-language-switcher.default\">\n\t\t\t\t<div class=\"elementor-widget-container\">\n\t\t\t\t\t<div class=\"wpml-elementor-ls\">\n<div\n\t role=\"navigation\" aria-label=\"Selettore lingua\" class=\"wpml-ls-statics-shortcode_actions wpml-ls wpml-ls-legacy-dropdown js-wpml-ls-legacy-dropdown\">\n\t<ul>\n\t\t<li class=\"wpml-ls-slot-shortcode_actions wpml-ls-item wpml-ls-item-it wpml-ls-current-language wpml-ls-last-item wpml-ls-item-legacy-dropdown\">\n\t\t\t<a href=\"#\" hreflang=\"\" lang=\"\" class=\"js-wpml-ls-item-toggle wpml-ls-item-toggle\" aria-current=\"page\" aria-expanded=\"false\" aria-controls=\"wpml-ls-submenu-default\" aria-label=\"Selettore lingua, premi tab per navigare tra le altre lingue\" title=\"Passa a IT\">\n\t\t\t\t<span class=\"wpml-ls-native\">IT<\/span><\/a>\n\n\t\t\t<ul id=\"wpml-ls-submenu-default\" class=\"wpml-ls-sub-menu\">\n\t\t\t\t\n\t\t\t\t\t<li class=\"wpml-ls-slot-shortcode_actions wpml-ls-item wpml-ls-item-en wpml-ls-first-item\">\n\t\t\t\t\t\t<a href=\"https:\/\/palacehotelmoderno.it\/en\/\" hreflang=\"en\" lang=\"en\" class=\"wpml-ls-link\" aria-label=\"Passa a EN\" title=\"Passa a EN\">\n\t\t\t\t\t\t\t<span class=\"wpml-ls-display\">EN<\/span><\/a>\n\t\t\t\t\t<\/li>\n\n\t\t\t\t\n\t\t\t\t\t<li class=\"wpml-ls-slot-shortcode_actions wpml-ls-item wpml-ls-item-de\">\n\t\t\t\t\t\t<a href=\"https:\/\/palacehotelmoderno.it\/de\/\" hreflang=\"de\" lang=\"de\" class=\"wpml-ls-link\" aria-label=\"Passa a DE\" title=\"Passa a DE\">\n\t\t\t\t\t\t\t<span class=\"wpml-ls-display\">DE<\/span><\/a>\n\t\t\t\t\t<\/li>\n\n\t\t\t\t\t\t\t<\/ul>\n\n\t\t<\/li>\n\n\t<\/ul>\n<\/div>\n<\/div>\t\t\t\t<\/div>\n\t\t\t\t<\/div>\n\t\t\t\t\t<\/div>\n\t\t\t\t<\/div>\n\t\t<a class=\"has_eae_slider elementor-element elementor-element-6fa8921d e-con-full e-flex e-con e-child\" data-eae-slider=\"19060\" data-id=\"6fa8921d\" data-element_type=\"container\" data-e-type=\"container\" data-settings=\"{&quot;background_background&quot;:&quot;classic&quot;}\" href=\"https:\/\/www.simplebooking.it\/ibe\/search?hid=6247&#038;lang=IT&#038;cur=EUR\" target=\"_blank\">\n\t\t\t\t<div class=\"elementor-element elementor-element-4a33e5a1 elementor-widget__width-initial elementor-widget elementor-widget-text-editor\" data-id=\"4a33e5a1\" data-element_type=\"widget\" data-e-type=\"widget\" id=\"book-now-button\" data-widget_type=\"text-editor.default\">\n\t\t\t\t<div class=\"elementor-widget-container\">\n\t\t\t\t\t\t\t\t\tPrenota ora\t\t\t\t\t\t\t\t<\/div>\n\t\t\t\t<\/div>\n\t\t\t\t<\/a>\n\t\t<div class=\"has_eae_slider elementor-element elementor-element-7bb36984 e-flex e-con-boxed e-con e-child\" data-eae-slider=\"89657\" data-id=\"7bb36984\" data-element_type=\"container\" data-e-type=\"container\" data-settings=\"{&quot;background_background&quot;:&quot;classic&quot;}\">\n\t\t\t\t\t<div class=\"e-con-inner\">\n\t\t\t\t<div class=\"elementor-element elementor-element-74e432ce elementor-view-default elementor-position-block-start elementor-mobile-position-block-start elementor-widget elementor-widget-icon-box\" data-id=\"74e432ce\" data-element_type=\"widget\" data-e-type=\"widget\" data-widget_type=\"icon-box.default\">\n\t\t\t\t<div class=\"elementor-widget-container\">\n\t\t\t\t\t\t\t<div class=\"elementor-icon-box-wrapper\">\n\n\t\t\t\t\t\t<div class=\"elementor-icon-box-icon\">\n\t\t\t\t<a href=\"tel:+39043428215\" target=\"_blank\" class=\"elementor-icon\" tabindex=\"-1\">\n\t\t\t\t<svg aria-hidden=\"true\" class=\"e-font-icon-svg e-fas-phone-alt\" viewBox=\"0 0 512 512\" xmlns=\"http:\/\/www.w3.org\/2000\/svg\"><path d=\"M497.39 361.8l-112-48a24 24 0 0 0-28 6.9l-49.6 60.6A370.66 370.66 0 0 1 130.6 204.11l60.6-49.6a23.94 23.94 0 0 0 6.9-28l-48-112A24.16 24.16 0 0 0 122.6.61l-104 24A24 24 0 0 0 0 48c0 256.5 207.9 464 464 464a24 24 0 0 0 23.4-18.6l24-104a24.29 24.29 0 0 0-14.01-27.6z\"><\/path><\/svg>\t\t\t\t<\/a>\n\t\t\t<\/div>\n\t\t\t\n\t\t\t\n\t\t<\/div>\n\t\t\t\t\t\t<\/div>\n\t\t\t\t<\/div>\n\t\t\t\t\t<\/div>\n\t\t\t\t<\/div>\n\t\t<div class=\"has_eae_slider elementor-element elementor-element-44bab596 e-flex e-con-boxed e-con e-child\" data-eae-slider=\"1780\" data-id=\"44bab596\" data-element_type=\"container\" data-e-type=\"container\" data-settings=\"{&quot;background_background&quot;:&quot;classic&quot;}\">\n\t\t\t\t\t<div class=\"e-con-inner\">\n\t\t\t\t<div class=\"elementor-element elementor-element-157a6713 elementor-view-default elementor-position-block-start elementor-mobile-position-block-start elementor-widget elementor-widget-icon-box\" data-id=\"157a6713\" data-element_type=\"widget\" data-e-type=\"widget\" data-widget_type=\"icon-box.default\">\n\t\t\t\t<div class=\"elementor-widget-container\">\n\t\t\t\t\t\t\t<div class=\"elementor-icon-box-wrapper\">\n\n\t\t\t\t\t\t<div class=\"elementor-icon-box-icon\">\n\t\t\t\t<a href=\"mailto:info@palacehotelmoderno.it\" target=\"_blank\" class=\"elementor-icon\" tabindex=\"-1\">\n\t\t\t\t<svg aria-hidden=\"true\" class=\"e-font-icon-svg e-fas-mail-bulk\" viewBox=\"0 0 576 512\" xmlns=\"http:\/\/www.w3.org\/2000\/svg\"><path d=\"M160 448c-25.6 0-51.2-22.4-64-32-64-44.8-83.2-60.8-96-70.4V480c0 17.67 14.33 32 32 32h256c17.67 0 32-14.33 32-32V345.6c-12.8 9.6-32 25.6-96 70.4-12.8 9.6-38.4 32-64 32zm128-192H32c-17.67 0-32 14.33-32 32v16c25.6 19.2 22.4 19.2 115.2 86.4 9.6 6.4 28.8 25.6 44.8 25.6s35.2-19.2 44.8-22.4c92.8-67.2 89.6-67.2 115.2-86.4V288c0-17.67-14.33-32-32-32zm256-96H224c-17.67 0-32 14.33-32 32v32h96c33.21 0 60.59 25.42 63.71 57.82l.29-.22V416h192c17.67 0 32-14.33 32-32V192c0-17.67-14.33-32-32-32zm-32 128h-64v-64h64v64zm-352-96c0-35.29 28.71-64 64-64h224V32c0-17.67-14.33-32-32-32H96C78.33 0 64 14.33 64 32v192h96v-32z\"><\/path><\/svg>\t\t\t\t<\/a>\n\t\t\t<\/div>\n\t\t\t\n\t\t\t\n\t\t<\/div>\n\t\t\t\t\t\t<\/div>\n\t\t\t\t<\/div>\n\t\t\t\t\t<\/div>\n\t\t\t\t<\/div>\n\t\t\t\t<\/div>\n\t\t\t\t\t<\/div>\n\t\t\t\t<\/div>\n\t\t\t\t\t<\/div>\n\t\t\t\t<\/div>\n\t\t<div class=\"has_eae_slider elementor-element elementor-element-1b3aa5f2 e-flex e-con-boxed e-con e-parent\" data-eae-slider=\"13570\" data-id=\"1b3aa5f2\" data-element_type=\"container\" data-e-type=\"container\">\n\t\t\t\t\t<div class=\"e-con-inner\">\n\t\t\t\t<div class=\"elementor-element elementor-element-100015b9 elementor-widget__width-initial elementor-widget elementor-widget-heading\" data-id=\"100015b9\" data-element_type=\"widget\" data-e-type=\"widget\" data-widget_type=\"heading.default\">\n\t\t\t\t<div class=\"elementor-widget-container\">\n\t\t\t\t\t<h2 class=\"elementor-heading-title elementor-size-default\">Gallery del Palace Hotel Moderno<\/h2>\t\t\t\t<\/div>\n\t\t\t\t<\/div>\n\t\t\t\t<div class=\"elementor-element elementor-element-23493ec4 elementor-widget__width-initial elementor-widget elementor-widget-text-editor\" data-id=\"23493ec4\" data-element_type=\"widget\" data-e-type=\"widget\" data-widget_type=\"text-editor.default\">\n\t\t\t\t<div class=\"elementor-widget-container\">\n\t\t\t\t\t\t\t\t\t<p>Esplora il nostro hotel attraverso immagini che catturano l&#8217;essenza di ogni momento. Lasciati ispirare dai nostri ambienti eleganti, dove ogni dettaglio \u00e8 pensato per offrirti un&#8217;esperienza indimenticabile.<\/p>\t\t\t\t\t\t\t\t<\/div>\n\t\t\t\t<\/div>\n\t\t\t\t\t<\/div>\n\t\t\t\t<\/div>\n\t\t<div class=\"has_eae_slider elementor-element elementor-element-3f2d228e e-flex e-con-boxed e-con e-parent\" data-eae-slider=\"50113\" data-id=\"3f2d228e\" data-element_type=\"container\" data-e-type=\"container\">\n\t\t\t\t\t<div class=\"e-con-inner\">\n\t\t\t\t<div class=\"elementor-element elementor-element-cba661d eae-icon-view-default eae-show-all-yes eae-overlay-hover elementor-widget elementor-widget-eae-filterableGallery\" data-id=\"cba661d\" data-element_type=\"widget\" data-e-type=\"widget\" data-widget_type=\"eae-filterableGallery.default\">\n\t\t\t\t<div class=\"elementor-widget-container\">\n\t\t\t\t\t\t\t<div class=\"eae-fg-wrapper masonry-yes\">\n\t\t\t<div class=\"eae-gallery-filter\">\n\t\t\t\t\t\t\t\t\t<a href=\"#\" data-filter=\"*\" data-filter-name=\"all\" class=\"eae-filter-label current\">Vedi tutte<\/a>\n\t\t\t\t\t\t\t\t<a class=\"eae-filter-label\" href=\"#\" data-filter-name=\"hotel\" data-filter=\".hotel\">Hotel<\/a><a class=\"eae-filter-label\" href=\"#\" data-filter-name=\"camere\" data-filter=\".camere\">Camere<\/a><a class=\"eae-filter-label\" href=\"#\" data-filter-name=\"sale-meeting\" data-filter=\".sale-meeting\">Sale meeting<\/a><a class=\"eae-filter-label\" href=\"#\" data-filter-name=\"sala-fitness\" data-filter=\".sala-fitness\">Sala fitness<\/a>\t\t\t<\/div>\n\t\t\t<div class=\"eae-fg-image\">\n\t\t\t\t\t\t\t\t\t\t\t<div class=\"eae-gallery-item hotel\">\n\t\t\t\t\t\t\t\t<div class=\"eae-gallery-item-inner\">\n\t\t\t\t\t\t\t\t\t<a href=\"https:\/\/palacehotelmoderno.it\/wp-content\/uploads\/2024\/05\/Salotto-elegante-con-dettagli-rossi.webp\" data-elementor-open-lightbox=\"yes\" data-elementor-lightbox-slideshow=\"eae-fg-gallery-18009\" data-elementor-lightbox-title=\"Salotto-elegante-con-dettagli-rossi\" data-e-action-hash=\"#elementor-action%3Aaction%3Dlightbox%26settings%3DeyJpZCI6MjEwMywidXJsIjoiaHR0cHM6XC9cL3BhbGFjZWhvdGVsbW9kZXJuby5pdFwvd3AtY29udGVudFwvdXBsb2Fkc1wvMjAyNFwvMDVcL1NhbG90dG8tZWxlZ2FudGUtY29uLWRldHRhZ2xpLXJvc3NpLndlYnAifQ%3D%3D\">\n\t\t\t\t\t\t\t\t\t\t\t\t\t\t\t\t\t\t\t\t\t<img fetchpriority=\"high\" decoding=\"async\" width=\"1200\" height=\"691\" src=\"https:\/\/palacehotelmoderno.it\/wp-content\/uploads\/2024\/05\/Salotto-elegante-con-dettagli-rossi.webp\" class=\"attachment-full size-full\" alt=\"Soggiorno elegante con fiori e tende rosse.\" srcset=\"https:\/\/palacehotelmoderno.it\/wp-content\/uploads\/2024\/05\/Salotto-elegante-con-dettagli-rossi.webp 1200w, https:\/\/palacehotelmoderno.it\/wp-content\/uploads\/2024\/05\/Salotto-elegante-con-dettagli-rossi-300x173.webp 300w, https:\/\/palacehotelmoderno.it\/wp-content\/uploads\/2024\/05\/Salotto-elegante-con-dettagli-rossi-1024x590.webp 1024w, https:\/\/palacehotelmoderno.it\/wp-content\/uploads\/2024\/05\/Salotto-elegante-con-dettagli-rossi-768x442.webp 768w\" sizes=\"(max-width: 1200px) 100vw, 1200px\" \/>\t\t\t\t\t\t\t\t\t\t\t\t\t\t\t\t\t\t\t\t\t\t\t\t\t\t\t\t\t\t\t\t<div class=\"eae-grid-overlay fadeIn\">\n\t\t\t\t\t\t\t\t\t\t\t\t<div class=\"eae-grid-overlay-inner\">\n\t\t\t\t\t\t\t\t\t\t\t\t\t<div class=\"eae-icon-wrapper\">\n\t\t\t\t\t\t\t\t\t\t\t\t\t\t\t\t\t\t\t\t\t\t\t\t\t\t\t\t\t<div class=\"eae-overlay-icon\">\n\t\t\t\t\t\t\t\t\t\t\t\t\t\t\t\t<i aria-hidden=\"true\" class=\"far fa-expand-arrows\"><\/i>\t\t\t\t\t\t\t\t\t\t\t\t\t\t\t<\/div>\n\t\t\t\t\t\t\t\t\t\t\t\t\t\t\t\t\t\t\t\t\t\t\t\t\t\t\t<\/div>\n\t\t\t\t\t\t\t\t\t\t\t\t\t\t\t\t\t\t\t\t\t\t\t\t\t<\/div>\n\t\t\t\t\t\t\t\t\t\t<\/div>\n\t\t\t\t\t\t\t\t\t\t\t\t\t\t\t\t\t\t\t<\/a>\n\t\t\t\t\t\t\t\t<\/div>\n\t\t\t\t\t\t\t<\/div>\n\t\t\t\t\t\t\t\t\t\t\t\t\t\t<div class=\"eae-gallery-item hotel\">\n\t\t\t\t\t\t\t\t<div class=\"eae-gallery-item-inner\">\n\t\t\t\t\t\t\t\t\t<a href=\"https:\/\/palacehotelmoderno.it\/wp-content\/uploads\/2024\/05\/ALE_1489.webp\" data-elementor-open-lightbox=\"yes\" data-elementor-lightbox-slideshow=\"eae-fg-gallery-18009\" data-elementor-lightbox-title=\"Hall Palace Hotel Moderno\" data-e-action-hash=\"#elementor-action%3Aaction%3Dlightbox%26settings%3DeyJpZCI6MjA5MywidXJsIjoiaHR0cHM6XC9cL3BhbGFjZWhvdGVsbW9kZXJuby5pdFwvd3AtY29udGVudFwvdXBsb2Fkc1wvMjAyNFwvMDVcL0FMRV8xNDg5LndlYnAifQ%3D%3D\">\n\t\t\t\t\t\t\t\t\t\t\t\t\t\t\t\t\t\t\t\t\t<img decoding=\"async\" width=\"1620\" height=\"1080\" src=\"https:\/\/palacehotelmoderno.it\/wp-content\/uploads\/2024\/05\/ALE_1489.webp\" class=\"attachment-full size-full\" alt=\"Soggiorno elegante con divano rosso e TV.\" srcset=\"https:\/\/palacehotelmoderno.it\/wp-content\/uploads\/2024\/05\/ALE_1489.webp 1620w, https:\/\/palacehotelmoderno.it\/wp-content\/uploads\/2024\/05\/ALE_1489-300x200.webp 300w, https:\/\/palacehotelmoderno.it\/wp-content\/uploads\/2024\/05\/ALE_1489-1024x683.webp 1024w, https:\/\/palacehotelmoderno.it\/wp-content\/uploads\/2024\/05\/ALE_1489-768x512.webp 768w, https:\/\/palacehotelmoderno.it\/wp-content\/uploads\/2024\/05\/ALE_1489-1536x1024.webp 1536w\" sizes=\"(max-width: 1620px) 100vw, 1620px\" \/>\t\t\t\t\t\t\t\t\t\t\t\t\t\t\t\t\t\t\t\t\t\t\t\t\t\t\t\t\t\t\t\t<div class=\"eae-grid-overlay fadeIn\">\n\t\t\t\t\t\t\t\t\t\t\t\t<div class=\"eae-grid-overlay-inner\">\n\t\t\t\t\t\t\t\t\t\t\t\t\t<div class=\"eae-icon-wrapper\">\n\t\t\t\t\t\t\t\t\t\t\t\t\t\t\t\t\t\t\t\t\t\t\t\t\t\t\t\t\t<div class=\"eae-overlay-icon\">\n\t\t\t\t\t\t\t\t\t\t\t\t\t\t\t\t<i aria-hidden=\"true\" class=\"far fa-expand-arrows\"><\/i>\t\t\t\t\t\t\t\t\t\t\t\t\t\t\t<\/div>\n\t\t\t\t\t\t\t\t\t\t\t\t\t\t\t\t\t\t\t\t\t\t\t\t\t\t\t<\/div>\n\t\t\t\t\t\t\t\t\t\t\t\t\t\t\t\t\t\t\t\t\t\t\t\t\t<\/div>\n\t\t\t\t\t\t\t\t\t\t<\/div>\n\t\t\t\t\t\t\t\t\t\t\t\t\t\t\t\t\t\t\t<\/a>\n\t\t\t\t\t\t\t\t<\/div>\n\t\t\t\t\t\t\t<\/div>\n\t\t\t\t\t\t\t\t\t\t\t\t\t\t<div class=\"eae-gallery-item hotel\">\n\t\t\t\t\t\t\t\t<div class=\"eae-gallery-item-inner\">\n\t\t\t\t\t\t\t\t\t<a href=\"https:\/\/palacehotelmoderno.it\/wp-content\/uploads\/2024\/05\/Salotto-con-poltrona-e-finestra.webp\" data-elementor-open-lightbox=\"yes\" data-elementor-lightbox-slideshow=\"eae-fg-gallery-18009\" data-elementor-lightbox-title=\"Salotto-con-poltrona-e-finestra\" data-e-action-hash=\"#elementor-action%3Aaction%3Dlightbox%26settings%3DeyJpZCI6MTAxOSwidXJsIjoiaHR0cHM6XC9cL3BhbGFjZWhvdGVsbW9kZXJuby5pdFwvd3AtY29udGVudFwvdXBsb2Fkc1wvMjAyNFwvMDVcL1NhbG90dG8tY29uLXBvbHRyb25hLWUtZmluZXN0cmEud2VicCJ9\" data-elementor-lightbox-description=\"Un&#039;accogliente salotto con una poltrona imbottita di fronte a una finestra coperta da tende pesanti color crema e arancione. La luce del giorno filtra attraverso la finestra, illuminando la stanza e creando un&#039;atmosfera calda e rilassante. Sul lato destro, si intravede una lampada da tavolo accesa su un mobile in legno scuro. Le pareti sono di un colore neutro, e il pavimento \u00e8 rivestito da un tappeto beige\">\n\t\t\t\t\t\t\t\t\t\t\t\t\t\t\t\t\t\t\t\t\t<img decoding=\"async\" width=\"720\" height=\"1080\" src=\"https:\/\/palacehotelmoderno.it\/wp-content\/uploads\/2024\/05\/Salotto-con-poltrona-e-finestra.webp\" class=\"attachment-full size-full\" alt=\"Soggiorno accogliente con divano e finestra illuminata.\" srcset=\"https:\/\/palacehotelmoderno.it\/wp-content\/uploads\/2024\/05\/Salotto-con-poltrona-e-finestra.webp 720w, https:\/\/palacehotelmoderno.it\/wp-content\/uploads\/2024\/05\/Salotto-con-poltrona-e-finestra-200x300.webp 200w, https:\/\/palacehotelmoderno.it\/wp-content\/uploads\/2024\/05\/Salotto-con-poltrona-e-finestra-683x1024.webp 683w\" sizes=\"(max-width: 720px) 100vw, 720px\" \/>\t\t\t\t\t\t\t\t\t\t\t\t\t\t\t\t\t\t\t\t\t\t\t\t\t\t\t\t\t\t\t\t<div class=\"eae-grid-overlay fadeIn\">\n\t\t\t\t\t\t\t\t\t\t\t\t<div class=\"eae-grid-overlay-inner\">\n\t\t\t\t\t\t\t\t\t\t\t\t\t<div class=\"eae-icon-wrapper\">\n\t\t\t\t\t\t\t\t\t\t\t\t\t\t\t\t\t\t\t\t\t\t\t\t\t\t\t\t\t<div class=\"eae-overlay-icon\">\n\t\t\t\t\t\t\t\t\t\t\t\t\t\t\t\t<i aria-hidden=\"true\" class=\"far fa-expand-arrows\"><\/i>\t\t\t\t\t\t\t\t\t\t\t\t\t\t\t<\/div>\n\t\t\t\t\t\t\t\t\t\t\t\t\t\t\t\t\t\t\t\t\t\t\t\t\t\t\t<\/div>\n\t\t\t\t\t\t\t\t\t\t\t\t\t\t\t\t\t\t\t\t\t\t\t\t\t<\/div>\n\t\t\t\t\t\t\t\t\t\t<\/div>\n\t\t\t\t\t\t\t\t\t\t\t\t\t\t\t\t\t\t\t<\/a>\n\t\t\t\t\t\t\t\t<\/div>\n\t\t\t\t\t\t\t<\/div>\n\t\t\t\t\t\t\t\t\t\t\t\t\t\t<div class=\"eae-gallery-item hotel\">\n\t\t\t\t\t\t\t\t<div class=\"eae-gallery-item-inner\">\n\t\t\t\t\t\t\t\t\t<a href=\"https:\/\/palacehotelmoderno.it\/wp-content\/uploads\/2024\/05\/ALB08214.webp\" data-elementor-open-lightbox=\"yes\" data-elementor-lightbox-slideshow=\"eae-fg-gallery-18009\" data-elementor-lightbox-title=\"ALB08214\" data-e-action-hash=\"#elementor-action%3Aaction%3Dlightbox%26settings%3DeyJpZCI6MTM4NSwidXJsIjoiaHR0cHM6XC9cL3BhbGFjZWhvdGVsbW9kZXJuby5pdFwvd3AtY29udGVudFwvdXBsb2Fkc1wvMjAyNFwvMDVcL0FMQjA4MjE0LndlYnAifQ%3D%3D\" data-elementor-lightbox-description=\"Un&#039;accogliente salotto con una poltrona imbottita di fronte a una finestra coperta da tende pesanti color crema e arancione. La luce del giorno filtra attraverso la finestra, illuminando la stanza e creando un&#039;atmosfera calda e rilassante. Sul lato destro, si intravede una lampada da tavolo accesa su un mobile in legno scuro. Le pareti sono di un colore neutro, e il pavimento \u00e8 rivestito da un tappeto beige\">\n\t\t\t\t\t\t\t\t\t\t\t\t\t\t\t\t\t\t\t\t\t<img loading=\"lazy\" decoding=\"async\" width=\"1620\" height=\"1080\" src=\"https:\/\/palacehotelmoderno.it\/wp-content\/uploads\/2024\/05\/ALB08214.webp\" class=\"attachment-full size-full\" alt=\"Sala colazione elegante con buffet e quadro decorativo.\" srcset=\"https:\/\/palacehotelmoderno.it\/wp-content\/uploads\/2024\/05\/ALB08214.webp 1620w, https:\/\/palacehotelmoderno.it\/wp-content\/uploads\/2024\/05\/ALB08214-300x200.webp 300w, https:\/\/palacehotelmoderno.it\/wp-content\/uploads\/2024\/05\/ALB08214-1024x683.webp 1024w, https:\/\/palacehotelmoderno.it\/wp-content\/uploads\/2024\/05\/ALB08214-768x512.webp 768w, https:\/\/palacehotelmoderno.it\/wp-content\/uploads\/2024\/05\/ALB08214-1536x1024.webp 1536w\" sizes=\"(max-width: 1620px) 100vw, 1620px\" \/>\t\t\t\t\t\t\t\t\t\t\t\t\t\t\t\t\t\t\t\t\t\t\t\t\t\t\t\t\t\t\t\t<div class=\"eae-grid-overlay fadeIn\">\n\t\t\t\t\t\t\t\t\t\t\t\t<div class=\"eae-grid-overlay-inner\">\n\t\t\t\t\t\t\t\t\t\t\t\t\t<div class=\"eae-icon-wrapper\">\n\t\t\t\t\t\t\t\t\t\t\t\t\t\t\t\t\t\t\t\t\t\t\t\t\t\t\t\t\t<div class=\"eae-overlay-icon\">\n\t\t\t\t\t\t\t\t\t\t\t\t\t\t\t\t<i aria-hidden=\"true\" class=\"far fa-expand-arrows\"><\/i>\t\t\t\t\t\t\t\t\t\t\t\t\t\t\t<\/div>\n\t\t\t\t\t\t\t\t\t\t\t\t\t\t\t\t\t\t\t\t\t\t\t\t\t\t\t<\/div>\n\t\t\t\t\t\t\t\t\t\t\t\t\t\t\t\t\t\t\t\t\t\t\t\t\t<\/div>\n\t\t\t\t\t\t\t\t\t\t<\/div>\n\t\t\t\t\t\t\t\t\t\t\t\t\t\t\t\t\t\t\t<\/a>\n\t\t\t\t\t\t\t\t<\/div>\n\t\t\t\t\t\t\t<\/div>\n\t\t\t\t\t\t\t\t\t\t\t\t\t\t<div class=\"eae-gallery-item hotel\">\n\t\t\t\t\t\t\t\t<div class=\"eae-gallery-item-inner\">\n\t\t\t\t\t\t\t\t\t<a href=\"https:\/\/palacehotelmoderno.it\/wp-content\/uploads\/2024\/05\/Interno-sofisticato-con-divano.webp\" data-elementor-open-lightbox=\"yes\" data-elementor-lightbox-slideshow=\"eae-fg-gallery-18009\" data-elementor-lightbox-title=\"Interno-sofisticato-con-divano\" data-e-action-hash=\"#elementor-action%3Aaction%3Dlightbox%26settings%3DeyJpZCI6MjIwMCwidXJsIjoiaHR0cHM6XC9cL3BhbGFjZWhvdGVsbW9kZXJuby5pdFwvd3AtY29udGVudFwvdXBsb2Fkc1wvMjAyNFwvMDVcL0ludGVybm8tc29maXN0aWNhdG8tY29uLWRpdmFuby53ZWJwIn0%3D\" data-elementor-lightbox-description=\"Un elegante soggiorno con tende rosse, divano rosso, poltrona marrone e tappeto multicolore su pavimento lucido\">\n\t\t\t\t\t\t\t\t\t\t\t\t\t\t\t\t\t\t\t\t\t<img loading=\"lazy\" decoding=\"async\" width=\"720\" height=\"1080\" src=\"https:\/\/palacehotelmoderno.it\/wp-content\/uploads\/2024\/05\/Interno-sofisticato-con-divano.webp\" class=\"attachment-full size-full\" alt=\"Soggiorno elegante con divano rosso e tende abbinate.\" srcset=\"https:\/\/palacehotelmoderno.it\/wp-content\/uploads\/2024\/05\/Interno-sofisticato-con-divano.webp 720w, https:\/\/palacehotelmoderno.it\/wp-content\/uploads\/2024\/05\/Interno-sofisticato-con-divano-200x300.webp 200w, https:\/\/palacehotelmoderno.it\/wp-content\/uploads\/2024\/05\/Interno-sofisticato-con-divano-683x1024.webp 683w\" sizes=\"(max-width: 720px) 100vw, 720px\" \/>\t\t\t\t\t\t\t\t\t\t\t\t\t\t\t\t\t\t\t\t\t\t\t\t\t\t\t\t\t\t\t\t<div class=\"eae-grid-overlay fadeIn\">\n\t\t\t\t\t\t\t\t\t\t\t\t<div class=\"eae-grid-overlay-inner\">\n\t\t\t\t\t\t\t\t\t\t\t\t\t<div class=\"eae-icon-wrapper\">\n\t\t\t\t\t\t\t\t\t\t\t\t\t\t\t\t\t\t\t\t\t\t\t\t\t\t\t\t\t<div class=\"eae-overlay-icon\">\n\t\t\t\t\t\t\t\t\t\t\t\t\t\t\t\t<i aria-hidden=\"true\" class=\"far fa-expand-arrows\"><\/i>\t\t\t\t\t\t\t\t\t\t\t\t\t\t\t<\/div>\n\t\t\t\t\t\t\t\t\t\t\t\t\t\t\t\t\t\t\t\t\t\t\t\t\t\t\t<\/div>\n\t\t\t\t\t\t\t\t\t\t\t\t\t\t\t\t\t\t\t\t\t\t\t\t\t<\/div>\n\t\t\t\t\t\t\t\t\t\t<\/div>\n\t\t\t\t\t\t\t\t\t\t\t\t\t\t\t\t\t\t\t<\/a>\n\t\t\t\t\t\t\t\t<\/div>\n\t\t\t\t\t\t\t<\/div>\n\t\t\t\t\t\t\t\t\t\t\t\t\t\t<div class=\"eae-gallery-item hotel\">\n\t\t\t\t\t\t\t\t<div class=\"eae-gallery-item-inner\">\n\t\t\t\t\t\t\t\t\t<a href=\"https:\/\/palacehotelmoderno.it\/wp-content\/uploads\/2024\/05\/Corridoio-interno-con-moquette.webp\" data-elementor-open-lightbox=\"yes\" data-elementor-lightbox-slideshow=\"eae-fg-gallery-18009\" data-elementor-lightbox-title=\"Corridoio-interno-con-moquette\" data-e-action-hash=\"#elementor-action%3Aaction%3Dlightbox%26settings%3DeyJpZCI6MjMwNiwidXJsIjoiaHR0cHM6XC9cL3BhbGFjZWhvdGVsbW9kZXJuby5pdFwvd3AtY29udGVudFwvdXBsb2Fkc1wvMjAyNFwvMDVcL0NvcnJpZG9pby1pbnRlcm5vLWNvbi1tb3F1ZXR0ZS53ZWJwIn0%3D\" data-elementor-lightbox-description=\"Un corridoio d&#039;albergo con moquette rossa e pareti decorate con quadri\">\n\t\t\t\t\t\t\t\t\t\t\t\t\t\t\t\t\t\t\t\t\t<img loading=\"lazy\" decoding=\"async\" width=\"720\" height=\"1080\" src=\"https:\/\/palacehotelmoderno.it\/wp-content\/uploads\/2024\/05\/Corridoio-interno-con-moquette.webp\" class=\"attachment-full size-full\" alt=\"Corridoio d&#039;albergo con moquette e luci soffuse.\" srcset=\"https:\/\/palacehotelmoderno.it\/wp-content\/uploads\/2024\/05\/Corridoio-interno-con-moquette.webp 720w, https:\/\/palacehotelmoderno.it\/wp-content\/uploads\/2024\/05\/Corridoio-interno-con-moquette-200x300.webp 200w, https:\/\/palacehotelmoderno.it\/wp-content\/uploads\/2024\/05\/Corridoio-interno-con-moquette-683x1024.webp 683w\" sizes=\"(max-width: 720px) 100vw, 720px\" \/>\t\t\t\t\t\t\t\t\t\t\t\t\t\t\t\t\t\t\t\t\t\t\t\t\t\t\t\t\t\t\t\t<div class=\"eae-grid-overlay fadeIn\">\n\t\t\t\t\t\t\t\t\t\t\t\t<div class=\"eae-grid-overlay-inner\">\n\t\t\t\t\t\t\t\t\t\t\t\t\t<div class=\"eae-icon-wrapper\">\n\t\t\t\t\t\t\t\t\t\t\t\t\t\t\t\t\t\t\t\t\t\t\t\t\t\t\t\t\t<div class=\"eae-overlay-icon\">\n\t\t\t\t\t\t\t\t\t\t\t\t\t\t\t\t<i aria-hidden=\"true\" class=\"far fa-expand-arrows\"><\/i>\t\t\t\t\t\t\t\t\t\t\t\t\t\t\t<\/div>\n\t\t\t\t\t\t\t\t\t\t\t\t\t\t\t\t\t\t\t\t\t\t\t\t\t\t\t<\/div>\n\t\t\t\t\t\t\t\t\t\t\t\t\t\t\t\t\t\t\t\t\t\t\t\t\t<\/div>\n\t\t\t\t\t\t\t\t\t\t<\/div>\n\t\t\t\t\t\t\t\t\t\t\t\t\t\t\t\t\t\t\t<\/a>\n\t\t\t\t\t\t\t\t<\/div>\n\t\t\t\t\t\t\t<\/div>\n\t\t\t\t\t\t\t\t\t\t\t\t\t\t<div class=\"eae-gallery-item hotel\">\n\t\t\t\t\t\t\t\t<div class=\"eae-gallery-item-inner\">\n\t\t\t\t\t\t\t\t\t<a href=\"https:\/\/palacehotelmoderno.it\/wp-content\/uploads\/2024\/05\/Targa-di-locale-storico.webp\" data-elementor-open-lightbox=\"yes\" data-elementor-lightbox-slideshow=\"eae-fg-gallery-18009\" data-elementor-lightbox-title=\"Targa-di-locale-storico\" data-e-action-hash=\"#elementor-action%3Aaction%3Dlightbox%26settings%3DeyJpZCI6MjMwOSwidXJsIjoiaHR0cHM6XC9cL3BhbGFjZWhvdGVsbW9kZXJuby5pdFwvd3AtY29udGVudFwvdXBsb2Fkc1wvMjAyNFwvMDVcL1RhcmdhLWRpLWxvY2FsZS1zdG9yaWNvLndlYnAifQ%3D%3D\" data-elementor-lightbox-description=\"Targa trasparente con incisioni in bianco e nero montata su una parete di pietra, con la scritta  LOCALE STORICO  e decorazioni floreali\">\n\t\t\t\t\t\t\t\t\t\t\t\t\t\t\t\t\t\t\t\t\t<img loading=\"lazy\" decoding=\"async\" width=\"720\" height=\"1080\" src=\"https:\/\/palacehotelmoderno.it\/wp-content\/uploads\/2024\/05\/Targa-di-locale-storico.webp\" class=\"attachment-full size-full\" alt=\"Targa in vetro &quot;Locale Storico&quot; su muro sfocato.\" srcset=\"https:\/\/palacehotelmoderno.it\/wp-content\/uploads\/2024\/05\/Targa-di-locale-storico.webp 720w, https:\/\/palacehotelmoderno.it\/wp-content\/uploads\/2024\/05\/Targa-di-locale-storico-200x300.webp 200w, https:\/\/palacehotelmoderno.it\/wp-content\/uploads\/2024\/05\/Targa-di-locale-storico-683x1024.webp 683w\" sizes=\"(max-width: 720px) 100vw, 720px\" \/>\t\t\t\t\t\t\t\t\t\t\t\t\t\t\t\t\t\t\t\t\t\t\t\t\t\t\t\t\t\t\t\t<div class=\"eae-grid-overlay fadeIn\">\n\t\t\t\t\t\t\t\t\t\t\t\t<div class=\"eae-grid-overlay-inner\">\n\t\t\t\t\t\t\t\t\t\t\t\t\t<div class=\"eae-icon-wrapper\">\n\t\t\t\t\t\t\t\t\t\t\t\t\t\t\t\t\t\t\t\t\t\t\t\t\t\t\t\t\t<div class=\"eae-overlay-icon\">\n\t\t\t\t\t\t\t\t\t\t\t\t\t\t\t\t<i aria-hidden=\"true\" class=\"far fa-expand-arrows\"><\/i>\t\t\t\t\t\t\t\t\t\t\t\t\t\t\t<\/div>\n\t\t\t\t\t\t\t\t\t\t\t\t\t\t\t\t\t\t\t\t\t\t\t\t\t\t\t<\/div>\n\t\t\t\t\t\t\t\t\t\t\t\t\t\t\t\t\t\t\t\t\t\t\t\t\t<\/div>\n\t\t\t\t\t\t\t\t\t\t<\/div>\n\t\t\t\t\t\t\t\t\t\t\t\t\t\t\t\t\t\t\t<\/a>\n\t\t\t\t\t\t\t\t<\/div>\n\t\t\t\t\t\t\t<\/div>\n\t\t\t\t\t\t\t\t\t\t\t\t\t\t<div class=\"eae-gallery-item camere\">\n\t\t\t\t\t\t\t\t<div class=\"eae-gallery-item-inner\">\n\t\t\t\t\t\t\t\t\t<a href=\"https:\/\/palacehotelmoderno.it\/wp-content\/uploads\/2024\/05\/Camera-da-letto-elegante-con-dettagli-gialli.webp\" data-elementor-open-lightbox=\"yes\" data-elementor-lightbox-slideshow=\"eae-fg-gallery-18009\" data-elementor-lightbox-title=\"Camera-da-letto-elegante-con-dettagli-gialli\" data-e-action-hash=\"#elementor-action%3Aaction%3Dlightbox%26settings%3DeyJpZCI6MjIwNywidXJsIjoiaHR0cHM6XC9cL3BhbGFjZWhvdGVsbW9kZXJuby5pdFwvd3AtY29udGVudFwvdXBsb2Fkc1wvMjAyNFwvMDVcL0NhbWVyYS1kYS1sZXR0by1lbGVnYW50ZS1jb24tZGV0dGFnbGktZ2lhbGxpLndlYnAifQ%3D%3D\" data-elementor-lightbox-description=\"Una camera da letto moderna e accogliente con pareti verticali a doghe chiare, tende pesanti grigie e un letto matrimoniale con copriletto grigio e cuscini gialli decorativi. Sul lato destro del letto, c&#039;\u00e8 un comodino in legno con sopra un vaso contenente fiori bianchi e un&#039;illuminazione a parete. La parete dietro il comodino \u00e8 decorata con un motivo floreale delicato.\">\n\t\t\t\t\t\t\t\t\t\t\t\t\t\t\t\t\t\t\t\t\t<img loading=\"lazy\" decoding=\"async\" width=\"720\" height=\"1080\" src=\"https:\/\/palacehotelmoderno.it\/wp-content\/uploads\/2024\/05\/Camera-da-letto-elegante-con-dettagli-gialli.webp\" class=\"attachment-full size-full\" alt=\"Camera da letto moderna con dettagli eleganti e colori caldi.\" srcset=\"https:\/\/palacehotelmoderno.it\/wp-content\/uploads\/2024\/05\/Camera-da-letto-elegante-con-dettagli-gialli.webp 720w, https:\/\/palacehotelmoderno.it\/wp-content\/uploads\/2024\/05\/Camera-da-letto-elegante-con-dettagli-gialli-200x300.webp 200w, https:\/\/palacehotelmoderno.it\/wp-content\/uploads\/2024\/05\/Camera-da-letto-elegante-con-dettagli-gialli-683x1024.webp 683w\" sizes=\"(max-width: 720px) 100vw, 720px\" \/>\t\t\t\t\t\t\t\t\t\t\t\t\t\t\t\t\t\t\t\t\t\t\t\t\t\t\t\t\t\t\t\t<div class=\"eae-grid-overlay fadeIn\">\n\t\t\t\t\t\t\t\t\t\t\t\t<div class=\"eae-grid-overlay-inner\">\n\t\t\t\t\t\t\t\t\t\t\t\t\t<div class=\"eae-icon-wrapper\">\n\t\t\t\t\t\t\t\t\t\t\t\t\t\t\t\t\t\t\t\t\t\t\t\t\t\t\t\t\t<div class=\"eae-overlay-icon\">\n\t\t\t\t\t\t\t\t\t\t\t\t\t\t\t\t<i aria-hidden=\"true\" class=\"far fa-expand-arrows\"><\/i>\t\t\t\t\t\t\t\t\t\t\t\t\t\t\t<\/div>\n\t\t\t\t\t\t\t\t\t\t\t\t\t\t\t\t\t\t\t\t\t\t\t\t\t\t\t<\/div>\n\t\t\t\t\t\t\t\t\t\t\t\t\t\t\t\t\t\t\t\t\t\t\t\t\t<\/div>\n\t\t\t\t\t\t\t\t\t\t<\/div>\n\t\t\t\t\t\t\t\t\t\t\t\t\t\t\t\t\t\t\t<\/a>\n\t\t\t\t\t\t\t\t<\/div>\n\t\t\t\t\t\t\t<\/div>\n\t\t\t\t\t\t\t\t\t\t\t\t\t\t<div class=\"eae-gallery-item camere\">\n\t\t\t\t\t\t\t\t<div class=\"eae-gallery-item-inner\">\n\t\t\t\t\t\t\t\t\t<a href=\"https:\/\/palacehotelmoderno.it\/wp-content\/uploads\/2024\/05\/camera-matrimoniale.jpg\" data-elementor-open-lightbox=\"yes\" data-elementor-lightbox-slideshow=\"eae-fg-gallery-18009\" data-elementor-lightbox-title=\"camera matrimoniale\" data-e-action-hash=\"#elementor-action%3Aaction%3Dlightbox%26settings%3DeyJpZCI6MTk0MSwidXJsIjoiaHR0cHM6XC9cL3BhbGFjZWhvdGVsbW9kZXJuby5pdFwvd3AtY29udGVudFwvdXBsb2Fkc1wvMjAyNFwvMDVcL2NhbWVyYS1tYXRyaW1vbmlhbGUuanBnIn0%3D\" data-elementor-lightbox-description=\"Camera matrimoniale con testiera in legno e motivo floreale sulla parete, moquette rossa, poltrona moderna grigia, tavolino con vaso di fiori e specchio a tutta altezza.\">\n\t\t\t\t\t\t\t\t\t\t\t\t\t\t\t\t\t\t\t\t\t<img loading=\"lazy\" decoding=\"async\" width=\"1920\" height=\"1280\" src=\"https:\/\/palacehotelmoderno.it\/wp-content\/uploads\/2024\/05\/camera-matrimoniale.jpg\" class=\"attachment-full size-full\" alt=\"\" srcset=\"https:\/\/palacehotelmoderno.it\/wp-content\/uploads\/2024\/05\/camera-matrimoniale.jpg 1920w, https:\/\/palacehotelmoderno.it\/wp-content\/uploads\/2024\/05\/camera-matrimoniale-300x200.jpg 300w, https:\/\/palacehotelmoderno.it\/wp-content\/uploads\/2024\/05\/camera-matrimoniale-1024x683.jpg 1024w, https:\/\/palacehotelmoderno.it\/wp-content\/uploads\/2024\/05\/camera-matrimoniale-768x512.jpg 768w, https:\/\/palacehotelmoderno.it\/wp-content\/uploads\/2024\/05\/camera-matrimoniale-1536x1024.jpg 1536w\" sizes=\"(max-width: 1920px) 100vw, 1920px\" \/>\t\t\t\t\t\t\t\t\t\t\t\t\t\t\t\t\t\t\t\t\t\t\t\t\t\t\t\t\t\t\t\t<div class=\"eae-grid-overlay fadeIn\">\n\t\t\t\t\t\t\t\t\t\t\t\t<div class=\"eae-grid-overlay-inner\">\n\t\t\t\t\t\t\t\t\t\t\t\t\t<div class=\"eae-icon-wrapper\">\n\t\t\t\t\t\t\t\t\t\t\t\t\t\t\t\t\t\t\t\t\t\t\t\t\t\t\t\t\t<div class=\"eae-overlay-icon\">\n\t\t\t\t\t\t\t\t\t\t\t\t\t\t\t\t<i aria-hidden=\"true\" class=\"far fa-expand-arrows\"><\/i>\t\t\t\t\t\t\t\t\t\t\t\t\t\t\t<\/div>\n\t\t\t\t\t\t\t\t\t\t\t\t\t\t\t\t\t\t\t\t\t\t\t\t\t\t\t<\/div>\n\t\t\t\t\t\t\t\t\t\t\t\t\t\t\t\t\t\t\t\t\t\t\t\t\t<\/div>\n\t\t\t\t\t\t\t\t\t\t<\/div>\n\t\t\t\t\t\t\t\t\t\t\t\t\t\t\t\t\t\t\t<\/a>\n\t\t\t\t\t\t\t\t<\/div>\n\t\t\t\t\t\t\t<\/div>\n\t\t\t\t\t\t\t\t\t\t\t\t\t\t<div class=\"eae-gallery-item camere\">\n\t\t\t\t\t\t\t\t<div class=\"eae-gallery-item-inner\">\n\t\t\t\t\t\t\t\t\t<a href=\"https:\/\/palacehotelmoderno.it\/wp-content\/uploads\/2024\/05\/Bagno-elegante-con-marmo-grigio.webp\" data-elementor-open-lightbox=\"yes\" data-elementor-lightbox-slideshow=\"eae-fg-gallery-18009\" data-elementor-lightbox-title=\"Bagno-elegante-con-marmo-grigio\" data-e-action-hash=\"#elementor-action%3Aaction%3Dlightbox%26settings%3DeyJpZCI6MjIxMywidXJsIjoiaHR0cHM6XC9cL3BhbGFjZWhvdGVsbW9kZXJuby5pdFwvd3AtY29udGVudFwvdXBsb2Fkc1wvMjAyNFwvMDVcL0JhZ25vLWVsZWdhbnRlLWNvbi1tYXJtby1ncmlnaW8ud2VicCJ9\" data-elementor-lightbox-description=\"Un bagno moderno e minimalista con un lavabo rettangolare incassato in un piano di lavoro in marmo grigio. Sopra il lavabo c&#039;\u00e8 uno specchio rotondo senza cornice. Sulla sinistra, appeso a un portasciugamani, c&#039;\u00e8 un asciugamano bianco. Sul piano di lavoro si intravedono alcuni flaconi, forse prodotti di bellezza o saponi. Lo sfondo mostra una parete dello stesso marmo grigio e una parte di una doccia con una porta di vetro, attraverso la quale si vede un altro asciugamano appeso. L&#039;illuminazione \u00e8 naturale e morbida, probabilmente proveniente da una finestra non visibile nell&#039;immagine.\">\n\t\t\t\t\t\t\t\t\t\t\t\t\t\t\t\t\t\t\t\t\t<img loading=\"lazy\" decoding=\"async\" width=\"720\" height=\"1080\" src=\"https:\/\/palacehotelmoderno.it\/wp-content\/uploads\/2024\/05\/Bagno-elegante-con-marmo-grigio.webp\" class=\"attachment-full size-full\" alt=\"Bagno moderno con specchio e lavandino in marmo.\" srcset=\"https:\/\/palacehotelmoderno.it\/wp-content\/uploads\/2024\/05\/Bagno-elegante-con-marmo-grigio.webp 720w, https:\/\/palacehotelmoderno.it\/wp-content\/uploads\/2024\/05\/Bagno-elegante-con-marmo-grigio-200x300.webp 200w, https:\/\/palacehotelmoderno.it\/wp-content\/uploads\/2024\/05\/Bagno-elegante-con-marmo-grigio-683x1024.webp 683w\" sizes=\"(max-width: 720px) 100vw, 720px\" \/>\t\t\t\t\t\t\t\t\t\t\t\t\t\t\t\t\t\t\t\t\t\t\t\t\t\t\t\t\t\t\t\t<div class=\"eae-grid-overlay fadeIn\">\n\t\t\t\t\t\t\t\t\t\t\t\t<div class=\"eae-grid-overlay-inner\">\n\t\t\t\t\t\t\t\t\t\t\t\t\t<div class=\"eae-icon-wrapper\">\n\t\t\t\t\t\t\t\t\t\t\t\t\t\t\t\t\t\t\t\t\t\t\t\t\t\t\t\t\t<div class=\"eae-overlay-icon\">\n\t\t\t\t\t\t\t\t\t\t\t\t\t\t\t\t<i aria-hidden=\"true\" class=\"far fa-expand-arrows\"><\/i>\t\t\t\t\t\t\t\t\t\t\t\t\t\t\t<\/div>\n\t\t\t\t\t\t\t\t\t\t\t\t\t\t\t\t\t\t\t\t\t\t\t\t\t\t\t<\/div>\n\t\t\t\t\t\t\t\t\t\t\t\t\t\t\t\t\t\t\t\t\t\t\t\t\t<\/div>\n\t\t\t\t\t\t\t\t\t\t<\/div>\n\t\t\t\t\t\t\t\t\t\t\t\t\t\t\t\t\t\t\t<\/a>\n\t\t\t\t\t\t\t\t<\/div>\n\t\t\t\t\t\t\t<\/div>\n\t\t\t\t\t\t\t\t\t\t\t\t\t\t<div class=\"eae-gallery-item camere\">\n\t\t\t\t\t\t\t\t<div class=\"eae-gallery-item-inner\">\n\t\t\t\t\t\t\t\t\t<a href=\"https:\/\/palacehotelmoderno.it\/wp-content\/uploads\/2024\/05\/colazione-homepage.jpg\" data-elementor-open-lightbox=\"yes\" data-elementor-lightbox-slideshow=\"eae-fg-gallery-18009\" data-elementor-lightbox-title=\"colazione-homepage\" data-e-action-hash=\"#elementor-action%3Aaction%3Dlightbox%26settings%3DeyJpZCI6MTk0NywidXJsIjoiaHR0cHM6XC9cL3BhbGFjZWhvdGVsbW9kZXJuby5pdFwvd3AtY29udGVudFwvdXBsb2Fkc1wvMjAyNFwvMDVcL2NvbGF6aW9uZS1ob21lcGFnZS5qcGcifQ%3D%3D\" data-elementor-lightbox-description=\"Vassoio per la colazione a letto con caff\u00e8, succhi di frutta, croissant, cereali e frutta fresca su copriletto marrone decorato.\">\n\t\t\t\t\t\t\t\t\t\t\t\t\t\t\t\t\t\t\t\t\t<img loading=\"lazy\" decoding=\"async\" width=\"1920\" height=\"1280\" src=\"https:\/\/palacehotelmoderno.it\/wp-content\/uploads\/2024\/05\/colazione-homepage.jpg\" class=\"attachment-full size-full\" alt=\"\" srcset=\"https:\/\/palacehotelmoderno.it\/wp-content\/uploads\/2024\/05\/colazione-homepage.jpg 1920w, https:\/\/palacehotelmoderno.it\/wp-content\/uploads\/2024\/05\/colazione-homepage-300x200.jpg 300w, https:\/\/palacehotelmoderno.it\/wp-content\/uploads\/2024\/05\/colazione-homepage-1024x683.jpg 1024w, https:\/\/palacehotelmoderno.it\/wp-content\/uploads\/2024\/05\/colazione-homepage-768x512.jpg 768w, https:\/\/palacehotelmoderno.it\/wp-content\/uploads\/2024\/05\/colazione-homepage-1536x1024.jpg 1536w\" sizes=\"(max-width: 1920px) 100vw, 1920px\" \/>\t\t\t\t\t\t\t\t\t\t\t\t\t\t\t\t\t\t\t\t\t\t\t\t\t\t\t\t\t\t\t\t<div class=\"eae-grid-overlay fadeIn\">\n\t\t\t\t\t\t\t\t\t\t\t\t<div class=\"eae-grid-overlay-inner\">\n\t\t\t\t\t\t\t\t\t\t\t\t\t<div class=\"eae-icon-wrapper\">\n\t\t\t\t\t\t\t\t\t\t\t\t\t\t\t\t\t\t\t\t\t\t\t\t\t\t\t\t\t<div class=\"eae-overlay-icon\">\n\t\t\t\t\t\t\t\t\t\t\t\t\t\t\t\t<i aria-hidden=\"true\" class=\"far fa-expand-arrows\"><\/i>\t\t\t\t\t\t\t\t\t\t\t\t\t\t\t<\/div>\n\t\t\t\t\t\t\t\t\t\t\t\t\t\t\t\t\t\t\t\t\t\t\t\t\t\t\t<\/div>\n\t\t\t\t\t\t\t\t\t\t\t\t\t\t\t\t\t\t\t\t\t\t\t\t\t<\/div>\n\t\t\t\t\t\t\t\t\t\t<\/div>\n\t\t\t\t\t\t\t\t\t\t\t\t\t\t\t\t\t\t\t<\/a>\n\t\t\t\t\t\t\t\t<\/div>\n\t\t\t\t\t\t\t<\/div>\n\t\t\t\t\t\t\t\t\t\t\t\t\t\t<div class=\"eae-gallery-item camere\">\n\t\t\t\t\t\t\t\t<div class=\"eae-gallery-item-inner\">\n\t\t\t\t\t\t\t\t\t<a href=\"https:\/\/palacehotelmoderno.it\/wp-content\/uploads\/2024\/05\/camera-matrimoniale-deluxe.jpg\" data-elementor-open-lightbox=\"yes\" data-elementor-lightbox-slideshow=\"eae-fg-gallery-18009\" data-elementor-lightbox-title=\"camera matrimoniale deluxe\" data-e-action-hash=\"#elementor-action%3Aaction%3Dlightbox%26settings%3DeyJpZCI6MTkzNywidXJsIjoiaHR0cHM6XC9cL3BhbGFjZWhvdGVsbW9kZXJuby5pdFwvd3AtY29udGVudFwvdXBsb2Fkc1wvMjAyNFwvMDVcL2NhbWVyYS1tYXRyaW1vbmlhbGUtZGVsdXhlLmpwZyJ9\" data-elementor-lightbox-description=\"Camera matrimoniale moderna con testiera a pannelli verticali grigi, pareti decorate con motivi floreali tenui, cuscini gialli sul letto, scrivania con specchio rotondo e illuminazione d&#039;accento.\">\n\t\t\t\t\t\t\t\t\t\t\t\t\t\t\t\t\t\t\t\t\t<img loading=\"lazy\" decoding=\"async\" width=\"1920\" height=\"1280\" src=\"https:\/\/palacehotelmoderno.it\/wp-content\/uploads\/2024\/05\/camera-matrimoniale-deluxe.jpg\" class=\"attachment-full size-full\" alt=\"\" srcset=\"https:\/\/palacehotelmoderno.it\/wp-content\/uploads\/2024\/05\/camera-matrimoniale-deluxe.jpg 1920w, https:\/\/palacehotelmoderno.it\/wp-content\/uploads\/2024\/05\/camera-matrimoniale-deluxe-300x200.jpg 300w, https:\/\/palacehotelmoderno.it\/wp-content\/uploads\/2024\/05\/camera-matrimoniale-deluxe-1024x683.jpg 1024w, https:\/\/palacehotelmoderno.it\/wp-content\/uploads\/2024\/05\/camera-matrimoniale-deluxe-768x512.jpg 768w, https:\/\/palacehotelmoderno.it\/wp-content\/uploads\/2024\/05\/camera-matrimoniale-deluxe-1536x1024.jpg 1536w\" sizes=\"(max-width: 1920px) 100vw, 1920px\" \/>\t\t\t\t\t\t\t\t\t\t\t\t\t\t\t\t\t\t\t\t\t\t\t\t\t\t\t\t\t\t\t\t<div class=\"eae-grid-overlay fadeIn\">\n\t\t\t\t\t\t\t\t\t\t\t\t<div class=\"eae-grid-overlay-inner\">\n\t\t\t\t\t\t\t\t\t\t\t\t\t<div class=\"eae-icon-wrapper\">\n\t\t\t\t\t\t\t\t\t\t\t\t\t\t\t\t\t\t\t\t\t\t\t\t\t\t\t\t\t<div class=\"eae-overlay-icon\">\n\t\t\t\t\t\t\t\t\t\t\t\t\t\t\t\t<i aria-hidden=\"true\" class=\"far fa-expand-arrows\"><\/i>\t\t\t\t\t\t\t\t\t\t\t\t\t\t\t<\/div>\n\t\t\t\t\t\t\t\t\t\t\t\t\t\t\t\t\t\t\t\t\t\t\t\t\t\t\t<\/div>\n\t\t\t\t\t\t\t\t\t\t\t\t\t\t\t\t\t\t\t\t\t\t\t\t\t<\/div>\n\t\t\t\t\t\t\t\t\t\t<\/div>\n\t\t\t\t\t\t\t\t\t\t\t\t\t\t\t\t\t\t\t<\/a>\n\t\t\t\t\t\t\t\t<\/div>\n\t\t\t\t\t\t\t<\/div>\n\t\t\t\t\t\t\t\t\t\t\t\t\t\t<div class=\"eae-gallery-item camere\">\n\t\t\t\t\t\t\t\t<div class=\"eae-gallery-item-inner\">\n\t\t\t\t\t\t\t\t\t<a href=\"https:\/\/palacehotelmoderno.it\/wp-content\/uploads\/2024\/05\/Interno-elegante-con-tavolo-e-specchio.webp\" data-elementor-open-lightbox=\"yes\" data-elementor-lightbox-slideshow=\"eae-fg-gallery-18009\" data-elementor-lightbox-title=\"Interno-elegante-con-tavolo-e-specchio\" data-e-action-hash=\"#elementor-action%3Aaction%3Dlightbox%26settings%3DeyJpZCI6MjIxMCwidXJsIjoiaHR0cHM6XC9cL3BhbGFjZWhvdGVsbW9kZXJuby5pdFwvd3AtY29udGVudFwvdXBsb2Fkc1wvMjAyNFwvMDVcL0ludGVybm8tZWxlZ2FudGUtY29uLXRhdm9sby1lLXNwZWNjaGlvLndlYnAifQ%3D%3D\" data-elementor-lightbox-description=\"L&#039;immagine mostra un interno moderno ed elegante, probabilmente di un caff\u00e8 o di un ristorante. Al centro c&#039;\u00e8 un tavolo rotondo con il piano in legno chiaro e gambe sottili di colore grigio. Intorno al tavolo ci sono sedie con seduta e schienale in tessuto di colore azzurro chiaro e bordi grigi. Sullo sfondo, una parete liscia con una finitura in stucco veneziano di colore beige. Appeso alla parete c&#039;\u00e8 uno specchio circolare con una cornice sottile e nera, che riflette parzialmente l&#039;interno della stanza. L&#039;illuminazione \u00e8 morbida e calda, contribuendo a creare un&#039;atmosfera accogliente e rilassata.\">\n\t\t\t\t\t\t\t\t\t\t\t\t\t\t\t\t\t\t\t\t\t<img loading=\"lazy\" decoding=\"async\" width=\"720\" height=\"1080\" src=\"https:\/\/palacehotelmoderno.it\/wp-content\/uploads\/2024\/05\/Interno-elegante-con-tavolo-e-specchio.webp\" class=\"attachment-full size-full\" alt=\"Interni moderni con specchio e sedie eleganti.\" srcset=\"https:\/\/palacehotelmoderno.it\/wp-content\/uploads\/2024\/05\/Interno-elegante-con-tavolo-e-specchio.webp 720w, https:\/\/palacehotelmoderno.it\/wp-content\/uploads\/2024\/05\/Interno-elegante-con-tavolo-e-specchio-200x300.webp 200w, https:\/\/palacehotelmoderno.it\/wp-content\/uploads\/2024\/05\/Interno-elegante-con-tavolo-e-specchio-683x1024.webp 683w\" sizes=\"(max-width: 720px) 100vw, 720px\" \/>\t\t\t\t\t\t\t\t\t\t\t\t\t\t\t\t\t\t\t\t\t\t\t\t\t\t\t\t\t\t\t\t<div class=\"eae-grid-overlay fadeIn\">\n\t\t\t\t\t\t\t\t\t\t\t\t<div class=\"eae-grid-overlay-inner\">\n\t\t\t\t\t\t\t\t\t\t\t\t\t<div class=\"eae-icon-wrapper\">\n\t\t\t\t\t\t\t\t\t\t\t\t\t\t\t\t\t\t\t\t\t\t\t\t\t\t\t\t\t<div class=\"eae-overlay-icon\">\n\t\t\t\t\t\t\t\t\t\t\t\t\t\t\t\t<i aria-hidden=\"true\" class=\"far fa-expand-arrows\"><\/i>\t\t\t\t\t\t\t\t\t\t\t\t\t\t\t<\/div>\n\t\t\t\t\t\t\t\t\t\t\t\t\t\t\t\t\t\t\t\t\t\t\t\t\t\t\t<\/div>\n\t\t\t\t\t\t\t\t\t\t\t\t\t\t\t\t\t\t\t\t\t\t\t\t\t<\/div>\n\t\t\t\t\t\t\t\t\t\t<\/div>\n\t\t\t\t\t\t\t\t\t\t\t\t\t\t\t\t\t\t\t<\/a>\n\t\t\t\t\t\t\t\t<\/div>\n\t\t\t\t\t\t\t<\/div>\n\t\t\t\t\t\t\t\t\t\t\t\t\t\t<div class=\"eae-gallery-item camere\">\n\t\t\t\t\t\t\t\t<div class=\"eae-gallery-item-inner\">\n\t\t\t\t\t\t\t\t\t<a href=\"https:\/\/palacehotelmoderno.it\/wp-content\/uploads\/2024\/05\/sfondo-copertina.jpg\" data-elementor-open-lightbox=\"yes\" data-elementor-lightbox-slideshow=\"eae-fg-gallery-18009\" data-elementor-lightbox-title=\"sfondo copertina\" data-e-action-hash=\"#elementor-action%3Aaction%3Dlightbox%26settings%3DeyJpZCI6MTkyNSwidXJsIjoiaHR0cHM6XC9cL3BhbGFjZWhvdGVsbW9kZXJuby5pdFwvd3AtY29udGVudFwvdXBsb2Fkc1wvMjAyNFwvMDVcL3Nmb25kby1jb3BlcnRpbmEuanBnIn0%3D\" data-elementor-lightbox-description=\"Camera matrimoniale deluxe con testiera imbottita e illuminazione soffusa, tende marrone scuro, area soggiorno con poltrona viola e tavolino con bottiglia di vino e bicchieri.\">\n\t\t\t\t\t\t\t\t\t\t\t\t\t\t\t\t\t\t\t\t\t<img loading=\"lazy\" decoding=\"async\" width=\"1920\" height=\"1280\" src=\"https:\/\/palacehotelmoderno.it\/wp-content\/uploads\/2024\/05\/sfondo-copertina.jpg\" class=\"attachment-full size-full\" alt=\"\" srcset=\"https:\/\/palacehotelmoderno.it\/wp-content\/uploads\/2024\/05\/sfondo-copertina.jpg 1920w, https:\/\/palacehotelmoderno.it\/wp-content\/uploads\/2024\/05\/sfondo-copertina-300x200.jpg 300w, https:\/\/palacehotelmoderno.it\/wp-content\/uploads\/2024\/05\/sfondo-copertina-1024x683.jpg 1024w, https:\/\/palacehotelmoderno.it\/wp-content\/uploads\/2024\/05\/sfondo-copertina-768x512.jpg 768w, https:\/\/palacehotelmoderno.it\/wp-content\/uploads\/2024\/05\/sfondo-copertina-1536x1024.jpg 1536w\" sizes=\"(max-width: 1920px) 100vw, 1920px\" \/>\t\t\t\t\t\t\t\t\t\t\t\t\t\t\t\t\t\t\t\t\t\t\t\t\t\t\t\t\t\t\t\t<div class=\"eae-grid-overlay fadeIn\">\n\t\t\t\t\t\t\t\t\t\t\t\t<div class=\"eae-grid-overlay-inner\">\n\t\t\t\t\t\t\t\t\t\t\t\t\t<div class=\"eae-icon-wrapper\">\n\t\t\t\t\t\t\t\t\t\t\t\t\t\t\t\t\t\t\t\t\t\t\t\t\t\t\t\t\t<div class=\"eae-overlay-icon\">\n\t\t\t\t\t\t\t\t\t\t\t\t\t\t\t\t<i aria-hidden=\"true\" class=\"far fa-expand-arrows\"><\/i>\t\t\t\t\t\t\t\t\t\t\t\t\t\t\t<\/div>\n\t\t\t\t\t\t\t\t\t\t\t\t\t\t\t\t\t\t\t\t\t\t\t\t\t\t\t<\/div>\n\t\t\t\t\t\t\t\t\t\t\t\t\t\t\t\t\t\t\t\t\t\t\t\t\t<\/div>\n\t\t\t\t\t\t\t\t\t\t<\/div>\n\t\t\t\t\t\t\t\t\t\t\t\t\t\t\t\t\t\t\t<\/a>\n\t\t\t\t\t\t\t\t<\/div>\n\t\t\t\t\t\t\t<\/div>\n\t\t\t\t\t\t\t\t\t\t\t\t\t\t<div class=\"eae-gallery-item camere\">\n\t\t\t\t\t\t\t\t<div class=\"eae-gallery-item-inner\">\n\t\t\t\t\t\t\t\t\t<a href=\"https:\/\/palacehotelmoderno.it\/wp-content\/uploads\/2024\/05\/Camera-da-letto-moderna-e-accogliente.webp\" data-elementor-open-lightbox=\"yes\" data-elementor-lightbox-slideshow=\"eae-fg-gallery-18009\" data-elementor-lightbox-title=\"Camera-da-letto-moderna-e-accogliente\" data-e-action-hash=\"#elementor-action%3Aaction%3Dlightbox%26settings%3DeyJpZCI6MjIwNCwidXJsIjoiaHR0cHM6XC9cL3BhbGFjZWhvdGVsbW9kZXJuby5pdFwvd3AtY29udGVudFwvdXBsb2Fkc1wvMjAyNFwvMDVcL0NhbWVyYS1kYS1sZXR0by1tb2Rlcm5hLWUtYWNjb2dsaWVudGUud2VicCJ9\" data-elementor-lightbox-description=\"Una camera da letto moderna e minimalista con un grande letto matrimoniale dotato di lenzuola grigie e cuscini arancioni. La stanza presenta pareti in due tonalit\u00e0 di blu e marrone, un pavimento in legno, armadi incassati in legno, una lampada da terra, una sedia blu con un tavolino rotondo e ampie finestre coperte da tende grigie che lasciano filtrare la luce naturale.\">\n\t\t\t\t\t\t\t\t\t\t\t\t\t\t\t\t\t\t\t\t\t<img loading=\"lazy\" decoding=\"async\" width=\"1620\" height=\"1080\" src=\"https:\/\/palacehotelmoderno.it\/wp-content\/uploads\/2024\/05\/Camera-da-letto-moderna-e-accogliente.webp\" class=\"attachment-full size-full\" alt=\"Camera da letto moderna, accogliente e ben illuminata.\" srcset=\"https:\/\/palacehotelmoderno.it\/wp-content\/uploads\/2024\/05\/Camera-da-letto-moderna-e-accogliente.webp 1620w, https:\/\/palacehotelmoderno.it\/wp-content\/uploads\/2024\/05\/Camera-da-letto-moderna-e-accogliente-300x200.webp 300w, https:\/\/palacehotelmoderno.it\/wp-content\/uploads\/2024\/05\/Camera-da-letto-moderna-e-accogliente-1024x683.webp 1024w, https:\/\/palacehotelmoderno.it\/wp-content\/uploads\/2024\/05\/Camera-da-letto-moderna-e-accogliente-768x512.webp 768w, https:\/\/palacehotelmoderno.it\/wp-content\/uploads\/2024\/05\/Camera-da-letto-moderna-e-accogliente-1536x1024.webp 1536w\" sizes=\"(max-width: 1620px) 100vw, 1620px\" \/>\t\t\t\t\t\t\t\t\t\t\t\t\t\t\t\t\t\t\t\t\t\t\t\t\t\t\t\t\t\t\t\t<div class=\"eae-grid-overlay fadeIn\">\n\t\t\t\t\t\t\t\t\t\t\t\t<div class=\"eae-grid-overlay-inner\">\n\t\t\t\t\t\t\t\t\t\t\t\t\t<div class=\"eae-icon-wrapper\">\n\t\t\t\t\t\t\t\t\t\t\t\t\t\t\t\t\t\t\t\t\t\t\t\t\t\t\t\t\t<div class=\"eae-overlay-icon\">\n\t\t\t\t\t\t\t\t\t\t\t\t\t\t\t\t<i aria-hidden=\"true\" class=\"far fa-expand-arrows\"><\/i>\t\t\t\t\t\t\t\t\t\t\t\t\t\t\t<\/div>\n\t\t\t\t\t\t\t\t\t\t\t\t\t\t\t\t\t\t\t\t\t\t\t\t\t\t\t<\/div>\n\t\t\t\t\t\t\t\t\t\t\t\t\t\t\t\t\t\t\t\t\t\t\t\t\t<\/div>\n\t\t\t\t\t\t\t\t\t\t<\/div>\n\t\t\t\t\t\t\t\t\t\t\t\t\t\t\t\t\t\t\t<\/a>\n\t\t\t\t\t\t\t\t<\/div>\n\t\t\t\t\t\t\t<\/div>\n\t\t\t\t\t\t\t\t\t\t\t\t\t\t<div class=\"eae-gallery-item camere\">\n\t\t\t\t\t\t\t\t<div class=\"eae-gallery-item-inner\">\n\t\t\t\t\t\t\t\t\t<a href=\"https:\/\/palacehotelmoderno.it\/wp-content\/uploads\/2024\/05\/Bagno-elegante-in-marmo.webp\" data-elementor-open-lightbox=\"yes\" data-elementor-lightbox-slideshow=\"eae-fg-gallery-18009\" data-elementor-lightbox-title=\"Bagno-elegante-in-marmo\" data-e-action-hash=\"#elementor-action%3Aaction%3Dlightbox%26settings%3DeyJpZCI6MjIxNiwidXJsIjoiaHR0cHM6XC9cL3BhbGFjZWhvdGVsbW9kZXJuby5pdFwvd3AtY29udGVudFwvdXBsb2Fkc1wvMjAyNFwvMDVcL0JhZ25vLWVsZWdhbnRlLWluLW1hcm1vLndlYnAifQ%3D%3D\" data-elementor-lightbox-description=\"Un bagno moderno con piastrelle di marmo grigio\">\n\t\t\t\t\t\t\t\t\t\t\t\t\t\t\t\t\t\t\t\t\t<img loading=\"lazy\" decoding=\"async\" width=\"720\" height=\"1080\" src=\"https:\/\/palacehotelmoderno.it\/wp-content\/uploads\/2024\/05\/Bagno-elegante-in-marmo.webp\" class=\"attachment-full size-full\" alt=\"Bagno moderno con rivestimento in marmo grigio.\" srcset=\"https:\/\/palacehotelmoderno.it\/wp-content\/uploads\/2024\/05\/Bagno-elegante-in-marmo.webp 720w, https:\/\/palacehotelmoderno.it\/wp-content\/uploads\/2024\/05\/Bagno-elegante-in-marmo-200x300.webp 200w, https:\/\/palacehotelmoderno.it\/wp-content\/uploads\/2024\/05\/Bagno-elegante-in-marmo-683x1024.webp 683w\" sizes=\"(max-width: 720px) 100vw, 720px\" \/>\t\t\t\t\t\t\t\t\t\t\t\t\t\t\t\t\t\t\t\t\t\t\t\t\t\t\t\t\t\t\t\t<div class=\"eae-grid-overlay fadeIn\">\n\t\t\t\t\t\t\t\t\t\t\t\t<div class=\"eae-grid-overlay-inner\">\n\t\t\t\t\t\t\t\t\t\t\t\t\t<div class=\"eae-icon-wrapper\">\n\t\t\t\t\t\t\t\t\t\t\t\t\t\t\t\t\t\t\t\t\t\t\t\t\t\t\t\t\t<div class=\"eae-overlay-icon\">\n\t\t\t\t\t\t\t\t\t\t\t\t\t\t\t\t<i aria-hidden=\"true\" class=\"far fa-expand-arrows\"><\/i>\t\t\t\t\t\t\t\t\t\t\t\t\t\t\t<\/div>\n\t\t\t\t\t\t\t\t\t\t\t\t\t\t\t\t\t\t\t\t\t\t\t\t\t\t\t<\/div>\n\t\t\t\t\t\t\t\t\t\t\t\t\t\t\t\t\t\t\t\t\t\t\t\t\t<\/div>\n\t\t\t\t\t\t\t\t\t\t<\/div>\n\t\t\t\t\t\t\t\t\t\t\t\t\t\t\t\t\t\t\t<\/a>\n\t\t\t\t\t\t\t\t<\/div>\n\t\t\t\t\t\t\t<\/div>\n\t\t\t\t\t\t\t\t\t\t\t\t\t\t<div class=\"eae-gallery-item camere\">\n\t\t\t\t\t\t\t\t<div class=\"eae-gallery-item-inner\">\n\t\t\t\t\t\t\t\t\t<a href=\"https:\/\/palacehotelmoderno.it\/wp-content\/uploads\/2024\/05\/Camera-da-letto-con-tende-gialle.webp\" data-elementor-open-lightbox=\"yes\" data-elementor-lightbox-slideshow=\"eae-fg-gallery-18009\" data-elementor-lightbox-title=\"Camera-da-letto-con-tende-gialle\" data-e-action-hash=\"#elementor-action%3Aaction%3Dlightbox%26settings%3DeyJpZCI6MjIxOSwidXJsIjoiaHR0cHM6XC9cL3BhbGFjZWhvdGVsbW9kZXJuby5pdFwvd3AtY29udGVudFwvdXBsb2Fkc1wvMjAyNFwvMDVcL0NhbWVyYS1kYS1sZXR0by1jb24tdGVuZGUtZ2lhbGxlLndlYnAifQ%3D%3D\" data-elementor-lightbox-description=\"L&#039;immagine mostra un&#039;accogliente camera da letto d&#039;albergo con un grande letto matrimoniale dotato di una testiera rossa e cuscini coordinati. La biancheria da letto \u00e8 di un colore rosa tenue. Dietro il letto, la parete \u00e8 decorata con una carta da parati di colore crema con motivi discreti. Una finestra aperta lascia entrare la luce naturale, rivelando tende pesanti di colore giallo dorato e una tenda di fondo rossa che si abbinano alla testiera del letto. Una lampada da tavolo con paralume bianco \u00e8 posizionata su un comodino di legno scuro a sinistra del letto. Sopra il letto, c&#039;\u00e8 un quadro incorniciato che raffigura una scena urbana o un paesaggio. L&#039;atmosfera generale \u00e8 calda e invitante.\">\n\t\t\t\t\t\t\t\t\t\t\t\t\t\t\t\t\t\t\t\t\t<img loading=\"lazy\" decoding=\"async\" width=\"720\" height=\"1080\" src=\"https:\/\/palacehotelmoderno.it\/wp-content\/uploads\/2024\/05\/Camera-da-letto-con-tende-gialle.webp\" class=\"attachment-full size-full\" alt=\"Camera da letto accogliente con finestra e tende.\" srcset=\"https:\/\/palacehotelmoderno.it\/wp-content\/uploads\/2024\/05\/Camera-da-letto-con-tende-gialle.webp 720w, https:\/\/palacehotelmoderno.it\/wp-content\/uploads\/2024\/05\/Camera-da-letto-con-tende-gialle-200x300.webp 200w, https:\/\/palacehotelmoderno.it\/wp-content\/uploads\/2024\/05\/Camera-da-letto-con-tende-gialle-683x1024.webp 683w\" sizes=\"(max-width: 720px) 100vw, 720px\" \/>\t\t\t\t\t\t\t\t\t\t\t\t\t\t\t\t\t\t\t\t\t\t\t\t\t\t\t\t\t\t\t\t<div class=\"eae-grid-overlay fadeIn\">\n\t\t\t\t\t\t\t\t\t\t\t\t<div class=\"eae-grid-overlay-inner\">\n\t\t\t\t\t\t\t\t\t\t\t\t\t<div class=\"eae-icon-wrapper\">\n\t\t\t\t\t\t\t\t\t\t\t\t\t\t\t\t\t\t\t\t\t\t\t\t\t\t\t\t\t<div class=\"eae-overlay-icon\">\n\t\t\t\t\t\t\t\t\t\t\t\t\t\t\t\t<i aria-hidden=\"true\" class=\"far fa-expand-arrows\"><\/i>\t\t\t\t\t\t\t\t\t\t\t\t\t\t\t<\/div>\n\t\t\t\t\t\t\t\t\t\t\t\t\t\t\t\t\t\t\t\t\t\t\t\t\t\t\t<\/div>\n\t\t\t\t\t\t\t\t\t\t\t\t\t\t\t\t\t\t\t\t\t\t\t\t\t<\/div>\n\t\t\t\t\t\t\t\t\t\t<\/div>\n\t\t\t\t\t\t\t\t\t\t\t\t\t\t\t\t\t\t\t<\/a>\n\t\t\t\t\t\t\t\t<\/div>\n\t\t\t\t\t\t\t<\/div>\n\t\t\t\t\t\t\t\t\t\t\t\t\t\t<div class=\"eae-gallery-item sale-meeting\">\n\t\t\t\t\t\t\t\t<div class=\"eae-gallery-item-inner\">\n\t\t\t\t\t\t\t\t\t<a href=\"https:\/\/palacehotelmoderno.it\/wp-content\/uploads\/2024\/05\/sala-riunioni-3.jpg\" data-elementor-open-lightbox=\"yes\" data-elementor-lightbox-slideshow=\"eae-fg-gallery-18009\" data-elementor-lightbox-title=\"Sala-Conferenze-Spaziosa\" data-e-action-hash=\"#elementor-action%3Aaction%3Dlightbox%26settings%3DeyJpZCI6MjA0MywidXJsIjoiaHR0cHM6XC9cL3BhbGFjZWhvdGVsbW9kZXJuby5pdFwvd3AtY29udGVudFwvdXBsb2Fkc1wvMjAyNFwvMDVcL3NhbGEtcml1bmlvbmktMy5qcGcifQ%3D%3D\" data-elementor-lightbox-description=\"Sala conferenze elegante con sedie impilate e un grande tavolo centrale\">\n\t\t\t\t\t\t\t\t\t\t\t\t\t\t\t\t\t\t\t\t\t<img loading=\"lazy\" decoding=\"async\" width=\"1920\" height=\"1280\" src=\"https:\/\/palacehotelmoderno.it\/wp-content\/uploads\/2024\/05\/sala-riunioni-3.jpg\" class=\"attachment-full size-full\" alt=\"Sala conferenze spaziosa con soffitto artistico e sedie moderne.\" srcset=\"https:\/\/palacehotelmoderno.it\/wp-content\/uploads\/2024\/05\/sala-riunioni-3.jpg 1920w, https:\/\/palacehotelmoderno.it\/wp-content\/uploads\/2024\/05\/sala-riunioni-3-300x200.jpg 300w, https:\/\/palacehotelmoderno.it\/wp-content\/uploads\/2024\/05\/sala-riunioni-3-1024x683.jpg 1024w, https:\/\/palacehotelmoderno.it\/wp-content\/uploads\/2024\/05\/sala-riunioni-3-768x512.jpg 768w, https:\/\/palacehotelmoderno.it\/wp-content\/uploads\/2024\/05\/sala-riunioni-3-1536x1024.jpg 1536w\" sizes=\"(max-width: 1920px) 100vw, 1920px\" \/>\t\t\t\t\t\t\t\t\t\t\t\t\t\t\t\t\t\t\t\t\t\t\t\t\t\t\t\t\t\t\t\t<div class=\"eae-grid-overlay fadeIn\">\n\t\t\t\t\t\t\t\t\t\t\t\t<div class=\"eae-grid-overlay-inner\">\n\t\t\t\t\t\t\t\t\t\t\t\t\t<div class=\"eae-icon-wrapper\">\n\t\t\t\t\t\t\t\t\t\t\t\t\t\t\t\t\t\t\t\t\t\t\t\t\t\t\t\t\t<div class=\"eae-overlay-icon\">\n\t\t\t\t\t\t\t\t\t\t\t\t\t\t\t\t<i aria-hidden=\"true\" class=\"far fa-expand-arrows\"><\/i>\t\t\t\t\t\t\t\t\t\t\t\t\t\t\t<\/div>\n\t\t\t\t\t\t\t\t\t\t\t\t\t\t\t\t\t\t\t\t\t\t\t\t\t\t\t<\/div>\n\t\t\t\t\t\t\t\t\t\t\t\t\t\t\t\t\t\t\t\t\t\t\t\t\t<\/div>\n\t\t\t\t\t\t\t\t\t\t<\/div>\n\t\t\t\t\t\t\t\t\t\t\t\t\t\t\t\t\t\t\t<\/a>\n\t\t\t\t\t\t\t\t<\/div>\n\t\t\t\t\t\t\t<\/div>\n\t\t\t\t\t\t\t\t\t\t\t\t\t\t<div class=\"eae-gallery-item sale-meeting\">\n\t\t\t\t\t\t\t\t<div class=\"eae-gallery-item-inner\">\n\t\t\t\t\t\t\t\t\t<a href=\"https:\/\/palacehotelmoderno.it\/wp-content\/uploads\/2024\/05\/Sala-conferenze-vuota.webp\" data-elementor-open-lightbox=\"yes\" data-elementor-lightbox-slideshow=\"eae-fg-gallery-18009\" data-elementor-lightbox-title=\"Sala-conferenze-vuota\" data-e-action-hash=\"#elementor-action%3Aaction%3Dlightbox%26settings%3DeyJpZCI6MjIzNCwidXJsIjoiaHR0cHM6XC9cL3BhbGFjZWhvdGVsbW9kZXJuby5pdFwvd3AtY29udGVudFwvdXBsb2Fkc1wvMjAyNFwvMDVcL1NhbGEtY29uZmVyZW56ZS12dW90YS53ZWJwIn0%3D\" data-elementor-lightbox-description=\"Sala conferenze elegante con sedie allineate e soffitto dipinto\">\n\t\t\t\t\t\t\t\t\t\t\t\t\t\t\t\t\t\t\t\t\t<img loading=\"lazy\" decoding=\"async\" width=\"1620\" height=\"1080\" src=\"https:\/\/palacehotelmoderno.it\/wp-content\/uploads\/2024\/05\/Sala-conferenze-vuota.webp\" class=\"attachment-full size-full\" alt=\"Sala conferenze vuota con sedie e tavolo relatori.\" srcset=\"https:\/\/palacehotelmoderno.it\/wp-content\/uploads\/2024\/05\/Sala-conferenze-vuota.webp 1620w, https:\/\/palacehotelmoderno.it\/wp-content\/uploads\/2024\/05\/Sala-conferenze-vuota-300x200.webp 300w, https:\/\/palacehotelmoderno.it\/wp-content\/uploads\/2024\/05\/Sala-conferenze-vuota-1024x683.webp 1024w, https:\/\/palacehotelmoderno.it\/wp-content\/uploads\/2024\/05\/Sala-conferenze-vuota-768x512.webp 768w, https:\/\/palacehotelmoderno.it\/wp-content\/uploads\/2024\/05\/Sala-conferenze-vuota-1536x1024.webp 1536w\" sizes=\"(max-width: 1620px) 100vw, 1620px\" \/>\t\t\t\t\t\t\t\t\t\t\t\t\t\t\t\t\t\t\t\t\t\t\t\t\t\t\t\t\t\t\t\t<div class=\"eae-grid-overlay fadeIn\">\n\t\t\t\t\t\t\t\t\t\t\t\t<div class=\"eae-grid-overlay-inner\">\n\t\t\t\t\t\t\t\t\t\t\t\t\t<div class=\"eae-icon-wrapper\">\n\t\t\t\t\t\t\t\t\t\t\t\t\t\t\t\t\t\t\t\t\t\t\t\t\t\t\t\t\t<div class=\"eae-overlay-icon\">\n\t\t\t\t\t\t\t\t\t\t\t\t\t\t\t\t<i aria-hidden=\"true\" class=\"far fa-expand-arrows\"><\/i>\t\t\t\t\t\t\t\t\t\t\t\t\t\t\t<\/div>\n\t\t\t\t\t\t\t\t\t\t\t\t\t\t\t\t\t\t\t\t\t\t\t\t\t\t\t<\/div>\n\t\t\t\t\t\t\t\t\t\t\t\t\t\t\t\t\t\t\t\t\t\t\t\t\t<\/div>\n\t\t\t\t\t\t\t\t\t\t<\/div>\n\t\t\t\t\t\t\t\t\t\t\t\t\t\t\t\t\t\t\t<\/a>\n\t\t\t\t\t\t\t\t<\/div>\n\t\t\t\t\t\t\t<\/div>\n\t\t\t\t\t\t\t\t\t\t\t\t\t\t<div class=\"eae-gallery-item sale-meeting\">\n\t\t\t\t\t\t\t\t<div class=\"eae-gallery-item-inner\">\n\t\t\t\t\t\t\t\t\t<a href=\"https:\/\/palacehotelmoderno.it\/wp-content\/uploads\/2024\/05\/sala-riunioni-5.jpg\" data-elementor-open-lightbox=\"yes\" data-elementor-lightbox-slideshow=\"eae-fg-gallery-18009\" data-elementor-lightbox-title=\"Sala-Conferenze-Moderna\" data-e-action-hash=\"#elementor-action%3Aaction%3Dlightbox%26settings%3DeyJpZCI6MjA1MCwidXJsIjoiaHR0cHM6XC9cL3BhbGFjZWhvdGVsbW9kZXJuby5pdFwvd3AtY29udGVudFwvdXBsb2Fkc1wvMjAyNFwvMDVcL3NhbGEtcml1bmlvbmktNS5qcGcifQ%3D%3D\" data-elementor-lightbox-description=\"Sala conferenze vuota con sedie blu allineate e tavoli\">\n\t\t\t\t\t\t\t\t\t\t\t\t\t\t\t\t\t\t\t\t\t<img loading=\"lazy\" decoding=\"async\" width=\"1920\" height=\"1280\" src=\"https:\/\/palacehotelmoderno.it\/wp-content\/uploads\/2024\/05\/sala-riunioni-5.jpg\" class=\"attachment-full size-full\" alt=\"Sala conferenze moderna con sedie blu e quadri verdi.\" srcset=\"https:\/\/palacehotelmoderno.it\/wp-content\/uploads\/2024\/05\/sala-riunioni-5.jpg 1920w, https:\/\/palacehotelmoderno.it\/wp-content\/uploads\/2024\/05\/sala-riunioni-5-300x200.jpg 300w, https:\/\/palacehotelmoderno.it\/wp-content\/uploads\/2024\/05\/sala-riunioni-5-1024x683.jpg 1024w, https:\/\/palacehotelmoderno.it\/wp-content\/uploads\/2024\/05\/sala-riunioni-5-768x512.jpg 768w, https:\/\/palacehotelmoderno.it\/wp-content\/uploads\/2024\/05\/sala-riunioni-5-1536x1024.jpg 1536w\" sizes=\"(max-width: 1920px) 100vw, 1920px\" \/>\t\t\t\t\t\t\t\t\t\t\t\t\t\t\t\t\t\t\t\t\t\t\t\t\t\t\t\t\t\t\t\t<div class=\"eae-grid-overlay fadeIn\">\n\t\t\t\t\t\t\t\t\t\t\t\t<div class=\"eae-grid-overlay-inner\">\n\t\t\t\t\t\t\t\t\t\t\t\t\t<div class=\"eae-icon-wrapper\">\n\t\t\t\t\t\t\t\t\t\t\t\t\t\t\t\t\t\t\t\t\t\t\t\t\t\t\t\t\t<div class=\"eae-overlay-icon\">\n\t\t\t\t\t\t\t\t\t\t\t\t\t\t\t\t<i aria-hidden=\"true\" class=\"far fa-expand-arrows\"><\/i>\t\t\t\t\t\t\t\t\t\t\t\t\t\t\t<\/div>\n\t\t\t\t\t\t\t\t\t\t\t\t\t\t\t\t\t\t\t\t\t\t\t\t\t\t\t<\/div>\n\t\t\t\t\t\t\t\t\t\t\t\t\t\t\t\t\t\t\t\t\t\t\t\t\t<\/div>\n\t\t\t\t\t\t\t\t\t\t<\/div>\n\t\t\t\t\t\t\t\t\t\t\t\t\t\t\t\t\t\t\t<\/a>\n\t\t\t\t\t\t\t\t<\/div>\n\t\t\t\t\t\t\t<\/div>\n\t\t\t\t\t\t\t\t\t\t\t\t\t\t<div class=\"eae-gallery-item sale-meeting\">\n\t\t\t\t\t\t\t\t<div class=\"eae-gallery-item-inner\">\n\t\t\t\t\t\t\t\t\t<a href=\"https:\/\/palacehotelmoderno.it\/wp-content\/uploads\/2024\/05\/sala-riunioni-1.jpg\" data-elementor-open-lightbox=\"yes\" data-elementor-lightbox-slideshow=\"eae-fg-gallery-18009\" data-elementor-lightbox-title=\"Sedie-Sala-Conferenze\" data-e-action-hash=\"#elementor-action%3Aaction%3Dlightbox%26settings%3DeyJpZCI6MjAzNywidXJsIjoiaHR0cHM6XC9cL3BhbGFjZWhvdGVsbW9kZXJuby5pdFwvd3AtY29udGVudFwvdXBsb2Fkc1wvMjAyNFwvMDVcL3NhbGEtcml1bmlvbmktMS5qcGcifQ%3D%3D\" data-elementor-lightbox-description=\"Sala conferenze vuota con sedie allineate e tessuto grigio\">\n\t\t\t\t\t\t\t\t\t\t\t\t\t\t\t\t\t\t\t\t\t<img loading=\"lazy\" decoding=\"async\" width=\"1920\" height=\"1280\" src=\"https:\/\/palacehotelmoderno.it\/wp-content\/uploads\/2024\/05\/sala-riunioni-1.jpg\" class=\"attachment-full size-full\" alt=\"Dettaglio delle sedie in una sala conferenze ordinata.\" srcset=\"https:\/\/palacehotelmoderno.it\/wp-content\/uploads\/2024\/05\/sala-riunioni-1.jpg 1920w, https:\/\/palacehotelmoderno.it\/wp-content\/uploads\/2024\/05\/sala-riunioni-1-300x200.jpg 300w, https:\/\/palacehotelmoderno.it\/wp-content\/uploads\/2024\/05\/sala-riunioni-1-1024x683.jpg 1024w, https:\/\/palacehotelmoderno.it\/wp-content\/uploads\/2024\/05\/sala-riunioni-1-768x512.jpg 768w, https:\/\/palacehotelmoderno.it\/wp-content\/uploads\/2024\/05\/sala-riunioni-1-1536x1024.jpg 1536w\" sizes=\"(max-width: 1920px) 100vw, 1920px\" \/>\t\t\t\t\t\t\t\t\t\t\t\t\t\t\t\t\t\t\t\t\t\t\t\t\t\t\t\t\t\t\t\t<div class=\"eae-grid-overlay fadeIn\">\n\t\t\t\t\t\t\t\t\t\t\t\t<div class=\"eae-grid-overlay-inner\">\n\t\t\t\t\t\t\t\t\t\t\t\t\t<div class=\"eae-icon-wrapper\">\n\t\t\t\t\t\t\t\t\t\t\t\t\t\t\t\t\t\t\t\t\t\t\t\t\t\t\t\t\t<div class=\"eae-overlay-icon\">\n\t\t\t\t\t\t\t\t\t\t\t\t\t\t\t\t<i aria-hidden=\"true\" class=\"far fa-expand-arrows\"><\/i>\t\t\t\t\t\t\t\t\t\t\t\t\t\t\t<\/div>\n\t\t\t\t\t\t\t\t\t\t\t\t\t\t\t\t\t\t\t\t\t\t\t\t\t\t\t<\/div>\n\t\t\t\t\t\t\t\t\t\t\t\t\t\t\t\t\t\t\t\t\t\t\t\t\t<\/div>\n\t\t\t\t\t\t\t\t\t\t<\/div>\n\t\t\t\t\t\t\t\t\t\t\t\t\t\t\t\t\t\t\t<\/a>\n\t\t\t\t\t\t\t\t<\/div>\n\t\t\t\t\t\t\t<\/div>\n\t\t\t\t\t\t\t\t\t\t\t\t\t\t<div class=\"eae-gallery-item sale-meeting\">\n\t\t\t\t\t\t\t\t<div class=\"eae-gallery-item-inner\">\n\t\t\t\t\t\t\t\t\t<a href=\"https:\/\/palacehotelmoderno.it\/wp-content\/uploads\/2024\/05\/Sale-Meeting-Palace-Hotel-Pordenone.jpg\" data-elementor-open-lightbox=\"yes\" data-elementor-lightbox-slideshow=\"eae-fg-gallery-18009\" data-elementor-lightbox-title=\"Sale Meeting - Palace Hotel Pordenone\" data-e-action-hash=\"#elementor-action%3Aaction%3Dlightbox%26settings%3DeyJpZCI6MjAxMiwidXJsIjoiaHR0cHM6XC9cL3BhbGFjZWhvdGVsbW9kZXJuby5pdFwvd3AtY29udGVudFwvdXBsb2Fkc1wvMjAyNFwvMDVcL1NhbGUtTWVldGluZy1QYWxhY2UtSG90ZWwtUG9yZGVub25lLmpwZyJ9\" data-elementor-lightbox-description=\"Sala conferenze moderna con sedie allineate e soffitto decorato con cielo nuvoloso\">\n\t\t\t\t\t\t\t\t\t\t\t\t\t\t\t\t\t\t\t\t\t<img loading=\"lazy\" decoding=\"async\" width=\"1200\" height=\"691\" src=\"https:\/\/palacehotelmoderno.it\/wp-content\/uploads\/2024\/05\/Sale-Meeting-Palace-Hotel-Pordenone.jpg\" class=\"attachment-full size-full\" alt=\"\" srcset=\"https:\/\/palacehotelmoderno.it\/wp-content\/uploads\/2024\/05\/Sale-Meeting-Palace-Hotel-Pordenone.jpg 1200w, https:\/\/palacehotelmoderno.it\/wp-content\/uploads\/2024\/05\/Sale-Meeting-Palace-Hotel-Pordenone-300x173.jpg 300w, https:\/\/palacehotelmoderno.it\/wp-content\/uploads\/2024\/05\/Sale-Meeting-Palace-Hotel-Pordenone-1024x590.jpg 1024w, https:\/\/palacehotelmoderno.it\/wp-content\/uploads\/2024\/05\/Sale-Meeting-Palace-Hotel-Pordenone-768x442.jpg 768w\" sizes=\"(max-width: 1200px) 100vw, 1200px\" \/>\t\t\t\t\t\t\t\t\t\t\t\t\t\t\t\t\t\t\t\t\t\t\t\t\t\t\t\t\t\t\t\t<div class=\"eae-grid-overlay fadeIn\">\n\t\t\t\t\t\t\t\t\t\t\t\t<div class=\"eae-grid-overlay-inner\">\n\t\t\t\t\t\t\t\t\t\t\t\t\t<div class=\"eae-icon-wrapper\">\n\t\t\t\t\t\t\t\t\t\t\t\t\t\t\t\t\t\t\t\t\t\t\t\t\t\t\t\t\t<div class=\"eae-overlay-icon\">\n\t\t\t\t\t\t\t\t\t\t\t\t\t\t\t\t<i aria-hidden=\"true\" class=\"far fa-expand-arrows\"><\/i>\t\t\t\t\t\t\t\t\t\t\t\t\t\t\t<\/div>\n\t\t\t\t\t\t\t\t\t\t\t\t\t\t\t\t\t\t\t\t\t\t\t\t\t\t\t<\/div>\n\t\t\t\t\t\t\t\t\t\t\t\t\t\t\t\t\t\t\t\t\t\t\t\t\t<\/div>\n\t\t\t\t\t\t\t\t\t\t<\/div>\n\t\t\t\t\t\t\t\t\t\t\t\t\t\t\t\t\t\t\t<\/a>\n\t\t\t\t\t\t\t\t<\/div>\n\t\t\t\t\t\t\t<\/div>\n\t\t\t\t\t\t\t\t\t\t\t\t\t\t<div class=\"eae-gallery-item sale-meeting\">\n\t\t\t\t\t\t\t\t<div class=\"eae-gallery-item-inner\">\n\t\t\t\t\t\t\t\t\t<a href=\"https:\/\/palacehotelmoderno.it\/wp-content\/uploads\/2024\/05\/Sala-conferenze-ordinata.webp\" data-elementor-open-lightbox=\"yes\" data-elementor-lightbox-slideshow=\"eae-fg-gallery-18009\" data-elementor-lightbox-title=\"Sala-conferenze-ordinata\" data-e-action-hash=\"#elementor-action%3Aaction%3Dlightbox%26settings%3DeyJpZCI6MjIyNSwidXJsIjoiaHR0cHM6XC9cL3BhbGFjZWhvdGVsbW9kZXJuby5pdFwvd3AtY29udGVudFwvdXBsb2Fkc1wvMjAyNFwvMDVcL1NhbGEtY29uZmVyZW56ZS1vcmRpbmF0YS53ZWJwIn0%3D\" data-elementor-lightbox-description=\"Sala conferenze vuota con sedie allineate e decorazioni floreali in primo piano\">\n\t\t\t\t\t\t\t\t\t\t\t\t\t\t\t\t\t\t\t\t\t<img loading=\"lazy\" decoding=\"async\" width=\"1620\" height=\"1080\" src=\"https:\/\/palacehotelmoderno.it\/wp-content\/uploads\/2024\/05\/Sala-conferenze-ordinata.webp\" class=\"attachment-full size-full\" alt=\"Sala conferenze vuota con sedie ordinate e decorazioni floreali.\" srcset=\"https:\/\/palacehotelmoderno.it\/wp-content\/uploads\/2024\/05\/Sala-conferenze-ordinata.webp 1620w, https:\/\/palacehotelmoderno.it\/wp-content\/uploads\/2024\/05\/Sala-conferenze-ordinata-300x200.webp 300w, https:\/\/palacehotelmoderno.it\/wp-content\/uploads\/2024\/05\/Sala-conferenze-ordinata-1024x683.webp 1024w, https:\/\/palacehotelmoderno.it\/wp-content\/uploads\/2024\/05\/Sala-conferenze-ordinata-768x512.webp 768w, https:\/\/palacehotelmoderno.it\/wp-content\/uploads\/2024\/05\/Sala-conferenze-ordinata-1536x1024.webp 1536w\" sizes=\"(max-width: 1620px) 100vw, 1620px\" \/>\t\t\t\t\t\t\t\t\t\t\t\t\t\t\t\t\t\t\t\t\t\t\t\t\t\t\t\t\t\t\t\t<div class=\"eae-grid-overlay fadeIn\">\n\t\t\t\t\t\t\t\t\t\t\t\t<div class=\"eae-grid-overlay-inner\">\n\t\t\t\t\t\t\t\t\t\t\t\t\t<div class=\"eae-icon-wrapper\">\n\t\t\t\t\t\t\t\t\t\t\t\t\t\t\t\t\t\t\t\t\t\t\t\t\t\t\t\t\t<div class=\"eae-overlay-icon\">\n\t\t\t\t\t\t\t\t\t\t\t\t\t\t\t\t<i aria-hidden=\"true\" class=\"far fa-expand-arrows\"><\/i>\t\t\t\t\t\t\t\t\t\t\t\t\t\t\t<\/div>\n\t\t\t\t\t\t\t\t\t\t\t\t\t\t\t\t\t\t\t\t\t\t\t\t\t\t\t<\/div>\n\t\t\t\t\t\t\t\t\t\t\t\t\t\t\t\t\t\t\t\t\t\t\t\t\t<\/div>\n\t\t\t\t\t\t\t\t\t\t<\/div>\n\t\t\t\t\t\t\t\t\t\t\t\t\t\t\t\t\t\t\t<\/a>\n\t\t\t\t\t\t\t\t<\/div>\n\t\t\t\t\t\t\t<\/div>\n\t\t\t\t\t\t\t\t\t\t\t\t\t\t<div class=\"eae-gallery-item sale-meeting\">\n\t\t\t\t\t\t\t\t<div class=\"eae-gallery-item-inner\">\n\t\t\t\t\t\t\t\t\t<a href=\"https:\/\/palacehotelmoderno.it\/wp-content\/uploads\/2024\/05\/Sala-conferenze-ordinata-1.webp\" data-elementor-open-lightbox=\"yes\" data-elementor-lightbox-slideshow=\"eae-fg-gallery-18009\" data-elementor-lightbox-title=\"Sala-conferenze-ordinata-1\" data-e-action-hash=\"#elementor-action%3Aaction%3Dlightbox%26settings%3DeyJpZCI6MjIyOCwidXJsIjoiaHR0cHM6XC9cL3BhbGFjZWhvdGVsbW9kZXJuby5pdFwvd3AtY29udGVudFwvdXBsb2Fkc1wvMjAyNFwvMDVcL1NhbGEtY29uZmVyZW56ZS1vcmRpbmF0YS0xLndlYnAifQ%3D%3D\" data-elementor-lightbox-description=\"Sala conferenze vuota con sedie impilate e un grande schermo bianco\">\n\t\t\t\t\t\t\t\t\t\t\t\t\t\t\t\t\t\t\t\t\t<img loading=\"lazy\" decoding=\"async\" width=\"1620\" height=\"1080\" src=\"https:\/\/palacehotelmoderno.it\/wp-content\/uploads\/2024\/05\/Sala-conferenze-ordinata-1.webp\" class=\"attachment-full size-full\" alt=\"Sala conferenze vuota con sedie e schermo bianco.\" srcset=\"https:\/\/palacehotelmoderno.it\/wp-content\/uploads\/2024\/05\/Sala-conferenze-ordinata-1.webp 1620w, https:\/\/palacehotelmoderno.it\/wp-content\/uploads\/2024\/05\/Sala-conferenze-ordinata-1-300x200.webp 300w, https:\/\/palacehotelmoderno.it\/wp-content\/uploads\/2024\/05\/Sala-conferenze-ordinata-1-1024x683.webp 1024w, https:\/\/palacehotelmoderno.it\/wp-content\/uploads\/2024\/05\/Sala-conferenze-ordinata-1-768x512.webp 768w, https:\/\/palacehotelmoderno.it\/wp-content\/uploads\/2024\/05\/Sala-conferenze-ordinata-1-1536x1024.webp 1536w\" sizes=\"(max-width: 1620px) 100vw, 1620px\" \/>\t\t\t\t\t\t\t\t\t\t\t\t\t\t\t\t\t\t\t\t\t\t\t\t\t\t\t\t\t\t\t\t<div class=\"eae-grid-overlay fadeIn\">\n\t\t\t\t\t\t\t\t\t\t\t\t<div class=\"eae-grid-overlay-inner\">\n\t\t\t\t\t\t\t\t\t\t\t\t\t<div class=\"eae-icon-wrapper\">\n\t\t\t\t\t\t\t\t\t\t\t\t\t\t\t\t\t\t\t\t\t\t\t\t\t\t\t\t\t<div class=\"eae-overlay-icon\">\n\t\t\t\t\t\t\t\t\t\t\t\t\t\t\t\t<i aria-hidden=\"true\" class=\"far fa-expand-arrows\"><\/i>\t\t\t\t\t\t\t\t\t\t\t\t\t\t\t<\/div>\n\t\t\t\t\t\t\t\t\t\t\t\t\t\t\t\t\t\t\t\t\t\t\t\t\t\t\t<\/div>\n\t\t\t\t\t\t\t\t\t\t\t\t\t\t\t\t\t\t\t\t\t\t\t\t\t<\/div>\n\t\t\t\t\t\t\t\t\t\t<\/div>\n\t\t\t\t\t\t\t\t\t\t\t\t\t\t\t\t\t\t\t<\/a>\n\t\t\t\t\t\t\t\t<\/div>\n\t\t\t\t\t\t\t<\/div>\n\t\t\t\t\t\t\t\t\t\t\t\t\t\t<div class=\"eae-gallery-item sale-meeting\">\n\t\t\t\t\t\t\t\t<div class=\"eae-gallery-item-inner\">\n\t\t\t\t\t\t\t\t\t<a href=\"https:\/\/palacehotelmoderno.it\/wp-content\/uploads\/2024\/05\/Sala-conferenze-ordinata-2.webp\" data-elementor-open-lightbox=\"yes\" data-elementor-lightbox-slideshow=\"eae-fg-gallery-18009\" data-elementor-lightbox-title=\"Sala-conferenze-ordinata-2\" data-e-action-hash=\"#elementor-action%3Aaction%3Dlightbox%26settings%3DeyJpZCI6MjIzMSwidXJsIjoiaHR0cHM6XC9cL3BhbGFjZWhvdGVsbW9kZXJuby5pdFwvd3AtY29udGVudFwvdXBsb2Fkc1wvMjAyNFwvMDVcL1NhbGEtY29uZmVyZW56ZS1vcmRpbmF0YS0yLndlYnAifQ%3D%3D\" data-elementor-lightbox-description=\"Sala conferenze vuota con sedie allineate e quadri alle pareti\">\n\t\t\t\t\t\t\t\t\t\t\t\t\t\t\t\t\t\t\t\t\t<img loading=\"lazy\" decoding=\"async\" width=\"1620\" height=\"1080\" src=\"https:\/\/palacehotelmoderno.it\/wp-content\/uploads\/2024\/05\/Sala-conferenze-ordinata-2.webp\" class=\"attachment-full size-full\" alt=\"Sala conferenze vuota con sedie e quadri alle pareti.\" srcset=\"https:\/\/palacehotelmoderno.it\/wp-content\/uploads\/2024\/05\/Sala-conferenze-ordinata-2.webp 1620w, https:\/\/palacehotelmoderno.it\/wp-content\/uploads\/2024\/05\/Sala-conferenze-ordinata-2-300x200.webp 300w, https:\/\/palacehotelmoderno.it\/wp-content\/uploads\/2024\/05\/Sala-conferenze-ordinata-2-1024x683.webp 1024w, https:\/\/palacehotelmoderno.it\/wp-content\/uploads\/2024\/05\/Sala-conferenze-ordinata-2-768x512.webp 768w, https:\/\/palacehotelmoderno.it\/wp-content\/uploads\/2024\/05\/Sala-conferenze-ordinata-2-1536x1024.webp 1536w\" sizes=\"(max-width: 1620px) 100vw, 1620px\" \/>\t\t\t\t\t\t\t\t\t\t\t\t\t\t\t\t\t\t\t\t\t\t\t\t\t\t\t\t\t\t\t\t<div class=\"eae-grid-overlay fadeIn\">\n\t\t\t\t\t\t\t\t\t\t\t\t<div class=\"eae-grid-overlay-inner\">\n\t\t\t\t\t\t\t\t\t\t\t\t\t<div class=\"eae-icon-wrapper\">\n\t\t\t\t\t\t\t\t\t\t\t\t\t\t\t\t\t\t\t\t\t\t\t\t\t\t\t\t\t<div class=\"eae-overlay-icon\">\n\t\t\t\t\t\t\t\t\t\t\t\t\t\t\t\t<i aria-hidden=\"true\" class=\"far fa-expand-arrows\"><\/i>\t\t\t\t\t\t\t\t\t\t\t\t\t\t\t<\/div>\n\t\t\t\t\t\t\t\t\t\t\t\t\t\t\t\t\t\t\t\t\t\t\t\t\t\t\t<\/div>\n\t\t\t\t\t\t\t\t\t\t\t\t\t\t\t\t\t\t\t\t\t\t\t\t\t<\/div>\n\t\t\t\t\t\t\t\t\t\t<\/div>\n\t\t\t\t\t\t\t\t\t\t\t\t\t\t\t\t\t\t\t<\/a>\n\t\t\t\t\t\t\t\t<\/div>\n\t\t\t\t\t\t\t<\/div>\n\t\t\t\t\t\t\t\t\t\t\t\t\t\t<div class=\"eae-gallery-item sale-meeting\">\n\t\t\t\t\t\t\t\t<div class=\"eae-gallery-item-inner\">\n\t\t\t\t\t\t\t\t\t<a href=\"https:\/\/palacehotelmoderno.it\/wp-content\/uploads\/2024\/05\/Sala-conferenze-elegante.webp\" data-elementor-open-lightbox=\"yes\" data-elementor-lightbox-slideshow=\"eae-fg-gallery-18009\" data-elementor-lightbox-title=\"Sala-conferenze-elegante\" data-e-action-hash=\"#elementor-action%3Aaction%3Dlightbox%26settings%3DeyJpZCI6MjIzNywidXJsIjoiaHR0cHM6XC9cL3BhbGFjZWhvdGVsbW9kZXJuby5pdFwvd3AtY29udGVudFwvdXBsb2Fkc1wvMjAyNFwvMDVcL1NhbGEtY29uZmVyZW56ZS1lbGVnYW50ZS53ZWJwIn0%3D\" data-elementor-lightbox-description=\"Sala conferenze vuota con sedie impilate e un grande tavolo al centro\">\n\t\t\t\t\t\t\t\t\t\t\t\t\t\t\t\t\t\t\t\t\t<img loading=\"lazy\" decoding=\"async\" width=\"1620\" height=\"1080\" src=\"https:\/\/palacehotelmoderno.it\/wp-content\/uploads\/2024\/05\/Sala-conferenze-elegante.webp\" class=\"attachment-full size-full\" alt=\"Sala conferenze vuota con soffitto decorato e sedie impilate.\" srcset=\"https:\/\/palacehotelmoderno.it\/wp-content\/uploads\/2024\/05\/Sala-conferenze-elegante.webp 1620w, https:\/\/palacehotelmoderno.it\/wp-content\/uploads\/2024\/05\/Sala-conferenze-elegante-300x200.webp 300w, https:\/\/palacehotelmoderno.it\/wp-content\/uploads\/2024\/05\/Sala-conferenze-elegante-1024x683.webp 1024w, https:\/\/palacehotelmoderno.it\/wp-content\/uploads\/2024\/05\/Sala-conferenze-elegante-768x512.webp 768w, https:\/\/palacehotelmoderno.it\/wp-content\/uploads\/2024\/05\/Sala-conferenze-elegante-1536x1024.webp 1536w\" sizes=\"(max-width: 1620px) 100vw, 1620px\" \/>\t\t\t\t\t\t\t\t\t\t\t\t\t\t\t\t\t\t\t\t\t\t\t\t\t\t\t\t\t\t\t\t<div class=\"eae-grid-overlay fadeIn\">\n\t\t\t\t\t\t\t\t\t\t\t\t<div class=\"eae-grid-overlay-inner\">\n\t\t\t\t\t\t\t\t\t\t\t\t\t<div class=\"eae-icon-wrapper\">\n\t\t\t\t\t\t\t\t\t\t\t\t\t\t\t\t\t\t\t\t\t\t\t\t\t\t\t\t\t<div class=\"eae-overlay-icon\">\n\t\t\t\t\t\t\t\t\t\t\t\t\t\t\t\t<i aria-hidden=\"true\" class=\"far fa-expand-arrows\"><\/i>\t\t\t\t\t\t\t\t\t\t\t\t\t\t\t<\/div>\n\t\t\t\t\t\t\t\t\t\t\t\t\t\t\t\t\t\t\t\t\t\t\t\t\t\t\t<\/div>\n\t\t\t\t\t\t\t\t\t\t\t\t\t\t\t\t\t\t\t\t\t\t\t\t\t<\/div>\n\t\t\t\t\t\t\t\t\t\t<\/div>\n\t\t\t\t\t\t\t\t\t\t\t\t\t\t\t\t\t\t\t<\/a>\n\t\t\t\t\t\t\t\t<\/div>\n\t\t\t\t\t\t\t<\/div>\n\t\t\t\t\t\t\t\t\t\t\t\t\t\t<div class=\"eae-gallery-item sale-meeting\">\n\t\t\t\t\t\t\t\t<div class=\"eae-gallery-item-inner\">\n\t\t\t\t\t\t\t\t\t<a href=\"https:\/\/palacehotelmoderno.it\/wp-content\/uploads\/2024\/05\/Interno-sala-conferenze.webp\" data-elementor-open-lightbox=\"yes\" data-elementor-lightbox-slideshow=\"eae-fg-gallery-18009\" data-elementor-lightbox-title=\"Interno-sala-conferenze\" data-e-action-hash=\"#elementor-action%3Aaction%3Dlightbox%26settings%3DeyJpZCI6MjI0MCwidXJsIjoiaHR0cHM6XC9cL3BhbGFjZWhvdGVsbW9kZXJuby5pdFwvd3AtY29udGVudFwvdXBsb2Fkc1wvMjAyNFwvMDVcL0ludGVybm8tc2FsYS1jb25mZXJlbnplLndlYnAifQ%3D%3D\" data-elementor-lightbox-description=\"Sala conferenze elegante e ben illuminata con sedie rigate, due quadri e tende alle finestre\">\n\t\t\t\t\t\t\t\t\t\t\t\t\t\t\t\t\t\t\t\t\t<img loading=\"lazy\" decoding=\"async\" width=\"1620\" height=\"1080\" src=\"https:\/\/palacehotelmoderno.it\/wp-content\/uploads\/2024\/05\/Interno-sala-conferenze.webp\" class=\"attachment-full size-full\" alt=\"Sala conferenze elegante con quadri e sedie in legno.\" srcset=\"https:\/\/palacehotelmoderno.it\/wp-content\/uploads\/2024\/05\/Interno-sala-conferenze.webp 1620w, https:\/\/palacehotelmoderno.it\/wp-content\/uploads\/2024\/05\/Interno-sala-conferenze-300x200.webp 300w, https:\/\/palacehotelmoderno.it\/wp-content\/uploads\/2024\/05\/Interno-sala-conferenze-1024x683.webp 1024w, https:\/\/palacehotelmoderno.it\/wp-content\/uploads\/2024\/05\/Interno-sala-conferenze-768x512.webp 768w, https:\/\/palacehotelmoderno.it\/wp-content\/uploads\/2024\/05\/Interno-sala-conferenze-1536x1024.webp 1536w\" sizes=\"(max-width: 1620px) 100vw, 1620px\" \/>\t\t\t\t\t\t\t\t\t\t\t\t\t\t\t\t\t\t\t\t\t\t\t\t\t\t\t\t\t\t\t\t<div class=\"eae-grid-overlay fadeIn\">\n\t\t\t\t\t\t\t\t\t\t\t\t<div class=\"eae-grid-overlay-inner\">\n\t\t\t\t\t\t\t\t\t\t\t\t\t<div class=\"eae-icon-wrapper\">\n\t\t\t\t\t\t\t\t\t\t\t\t\t\t\t\t\t\t\t\t\t\t\t\t\t\t\t\t\t<div class=\"eae-overlay-icon\">\n\t\t\t\t\t\t\t\t\t\t\t\t\t\t\t\t<i aria-hidden=\"true\" class=\"far fa-expand-arrows\"><\/i>\t\t\t\t\t\t\t\t\t\t\t\t\t\t\t<\/div>\n\t\t\t\t\t\t\t\t\t\t\t\t\t\t\t\t\t\t\t\t\t\t\t\t\t\t\t<\/div>\n\t\t\t\t\t\t\t\t\t\t\t\t\t\t\t\t\t\t\t\t\t\t\t\t\t<\/div>\n\t\t\t\t\t\t\t\t\t\t<\/div>\n\t\t\t\t\t\t\t\t\t\t\t\t\t\t\t\t\t\t\t<\/a>\n\t\t\t\t\t\t\t\t<\/div>\n\t\t\t\t\t\t\t<\/div>\n\t\t\t\t\t\t\t\t\t\t\t\t\t\t<div class=\"eae-gallery-item sale-meeting\">\n\t\t\t\t\t\t\t\t<div class=\"eae-gallery-item-inner\">\n\t\t\t\t\t\t\t\t\t<a href=\"https:\/\/palacehotelmoderno.it\/wp-content\/uploads\/2024\/05\/Sala-conferenze-vuota-con-decorazioni.webp\" data-elementor-open-lightbox=\"yes\" data-elementor-lightbox-slideshow=\"eae-fg-gallery-18009\" data-elementor-lightbox-title=\"Sala-conferenze-vuota-con-decorazioni\" data-e-action-hash=\"#elementor-action%3Aaction%3Dlightbox%26settings%3DeyJpZCI6MjI0MywidXJsIjoiaHR0cHM6XC9cL3BhbGFjZWhvdGVsbW9kZXJuby5pdFwvd3AtY29udGVudFwvdXBsb2Fkc1wvMjAyNFwvMDVcL1NhbGEtY29uZmVyZW56ZS12dW90YS1jb24tZGVjb3Jhemlvbmkud2VicCJ9\" data-elementor-lightbox-description=\"Sala conferenze con sedie disposte in file, tavolo verde in primo piano con fogli e penna, decorazioni floreali e soffitto dipinto\">\n\t\t\t\t\t\t\t\t\t\t\t\t\t\t\t\t\t\t\t\t\t<img loading=\"lazy\" decoding=\"async\" width=\"720\" height=\"1080\" src=\"https:\/\/palacehotelmoderno.it\/wp-content\/uploads\/2024\/05\/Sala-conferenze-vuota-con-decorazioni.webp\" class=\"attachment-full size-full\" alt=\"Sala conferenze vuota con cielo dipinto sul soffitto.\" srcset=\"https:\/\/palacehotelmoderno.it\/wp-content\/uploads\/2024\/05\/Sala-conferenze-vuota-con-decorazioni.webp 720w, https:\/\/palacehotelmoderno.it\/wp-content\/uploads\/2024\/05\/Sala-conferenze-vuota-con-decorazioni-200x300.webp 200w, https:\/\/palacehotelmoderno.it\/wp-content\/uploads\/2024\/05\/Sala-conferenze-vuota-con-decorazioni-683x1024.webp 683w\" sizes=\"(max-width: 720px) 100vw, 720px\" \/>\t\t\t\t\t\t\t\t\t\t\t\t\t\t\t\t\t\t\t\t\t\t\t\t\t\t\t\t\t\t\t\t<div class=\"eae-grid-overlay fadeIn\">\n\t\t\t\t\t\t\t\t\t\t\t\t<div class=\"eae-grid-overlay-inner\">\n\t\t\t\t\t\t\t\t\t\t\t\t\t<div class=\"eae-icon-wrapper\">\n\t\t\t\t\t\t\t\t\t\t\t\t\t\t\t\t\t\t\t\t\t\t\t\t\t\t\t\t\t<div class=\"eae-overlay-icon\">\n\t\t\t\t\t\t\t\t\t\t\t\t\t\t\t\t<i aria-hidden=\"true\" class=\"far fa-expand-arrows\"><\/i>\t\t\t\t\t\t\t\t\t\t\t\t\t\t\t<\/div>\n\t\t\t\t\t\t\t\t\t\t\t\t\t\t\t\t\t\t\t\t\t\t\t\t\t\t\t<\/div>\n\t\t\t\t\t\t\t\t\t\t\t\t\t\t\t\t\t\t\t\t\t\t\t\t\t<\/div>\n\t\t\t\t\t\t\t\t\t\t<\/div>\n\t\t\t\t\t\t\t\t\t\t\t\t\t\t\t\t\t\t\t<\/a>\n\t\t\t\t\t\t\t\t<\/div>\n\t\t\t\t\t\t\t<\/div>\n\t\t\t\t\t\t\t\t\t\t\t\t\t\t<div class=\"eae-gallery-item sale-meeting\">\n\t\t\t\t\t\t\t\t<div class=\"eae-gallery-item-inner\">\n\t\t\t\t\t\t\t\t\t<a href=\"https:\/\/palacehotelmoderno.it\/wp-content\/uploads\/2024\/05\/Sala-conferenze-vuota-1.webp\" data-elementor-open-lightbox=\"yes\" data-elementor-lightbox-slideshow=\"eae-fg-gallery-18009\" data-elementor-lightbox-title=\"Sala-conferenze-vuota-1\" data-e-action-hash=\"#elementor-action%3Aaction%3Dlightbox%26settings%3DeyJpZCI6MjI2NSwidXJsIjoiaHR0cHM6XC9cL3BhbGFjZWhvdGVsbW9kZXJuby5pdFwvd3AtY29udGVudFwvdXBsb2Fkc1wvMjAyNFwvMDVcL1NhbGEtY29uZmVyZW56ZS12dW90YS0xLndlYnAifQ%3D%3D\" data-elementor-lightbox-description=\"Sala conferenze con sedie disposte in file, tavolo verde in primo piano con fogli e penna, decorazioni floreali e soffitto dipinto\">\n\t\t\t\t\t\t\t\t\t\t\t\t\t\t\t\t\t\t\t\t\t<img loading=\"lazy\" decoding=\"async\" width=\"1620\" height=\"1080\" src=\"https:\/\/palacehotelmoderno.it\/wp-content\/uploads\/2024\/05\/Sala-conferenze-vuota-1.webp\" class=\"attachment-full size-full\" alt=\"\" srcset=\"https:\/\/palacehotelmoderno.it\/wp-content\/uploads\/2024\/05\/Sala-conferenze-vuota-1.webp 1620w, https:\/\/palacehotelmoderno.it\/wp-content\/uploads\/2024\/05\/Sala-conferenze-vuota-1-300x200.webp 300w, https:\/\/palacehotelmoderno.it\/wp-content\/uploads\/2024\/05\/Sala-conferenze-vuota-1-1024x683.webp 1024w, https:\/\/palacehotelmoderno.it\/wp-content\/uploads\/2024\/05\/Sala-conferenze-vuota-1-768x512.webp 768w, https:\/\/palacehotelmoderno.it\/wp-content\/uploads\/2024\/05\/Sala-conferenze-vuota-1-1536x1024.webp 1536w\" sizes=\"(max-width: 1620px) 100vw, 1620px\" \/>\t\t\t\t\t\t\t\t\t\t\t\t\t\t\t\t\t\t\t\t\t\t\t\t\t\t\t\t\t\t\t\t<div class=\"eae-grid-overlay fadeIn\">\n\t\t\t\t\t\t\t\t\t\t\t\t<div class=\"eae-grid-overlay-inner\">\n\t\t\t\t\t\t\t\t\t\t\t\t\t<div class=\"eae-icon-wrapper\">\n\t\t\t\t\t\t\t\t\t\t\t\t\t\t\t\t\t\t\t\t\t\t\t\t\t\t\t\t\t<div class=\"eae-overlay-icon\">\n\t\t\t\t\t\t\t\t\t\t\t\t\t\t\t\t<i aria-hidden=\"true\" class=\"far fa-expand-arrows\"><\/i>\t\t\t\t\t\t\t\t\t\t\t\t\t\t\t<\/div>\n\t\t\t\t\t\t\t\t\t\t\t\t\t\t\t\t\t\t\t\t\t\t\t\t\t\t\t<\/div>\n\t\t\t\t\t\t\t\t\t\t\t\t\t\t\t\t\t\t\t\t\t\t\t\t\t<\/div>\n\t\t\t\t\t\t\t\t\t\t<\/div>\n\t\t\t\t\t\t\t\t\t\t\t\t\t\t\t\t\t\t\t<\/a>\n\t\t\t\t\t\t\t\t<\/div>\n\t\t\t\t\t\t\t<\/div>\n\t\t\t\t\t\t\t\t\t\t\t\t\t\t<div class=\"eae-gallery-item sale-meeting\">\n\t\t\t\t\t\t\t\t<div class=\"eae-gallery-item-inner\">\n\t\t\t\t\t\t\t\t\t<a href=\"https:\/\/palacehotelmoderno.it\/wp-content\/uploads\/2024\/05\/Sala-conferenze-moderna-1.webp\" data-elementor-open-lightbox=\"yes\" data-elementor-lightbox-slideshow=\"eae-fg-gallery-18009\" data-elementor-lightbox-title=\"Sala-conferenze-moderna-1\" data-e-action-hash=\"#elementor-action%3Aaction%3Dlightbox%26settings%3DeyJpZCI6MjI1NiwidXJsIjoiaHR0cHM6XC9cL3BhbGFjZWhvdGVsbW9kZXJuby5pdFwvd3AtY29udGVudFwvdXBsb2Fkc1wvMjAyNFwvMDVcL1NhbGEtY29uZmVyZW56ZS1tb2Rlcm5hLTEud2VicCJ9\" data-elementor-lightbox-description=\"Sala conferenze vuota con sedie blu allineate\">\n\t\t\t\t\t\t\t\t\t\t\t\t\t\t\t\t\t\t\t\t\t<img loading=\"lazy\" decoding=\"async\" width=\"720\" height=\"1080\" src=\"https:\/\/palacehotelmoderno.it\/wp-content\/uploads\/2024\/05\/Sala-conferenze-moderna-1.webp\" class=\"attachment-full size-full\" alt=\"Sala conferenze vuota con sedie e schermo.\" srcset=\"https:\/\/palacehotelmoderno.it\/wp-content\/uploads\/2024\/05\/Sala-conferenze-moderna-1.webp 720w, https:\/\/palacehotelmoderno.it\/wp-content\/uploads\/2024\/05\/Sala-conferenze-moderna-1-200x300.webp 200w, https:\/\/palacehotelmoderno.it\/wp-content\/uploads\/2024\/05\/Sala-conferenze-moderna-1-683x1024.webp 683w\" sizes=\"(max-width: 720px) 100vw, 720px\" \/>\t\t\t\t\t\t\t\t\t\t\t\t\t\t\t\t\t\t\t\t\t\t\t\t\t\t\t\t\t\t\t\t<div class=\"eae-grid-overlay fadeIn\">\n\t\t\t\t\t\t\t\t\t\t\t\t<div class=\"eae-grid-overlay-inner\">\n\t\t\t\t\t\t\t\t\t\t\t\t\t<div class=\"eae-icon-wrapper\">\n\t\t\t\t\t\t\t\t\t\t\t\t\t\t\t\t\t\t\t\t\t\t\t\t\t\t\t\t\t<div class=\"eae-overlay-icon\">\n\t\t\t\t\t\t\t\t\t\t\t\t\t\t\t\t<i aria-hidden=\"true\" class=\"far fa-expand-arrows\"><\/i>\t\t\t\t\t\t\t\t\t\t\t\t\t\t\t<\/div>\n\t\t\t\t\t\t\t\t\t\t\t\t\t\t\t\t\t\t\t\t\t\t\t\t\t\t\t<\/div>\n\t\t\t\t\t\t\t\t\t\t\t\t\t\t\t\t\t\t\t\t\t\t\t\t\t<\/div>\n\t\t\t\t\t\t\t\t\t\t<\/div>\n\t\t\t\t\t\t\t\t\t\t\t\t\t\t\t\t\t\t\t<\/a>\n\t\t\t\t\t\t\t\t<\/div>\n\t\t\t\t\t\t\t<\/div>\n\t\t\t\t\t\t\t\t\t\t\t\t\t\t<div class=\"eae-gallery-item sale-meeting\">\n\t\t\t\t\t\t\t\t<div class=\"eae-gallery-item-inner\">\n\t\t\t\t\t\t\t\t\t<a href=\"https:\/\/palacehotelmoderno.it\/wp-content\/uploads\/2024\/05\/Sala-conferenze-deserta-1.webp\" data-elementor-open-lightbox=\"yes\" data-elementor-lightbox-slideshow=\"eae-fg-gallery-18009\" data-elementor-lightbox-title=\"Sala-conferenze-deserta-1\" data-e-action-hash=\"#elementor-action%3Aaction%3Dlightbox%26settings%3DeyJpZCI6MjI2MiwidXJsIjoiaHR0cHM6XC9cL3BhbGFjZWhvdGVsbW9kZXJuby5pdFwvd3AtY29udGVudFwvdXBsb2Fkc1wvMjAyNFwvMDVcL1NhbGEtY29uZmVyZW56ZS1kZXNlcnRhLTEud2VicCJ9\" data-elementor-lightbox-description=\"Sala conferenze vuota con sedie blu e pareti beige\">\n\t\t\t\t\t\t\t\t\t\t\t\t\t\t\t\t\t\t\t\t\t<img loading=\"lazy\" decoding=\"async\" width=\"1620\" height=\"1080\" src=\"https:\/\/palacehotelmoderno.it\/wp-content\/uploads\/2024\/05\/Sala-conferenze-deserta-1.webp\" class=\"attachment-full size-full\" alt=\"Sala conferenze vuota con sedie blu e finestre.\" srcset=\"https:\/\/palacehotelmoderno.it\/wp-content\/uploads\/2024\/05\/Sala-conferenze-deserta-1.webp 1620w, https:\/\/palacehotelmoderno.it\/wp-content\/uploads\/2024\/05\/Sala-conferenze-deserta-1-300x200.webp 300w, https:\/\/palacehotelmoderno.it\/wp-content\/uploads\/2024\/05\/Sala-conferenze-deserta-1-1024x683.webp 1024w, https:\/\/palacehotelmoderno.it\/wp-content\/uploads\/2024\/05\/Sala-conferenze-deserta-1-768x512.webp 768w, https:\/\/palacehotelmoderno.it\/wp-content\/uploads\/2024\/05\/Sala-conferenze-deserta-1-1536x1024.webp 1536w\" sizes=\"(max-width: 1620px) 100vw, 1620px\" \/>\t\t\t\t\t\t\t\t\t\t\t\t\t\t\t\t\t\t\t\t\t\t\t\t\t\t\t\t\t\t\t\t<div class=\"eae-grid-overlay fadeIn\">\n\t\t\t\t\t\t\t\t\t\t\t\t<div class=\"eae-grid-overlay-inner\">\n\t\t\t\t\t\t\t\t\t\t\t\t\t<div class=\"eae-icon-wrapper\">\n\t\t\t\t\t\t\t\t\t\t\t\t\t\t\t\t\t\t\t\t\t\t\t\t\t\t\t\t\t<div class=\"eae-overlay-icon\">\n\t\t\t\t\t\t\t\t\t\t\t\t\t\t\t\t<i aria-hidden=\"true\" class=\"far fa-expand-arrows\"><\/i>\t\t\t\t\t\t\t\t\t\t\t\t\t\t\t<\/div>\n\t\t\t\t\t\t\t\t\t\t\t\t\t\t\t\t\t\t\t\t\t\t\t\t\t\t\t<\/div>\n\t\t\t\t\t\t\t\t\t\t\t\t\t\t\t\t\t\t\t\t\t\t\t\t\t<\/div>\n\t\t\t\t\t\t\t\t\t\t<\/div>\n\t\t\t\t\t\t\t\t\t\t\t\t\t\t\t\t\t\t\t<\/a>\n\t\t\t\t\t\t\t\t<\/div>\n\t\t\t\t\t\t\t<\/div>\n\t\t\t\t\t\t\t\t\t\t\t\t\t\t<div class=\"eae-gallery-item sale-meeting\">\n\t\t\t\t\t\t\t\t<div class=\"eae-gallery-item-inner\">\n\t\t\t\t\t\t\t\t\t<a href=\"https:\/\/palacehotelmoderno.it\/wp-content\/uploads\/2024\/05\/Sala-conferenze-moderna-2.webp\" data-elementor-open-lightbox=\"yes\" data-elementor-lightbox-slideshow=\"eae-fg-gallery-18009\" data-elementor-lightbox-title=\"Sala-conferenze-moderna-2\" data-e-action-hash=\"#elementor-action%3Aaction%3Dlightbox%26settings%3DeyJpZCI6MjI1OSwidXJsIjoiaHR0cHM6XC9cL3BhbGFjZWhvdGVsbW9kZXJuby5pdFwvd3AtY29udGVudFwvdXBsb2Fkc1wvMjAyNFwvMDVcL1NhbGEtY29uZmVyZW56ZS1tb2Rlcm5hLTIud2VicCJ9\" data-elementor-lightbox-description=\"Sala conferenze vuota con sedie blu allineate\">\n\t\t\t\t\t\t\t\t\t\t\t\t\t\t\t\t\t\t\t\t\t<img loading=\"lazy\" decoding=\"async\" width=\"1620\" height=\"1080\" src=\"https:\/\/palacehotelmoderno.it\/wp-content\/uploads\/2024\/05\/Sala-conferenze-moderna-2.webp\" class=\"attachment-full size-full\" alt=\"Sala conferenze vuota con sedie blu e tavolo.\" srcset=\"https:\/\/palacehotelmoderno.it\/wp-content\/uploads\/2024\/05\/Sala-conferenze-moderna-2.webp 1620w, https:\/\/palacehotelmoderno.it\/wp-content\/uploads\/2024\/05\/Sala-conferenze-moderna-2-300x200.webp 300w, https:\/\/palacehotelmoderno.it\/wp-content\/uploads\/2024\/05\/Sala-conferenze-moderna-2-1024x683.webp 1024w, https:\/\/palacehotelmoderno.it\/wp-content\/uploads\/2024\/05\/Sala-conferenze-moderna-2-768x512.webp 768w, https:\/\/palacehotelmoderno.it\/wp-content\/uploads\/2024\/05\/Sala-conferenze-moderna-2-1536x1024.webp 1536w\" sizes=\"(max-width: 1620px) 100vw, 1620px\" \/>\t\t\t\t\t\t\t\t\t\t\t\t\t\t\t\t\t\t\t\t\t\t\t\t\t\t\t\t\t\t\t\t<div class=\"eae-grid-overlay fadeIn\">\n\t\t\t\t\t\t\t\t\t\t\t\t<div class=\"eae-grid-overlay-inner\">\n\t\t\t\t\t\t\t\t\t\t\t\t\t<div class=\"eae-icon-wrapper\">\n\t\t\t\t\t\t\t\t\t\t\t\t\t\t\t\t\t\t\t\t\t\t\t\t\t\t\t\t\t<div class=\"eae-overlay-icon\">\n\t\t\t\t\t\t\t\t\t\t\t\t\t\t\t\t<i aria-hidden=\"true\" class=\"far fa-expand-arrows\"><\/i>\t\t\t\t\t\t\t\t\t\t\t\t\t\t\t<\/div>\n\t\t\t\t\t\t\t\t\t\t\t\t\t\t\t\t\t\t\t\t\t\t\t\t\t\t\t<\/div>\n\t\t\t\t\t\t\t\t\t\t\t\t\t\t\t\t\t\t\t\t\t\t\t\t\t<\/div>\n\t\t\t\t\t\t\t\t\t\t<\/div>\n\t\t\t\t\t\t\t\t\t\t\t\t\t\t\t\t\t\t\t<\/a>\n\t\t\t\t\t\t\t\t<\/div>\n\t\t\t\t\t\t\t<\/div>\n\t\t\t\t\t\t\t\t\t\t\t\t\t\t<div class=\"eae-gallery-item sale-meeting\">\n\t\t\t\t\t\t\t\t<div class=\"eae-gallery-item-inner\">\n\t\t\t\t\t\t\t\t\t<a href=\"https:\/\/palacehotelmoderno.it\/wp-content\/uploads\/2024\/05\/Sala-conferenze-moderna.webp\" data-elementor-open-lightbox=\"yes\" data-elementor-lightbox-slideshow=\"eae-fg-gallery-18009\" data-elementor-lightbox-title=\"Sala-conferenze-moderna\" data-e-action-hash=\"#elementor-action%3Aaction%3Dlightbox%26settings%3DeyJpZCI6MjI1MywidXJsIjoiaHR0cHM6XC9cL3BhbGFjZWhvdGVsbW9kZXJuby5pdFwvd3AtY29udGVudFwvdXBsb2Fkc1wvMjAyNFwvMDVcL1NhbGEtY29uZmVyZW56ZS1tb2Rlcm5hLndlYnAifQ%3D%3D\" data-elementor-lightbox-description=\"Sala conferenze vuota con sedie blu allineate\">\n\t\t\t\t\t\t\t\t\t\t\t\t\t\t\t\t\t\t\t\t\t<img loading=\"lazy\" decoding=\"async\" width=\"1620\" height=\"1080\" src=\"https:\/\/palacehotelmoderno.it\/wp-content\/uploads\/2024\/05\/Sala-conferenze-moderna.webp\" class=\"attachment-full size-full\" alt=\"Sala conferenze vuota con sedie blu e quadri.\" srcset=\"https:\/\/palacehotelmoderno.it\/wp-content\/uploads\/2024\/05\/Sala-conferenze-moderna.webp 1620w, https:\/\/palacehotelmoderno.it\/wp-content\/uploads\/2024\/05\/Sala-conferenze-moderna-300x200.webp 300w, https:\/\/palacehotelmoderno.it\/wp-content\/uploads\/2024\/05\/Sala-conferenze-moderna-1024x683.webp 1024w, https:\/\/palacehotelmoderno.it\/wp-content\/uploads\/2024\/05\/Sala-conferenze-moderna-768x512.webp 768w, https:\/\/palacehotelmoderno.it\/wp-content\/uploads\/2024\/05\/Sala-conferenze-moderna-1536x1024.webp 1536w\" sizes=\"(max-width: 1620px) 100vw, 1620px\" \/>\t\t\t\t\t\t\t\t\t\t\t\t\t\t\t\t\t\t\t\t\t\t\t\t\t\t\t\t\t\t\t\t<div class=\"eae-grid-overlay fadeIn\">\n\t\t\t\t\t\t\t\t\t\t\t\t<div class=\"eae-grid-overlay-inner\">\n\t\t\t\t\t\t\t\t\t\t\t\t\t<div class=\"eae-icon-wrapper\">\n\t\t\t\t\t\t\t\t\t\t\t\t\t\t\t\t\t\t\t\t\t\t\t\t\t\t\t\t\t<div class=\"eae-overlay-icon\">\n\t\t\t\t\t\t\t\t\t\t\t\t\t\t\t\t<i aria-hidden=\"true\" class=\"far fa-expand-arrows\"><\/i>\t\t\t\t\t\t\t\t\t\t\t\t\t\t\t<\/div>\n\t\t\t\t\t\t\t\t\t\t\t\t\t\t\t\t\t\t\t\t\t\t\t\t\t\t\t<\/div>\n\t\t\t\t\t\t\t\t\t\t\t\t\t\t\t\t\t\t\t\t\t\t\t\t\t<\/div>\n\t\t\t\t\t\t\t\t\t\t<\/div>\n\t\t\t\t\t\t\t\t\t\t\t\t\t\t\t\t\t\t\t<\/a>\n\t\t\t\t\t\t\t\t<\/div>\n\t\t\t\t\t\t\t<\/div>\n\t\t\t\t\t\t\t\t\t\t\t\t\t\t<div class=\"eae-gallery-item sale-meeting\">\n\t\t\t\t\t\t\t\t<div class=\"eae-gallery-item-inner\">\n\t\t\t\t\t\t\t\t\t<a href=\"https:\/\/palacehotelmoderno.it\/wp-content\/uploads\/2024\/05\/Sala-riunioni-pronta-per-lincontro.webp\" data-elementor-open-lightbox=\"yes\" data-elementor-lightbox-slideshow=\"eae-fg-gallery-18009\" data-elementor-lightbox-title=\"Sala-riunioni-pronta-per-lincontro\" data-e-action-hash=\"#elementor-action%3Aaction%3Dlightbox%26settings%3DeyJpZCI6MjI1MCwidXJsIjoiaHR0cHM6XC9cL3BhbGFjZWhvdGVsbW9kZXJuby5pdFwvd3AtY29udGVudFwvdXBsb2Fkc1wvMjAyNFwvMDVcL1NhbGEtcml1bmlvbmktcHJvbnRhLXBlci1saW5jb250cm8ud2VicCJ9\" data-elementor-lightbox-description=\"Una sala riunioni ben illuminata con sedie grigie, un tavolo marrone su cui sono posizionati fogli, penne, bottiglie d&#039;acqua e occhiali. La luce naturale entra da una finestra sul fondo.\">\n\t\t\t\t\t\t\t\t\t\t\t\t\t\t\t\t\t\t\t\t\t<img loading=\"lazy\" decoding=\"async\" width=\"1620\" height=\"1080\" src=\"https:\/\/palacehotelmoderno.it\/wp-content\/uploads\/2024\/05\/Sala-riunioni-pronta-per-lincontro.webp\" class=\"attachment-full size-full\" alt=\"Sala riunioni vuota con sedie e tavolo attrezzato.\" srcset=\"https:\/\/palacehotelmoderno.it\/wp-content\/uploads\/2024\/05\/Sala-riunioni-pronta-per-lincontro.webp 1620w, https:\/\/palacehotelmoderno.it\/wp-content\/uploads\/2024\/05\/Sala-riunioni-pronta-per-lincontro-300x200.webp 300w, https:\/\/palacehotelmoderno.it\/wp-content\/uploads\/2024\/05\/Sala-riunioni-pronta-per-lincontro-1024x683.webp 1024w, https:\/\/palacehotelmoderno.it\/wp-content\/uploads\/2024\/05\/Sala-riunioni-pronta-per-lincontro-768x512.webp 768w, https:\/\/palacehotelmoderno.it\/wp-content\/uploads\/2024\/05\/Sala-riunioni-pronta-per-lincontro-1536x1024.webp 1536w\" sizes=\"(max-width: 1620px) 100vw, 1620px\" \/>\t\t\t\t\t\t\t\t\t\t\t\t\t\t\t\t\t\t\t\t\t\t\t\t\t\t\t\t\t\t\t\t<div class=\"eae-grid-overlay fadeIn\">\n\t\t\t\t\t\t\t\t\t\t\t\t<div class=\"eae-grid-overlay-inner\">\n\t\t\t\t\t\t\t\t\t\t\t\t\t<div class=\"eae-icon-wrapper\">\n\t\t\t\t\t\t\t\t\t\t\t\t\t\t\t\t\t\t\t\t\t\t\t\t\t\t\t\t\t<div class=\"eae-overlay-icon\">\n\t\t\t\t\t\t\t\t\t\t\t\t\t\t\t\t<i aria-hidden=\"true\" class=\"far fa-expand-arrows\"><\/i>\t\t\t\t\t\t\t\t\t\t\t\t\t\t\t<\/div>\n\t\t\t\t\t\t\t\t\t\t\t\t\t\t\t\t\t\t\t\t\t\t\t\t\t\t\t<\/div>\n\t\t\t\t\t\t\t\t\t\t\t\t\t\t\t\t\t\t\t\t\t\t\t\t\t<\/div>\n\t\t\t\t\t\t\t\t\t\t<\/div>\n\t\t\t\t\t\t\t\t\t\t\t\t\t\t\t\t\t\t\t<\/a>\n\t\t\t\t\t\t\t\t<\/div>\n\t\t\t\t\t\t\t<\/div>\n\t\t\t\t\t\t\t\t\t\t\t\t\t\t<div class=\"eae-gallery-item sale-meeting\">\n\t\t\t\t\t\t\t\t<div class=\"eae-gallery-item-inner\">\n\t\t\t\t\t\t\t\t\t<a href=\"https:\/\/palacehotelmoderno.it\/wp-content\/uploads\/2024\/05\/sala-riunioni-6.jpg\" data-elementor-open-lightbox=\"yes\" data-elementor-lightbox-slideshow=\"eae-fg-gallery-18009\" data-elementor-lightbox-title=\"Sala-Riunioni-Attrezzata\" data-e-action-hash=\"#elementor-action%3Aaction%3Dlightbox%26settings%3DeyJpZCI6MjA1MywidXJsIjoiaHR0cHM6XC9cL3BhbGFjZWhvdGVsbW9kZXJuby5pdFwvd3AtY29udGVudFwvdXBsb2Fkc1wvMjAyNFwvMDVcL3NhbGEtcml1bmlvbmktNi5qcGcifQ%3D%3D\" data-elementor-lightbox-description=\"Sala riunioni attrezzata con sedie blu, lavagna a fogli mobili, TV a parete, proiettore e illuminazione naturale.\">\n\t\t\t\t\t\t\t\t\t\t\t\t\t\t\t\t\t\t\t\t\t<img loading=\"lazy\" decoding=\"async\" width=\"1920\" height=\"1280\" src=\"https:\/\/palacehotelmoderno.it\/wp-content\/uploads\/2024\/05\/sala-riunioni-6.jpg\" class=\"attachment-full size-full\" alt=\"Sala riunioni con sedie blu, lavagna e TV a parete.\" srcset=\"https:\/\/palacehotelmoderno.it\/wp-content\/uploads\/2024\/05\/sala-riunioni-6.jpg 1920w, https:\/\/palacehotelmoderno.it\/wp-content\/uploads\/2024\/05\/sala-riunioni-6-300x200.jpg 300w, https:\/\/palacehotelmoderno.it\/wp-content\/uploads\/2024\/05\/sala-riunioni-6-1024x683.jpg 1024w, https:\/\/palacehotelmoderno.it\/wp-content\/uploads\/2024\/05\/sala-riunioni-6-768x512.jpg 768w, https:\/\/palacehotelmoderno.it\/wp-content\/uploads\/2024\/05\/sala-riunioni-6-1536x1024.jpg 1536w\" sizes=\"(max-width: 1920px) 100vw, 1920px\" \/>\t\t\t\t\t\t\t\t\t\t\t\t\t\t\t\t\t\t\t\t\t\t\t\t\t\t\t\t\t\t\t\t<div class=\"eae-grid-overlay fadeIn\">\n\t\t\t\t\t\t\t\t\t\t\t\t<div class=\"eae-grid-overlay-inner\">\n\t\t\t\t\t\t\t\t\t\t\t\t\t<div class=\"eae-icon-wrapper\">\n\t\t\t\t\t\t\t\t\t\t\t\t\t\t\t\t\t\t\t\t\t\t\t\t\t\t\t\t\t<div class=\"eae-overlay-icon\">\n\t\t\t\t\t\t\t\t\t\t\t\t\t\t\t\t<i aria-hidden=\"true\" class=\"far fa-expand-arrows\"><\/i>\t\t\t\t\t\t\t\t\t\t\t\t\t\t\t<\/div>\n\t\t\t\t\t\t\t\t\t\t\t\t\t\t\t\t\t\t\t\t\t\t\t\t\t\t\t<\/div>\n\t\t\t\t\t\t\t\t\t\t\t\t\t\t\t\t\t\t\t\t\t\t\t\t\t<\/div>\n\t\t\t\t\t\t\t\t\t\t<\/div>\n\t\t\t\t\t\t\t\t\t\t\t\t\t\t\t\t\t\t\t<\/a>\n\t\t\t\t\t\t\t\t<\/div>\n\t\t\t\t\t\t\t<\/div>\n\t\t\t\t\t\t\t\t\t\t\t\t\t\t<div class=\"eae-gallery-item sale-meeting\">\n\t\t\t\t\t\t\t\t<div class=\"eae-gallery-item-inner\">\n\t\t\t\t\t\t\t\t\t<a href=\"https:\/\/palacehotelmoderno.it\/wp-content\/uploads\/2024\/05\/Sala-conferenze-deserta.webp\" data-elementor-open-lightbox=\"yes\" data-elementor-lightbox-slideshow=\"eae-fg-gallery-18009\" data-elementor-lightbox-title=\"Sala-conferenze-deserta\" data-e-action-hash=\"#elementor-action%3Aaction%3Dlightbox%26settings%3DeyJpZCI6MjI0NywidXJsIjoiaHR0cHM6XC9cL3BhbGFjZWhvdGVsbW9kZXJuby5pdFwvd3AtY29udGVudFwvdXBsb2Fkc1wvMjAyNFwvMDVcL1NhbGEtY29uZmVyZW56ZS1kZXNlcnRhLndlYnAifQ%3D%3D\" data-elementor-lightbox-description=\"Sala conferenze vuota con sedie blu allineate\">\n\t\t\t\t\t\t\t\t\t\t\t\t\t\t\t\t\t\t\t\t\t<img loading=\"lazy\" decoding=\"async\" width=\"1620\" height=\"1080\" src=\"https:\/\/palacehotelmoderno.it\/wp-content\/uploads\/2024\/05\/Sala-conferenze-deserta.webp\" class=\"attachment-full size-full\" alt=\"Sala conferenze vuota con sedie e schermo TV.\" srcset=\"https:\/\/palacehotelmoderno.it\/wp-content\/uploads\/2024\/05\/Sala-conferenze-deserta.webp 1620w, https:\/\/palacehotelmoderno.it\/wp-content\/uploads\/2024\/05\/Sala-conferenze-deserta-300x200.webp 300w, https:\/\/palacehotelmoderno.it\/wp-content\/uploads\/2024\/05\/Sala-conferenze-deserta-1024x683.webp 1024w, https:\/\/palacehotelmoderno.it\/wp-content\/uploads\/2024\/05\/Sala-conferenze-deserta-768x512.webp 768w, https:\/\/palacehotelmoderno.it\/wp-content\/uploads\/2024\/05\/Sala-conferenze-deserta-1536x1024.webp 1536w\" sizes=\"(max-width: 1620px) 100vw, 1620px\" \/>\t\t\t\t\t\t\t\t\t\t\t\t\t\t\t\t\t\t\t\t\t\t\t\t\t\t\t\t\t\t\t\t<div class=\"eae-grid-overlay fadeIn\">\n\t\t\t\t\t\t\t\t\t\t\t\t<div class=\"eae-grid-overlay-inner\">\n\t\t\t\t\t\t\t\t\t\t\t\t\t<div class=\"eae-icon-wrapper\">\n\t\t\t\t\t\t\t\t\t\t\t\t\t\t\t\t\t\t\t\t\t\t\t\t\t\t\t\t\t<div class=\"eae-overlay-icon\">\n\t\t\t\t\t\t\t\t\t\t\t\t\t\t\t\t<i aria-hidden=\"true\" class=\"far fa-expand-arrows\"><\/i>\t\t\t\t\t\t\t\t\t\t\t\t\t\t\t<\/div>\n\t\t\t\t\t\t\t\t\t\t\t\t\t\t\t\t\t\t\t\t\t\t\t\t\t\t\t<\/div>\n\t\t\t\t\t\t\t\t\t\t\t\t\t\t\t\t\t\t\t\t\t\t\t\t\t<\/div>\n\t\t\t\t\t\t\t\t\t\t<\/div>\n\t\t\t\t\t\t\t\t\t\t\t\t\t\t\t\t\t\t\t<\/a>\n\t\t\t\t\t\t\t\t<\/div>\n\t\t\t\t\t\t\t<\/div>\n\t\t\t\t\t\t\t\t\t\t\t\t\t\t<div class=\"eae-gallery-item sale-meeting\">\n\t\t\t\t\t\t\t\t<div class=\"eae-gallery-item-inner\">\n\t\t\t\t\t\t\t\t\t<a href=\"https:\/\/palacehotelmoderno.it\/wp-content\/uploads\/2024\/05\/Sala-conferenze-con-penne-rosse.webp\" data-elementor-open-lightbox=\"yes\" data-elementor-lightbox-slideshow=\"eae-fg-gallery-18009\" data-elementor-lightbox-title=\"Sala-conferenze-con-penne-rosse\" data-e-action-hash=\"#elementor-action%3Aaction%3Dlightbox%26settings%3DeyJpZCI6MjI3NSwidXJsIjoiaHR0cHM6XC9cL3BhbGFjZWhvdGVsbW9kZXJuby5pdFwvd3AtY29udGVudFwvdXBsb2Fkc1wvMjAyNFwvMDVcL1NhbGEtY29uZmVyZW56ZS1jb24tcGVubmUtcm9zc2Uud2VicCJ9\" data-elementor-lightbox-description=\"Una sala conferenze con sedie nere e un tavolo lungo su cui sono posizionati fogli bianchi e penne rosse. L&#039;illuminazione proviene da plafoniere al soffitto. La messa a fuoco \u00e8 su una penna rossa in primo piano, rendendo il resto dell&#039;immagine leggermente sfocato.\">\n\t\t\t\t\t\t\t\t\t\t\t\t\t\t\t\t\t\t\t\t\t<img loading=\"lazy\" decoding=\"async\" width=\"1620\" height=\"1080\" src=\"https:\/\/palacehotelmoderno.it\/wp-content\/uploads\/2024\/05\/Sala-conferenze-con-penne-rosse.webp\" class=\"attachment-full size-full\" alt=\"Sala conferenze con fogli e penne sul tavolo.\" srcset=\"https:\/\/palacehotelmoderno.it\/wp-content\/uploads\/2024\/05\/Sala-conferenze-con-penne-rosse.webp 1620w, https:\/\/palacehotelmoderno.it\/wp-content\/uploads\/2024\/05\/Sala-conferenze-con-penne-rosse-300x200.webp 300w, https:\/\/palacehotelmoderno.it\/wp-content\/uploads\/2024\/05\/Sala-conferenze-con-penne-rosse-1024x683.webp 1024w, https:\/\/palacehotelmoderno.it\/wp-content\/uploads\/2024\/05\/Sala-conferenze-con-penne-rosse-768x512.webp 768w, https:\/\/palacehotelmoderno.it\/wp-content\/uploads\/2024\/05\/Sala-conferenze-con-penne-rosse-1536x1024.webp 1536w\" sizes=\"(max-width: 1620px) 100vw, 1620px\" \/>\t\t\t\t\t\t\t\t\t\t\t\t\t\t\t\t\t\t\t\t\t\t\t\t\t\t\t\t\t\t\t\t<div class=\"eae-grid-overlay fadeIn\">\n\t\t\t\t\t\t\t\t\t\t\t\t<div class=\"eae-grid-overlay-inner\">\n\t\t\t\t\t\t\t\t\t\t\t\t\t<div class=\"eae-icon-wrapper\">\n\t\t\t\t\t\t\t\t\t\t\t\t\t\t\t\t\t\t\t\t\t\t\t\t\t\t\t\t\t<div class=\"eae-overlay-icon\">\n\t\t\t\t\t\t\t\t\t\t\t\t\t\t\t\t<i aria-hidden=\"true\" class=\"far fa-expand-arrows\"><\/i>\t\t\t\t\t\t\t\t\t\t\t\t\t\t\t<\/div>\n\t\t\t\t\t\t\t\t\t\t\t\t\t\t\t\t\t\t\t\t\t\t\t\t\t\t\t<\/div>\n\t\t\t\t\t\t\t\t\t\t\t\t\t\t\t\t\t\t\t\t\t\t\t\t\t<\/div>\n\t\t\t\t\t\t\t\t\t\t<\/div>\n\t\t\t\t\t\t\t\t\t\t\t\t\t\t\t\t\t\t\t<\/a>\n\t\t\t\t\t\t\t\t<\/div>\n\t\t\t\t\t\t\t<\/div>\n\t\t\t\t\t\t\t\t\t\t\t\t\t\t<div class=\"eae-gallery-item sale-meeting\">\n\t\t\t\t\t\t\t\t<div class=\"eae-gallery-item-inner\">\n\t\t\t\t\t\t\t\t\t<a href=\"https:\/\/palacehotelmoderno.it\/wp-content\/uploads\/2024\/05\/sala-riunioni-7.jpg\" data-elementor-open-lightbox=\"yes\" data-elementor-lightbox-slideshow=\"eae-fg-gallery-18009\" data-elementor-lightbox-title=\"Sala-Riunioni-Sottotetto\" data-e-action-hash=\"#elementor-action%3Aaction%3Dlightbox%26settings%3DeyJpZCI6MjA1NiwidXJsIjoiaHR0cHM6XC9cL3BhbGFjZWhvdGVsbW9kZXJuby5pdFwvd3AtY29udGVudFwvdXBsb2Fkc1wvMjAyNFwvMDVcL3NhbGEtcml1bmlvbmktNy5qcGcifQ%3D%3D\" data-elementor-lightbox-description=\"Sala conferenze moderna con tavolo rettangolare, sedie ergonomiche, luci soffuse, e decorazioni minimaliste\">\n\t\t\t\t\t\t\t\t\t\t\t\t\t\t\t\t\t\t\t\t\t<img loading=\"lazy\" decoding=\"async\" width=\"1920\" height=\"1280\" src=\"https:\/\/palacehotelmoderno.it\/wp-content\/uploads\/2024\/05\/sala-riunioni-7.jpg\" class=\"attachment-full size-full\" alt=\"Sala riunioni sottotetto con tavolo e sedie ergonomiche.\" srcset=\"https:\/\/palacehotelmoderno.it\/wp-content\/uploads\/2024\/05\/sala-riunioni-7.jpg 1920w, https:\/\/palacehotelmoderno.it\/wp-content\/uploads\/2024\/05\/sala-riunioni-7-300x200.jpg 300w, https:\/\/palacehotelmoderno.it\/wp-content\/uploads\/2024\/05\/sala-riunioni-7-1024x683.jpg 1024w, https:\/\/palacehotelmoderno.it\/wp-content\/uploads\/2024\/05\/sala-riunioni-7-768x512.jpg 768w, https:\/\/palacehotelmoderno.it\/wp-content\/uploads\/2024\/05\/sala-riunioni-7-1536x1024.jpg 1536w\" sizes=\"(max-width: 1920px) 100vw, 1920px\" \/>\t\t\t\t\t\t\t\t\t\t\t\t\t\t\t\t\t\t\t\t\t\t\t\t\t\t\t\t\t\t\t\t<div class=\"eae-grid-overlay fadeIn\">\n\t\t\t\t\t\t\t\t\t\t\t\t<div class=\"eae-grid-overlay-inner\">\n\t\t\t\t\t\t\t\t\t\t\t\t\t<div class=\"eae-icon-wrapper\">\n\t\t\t\t\t\t\t\t\t\t\t\t\t\t\t\t\t\t\t\t\t\t\t\t\t\t\t\t\t<div class=\"eae-overlay-icon\">\n\t\t\t\t\t\t\t\t\t\t\t\t\t\t\t\t<i aria-hidden=\"true\" class=\"far fa-expand-arrows\"><\/i>\t\t\t\t\t\t\t\t\t\t\t\t\t\t\t<\/div>\n\t\t\t\t\t\t\t\t\t\t\t\t\t\t\t\t\t\t\t\t\t\t\t\t\t\t\t<\/div>\n\t\t\t\t\t\t\t\t\t\t\t\t\t\t\t\t\t\t\t\t\t\t\t\t\t<\/div>\n\t\t\t\t\t\t\t\t\t\t<\/div>\n\t\t\t\t\t\t\t\t\t\t\t\t\t\t\t\t\t\t\t<\/a>\n\t\t\t\t\t\t\t\t<\/div>\n\t\t\t\t\t\t\t<\/div>\n\t\t\t\t\t\t\t\t\t\t\t\t\t\t<div class=\"eae-gallery-item sale-meeting\">\n\t\t\t\t\t\t\t\t<div class=\"eae-gallery-item-inner\">\n\t\t\t\t\t\t\t\t\t<a href=\"https:\/\/palacehotelmoderno.it\/wp-content\/uploads\/2024\/05\/Sala-riunioni-vuota-e-luminosa.webp\" data-elementor-open-lightbox=\"yes\" data-elementor-lightbox-slideshow=\"eae-fg-gallery-18009\" data-elementor-lightbox-title=\"Sala-riunioni-vuota-e-luminosa\" data-e-action-hash=\"#elementor-action%3Aaction%3Dlightbox%26settings%3DeyJpZCI6MjI3OCwidXJsIjoiaHR0cHM6XC9cL3BhbGFjZWhvdGVsbW9kZXJuby5pdFwvd3AtY29udGVudFwvdXBsb2Fkc1wvMjAyNFwvMDVcL1NhbGEtcml1bmlvbmktdnVvdGEtZS1sdW1pbm9zYS53ZWJwIn0%3D\" data-elementor-lightbox-description=\"Sala riunioni moderna e luminosa con un grande tavolo rettangolare in legno, circondato da sedie imbottite grigie. Sulla superficie del tavolo ci sono fogli di carta disposti ordinatamente. La stanza ha un soffitto inclinato con lucernari che forniscono luce naturale.\">\n\t\t\t\t\t\t\t\t\t\t\t\t\t\t\t\t\t\t\t\t\t<img loading=\"lazy\" decoding=\"async\" width=\"1620\" height=\"1080\" src=\"https:\/\/palacehotelmoderno.it\/wp-content\/uploads\/2024\/05\/Sala-riunioni-vuota-e-luminosa.webp\" class=\"attachment-full size-full\" alt=\"Sala riunioni vuota con tavolo e sedie moderne.\" srcset=\"https:\/\/palacehotelmoderno.it\/wp-content\/uploads\/2024\/05\/Sala-riunioni-vuota-e-luminosa.webp 1620w, https:\/\/palacehotelmoderno.it\/wp-content\/uploads\/2024\/05\/Sala-riunioni-vuota-e-luminosa-300x200.webp 300w, https:\/\/palacehotelmoderno.it\/wp-content\/uploads\/2024\/05\/Sala-riunioni-vuota-e-luminosa-1024x683.webp 1024w, https:\/\/palacehotelmoderno.it\/wp-content\/uploads\/2024\/05\/Sala-riunioni-vuota-e-luminosa-768x512.webp 768w, https:\/\/palacehotelmoderno.it\/wp-content\/uploads\/2024\/05\/Sala-riunioni-vuota-e-luminosa-1536x1024.webp 1536w\" sizes=\"(max-width: 1620px) 100vw, 1620px\" \/>\t\t\t\t\t\t\t\t\t\t\t\t\t\t\t\t\t\t\t\t\t\t\t\t\t\t\t\t\t\t\t\t<div class=\"eae-grid-overlay fadeIn\">\n\t\t\t\t\t\t\t\t\t\t\t\t<div class=\"eae-grid-overlay-inner\">\n\t\t\t\t\t\t\t\t\t\t\t\t\t<div class=\"eae-icon-wrapper\">\n\t\t\t\t\t\t\t\t\t\t\t\t\t\t\t\t\t\t\t\t\t\t\t\t\t\t\t\t\t<div class=\"eae-overlay-icon\">\n\t\t\t\t\t\t\t\t\t\t\t\t\t\t\t\t<i aria-hidden=\"true\" class=\"far fa-expand-arrows\"><\/i>\t\t\t\t\t\t\t\t\t\t\t\t\t\t\t<\/div>\n\t\t\t\t\t\t\t\t\t\t\t\t\t\t\t\t\t\t\t\t\t\t\t\t\t\t\t<\/div>\n\t\t\t\t\t\t\t\t\t\t\t\t\t\t\t\t\t\t\t\t\t\t\t\t\t<\/div>\n\t\t\t\t\t\t\t\t\t\t<\/div>\n\t\t\t\t\t\t\t\t\t\t\t\t\t\t\t\t\t\t\t<\/a>\n\t\t\t\t\t\t\t\t<\/div>\n\t\t\t\t\t\t\t<\/div>\n\t\t\t\t\t\t\t\t\t\t\t\t\t\t<div class=\"eae-gallery-item sale-meeting\">\n\t\t\t\t\t\t\t\t<div class=\"eae-gallery-item-inner\">\n\t\t\t\t\t\t\t\t\t<a href=\"https:\/\/palacehotelmoderno.it\/wp-content\/uploads\/2024\/05\/Sala-riunioni-con-lucernario.webp\" data-elementor-open-lightbox=\"yes\" data-elementor-lightbox-slideshow=\"eae-fg-gallery-18009\" data-elementor-lightbox-title=\"Sala-riunioni-con-lucernario\" data-e-action-hash=\"#elementor-action%3Aaction%3Dlightbox%26settings%3DeyJpZCI6MjI4MSwidXJsIjoiaHR0cHM6XC9cL3BhbGFjZWhvdGVsbW9kZXJuby5pdFwvd3AtY29udGVudFwvdXBsb2Fkc1wvMjAyNFwvMDVcL1NhbGEtcml1bmlvbmktY29uLWx1Y2VybmFyaW8ud2VicCJ9\" data-elementor-lightbox-description=\"Una sala riunioni con un lungo tavolo marrone, sedie grigie imbottite e fogli sparsi sopra. La luce naturale entra da un lucernario aperto sul soffitto inclinato\">\n\t\t\t\t\t\t\t\t\t\t\t\t\t\t\t\t\t\t\t\t\t<img loading=\"lazy\" decoding=\"async\" width=\"720\" height=\"1080\" src=\"https:\/\/palacehotelmoderno.it\/wp-content\/uploads\/2024\/05\/Sala-riunioni-con-lucernario.webp\" class=\"attachment-full size-full\" alt=\"Sala riunioni vuota con lucernario e sedie.\" srcset=\"https:\/\/palacehotelmoderno.it\/wp-content\/uploads\/2024\/05\/Sala-riunioni-con-lucernario.webp 720w, https:\/\/palacehotelmoderno.it\/wp-content\/uploads\/2024\/05\/Sala-riunioni-con-lucernario-200x300.webp 200w, https:\/\/palacehotelmoderno.it\/wp-content\/uploads\/2024\/05\/Sala-riunioni-con-lucernario-683x1024.webp 683w\" sizes=\"(max-width: 720px) 100vw, 720px\" \/>\t\t\t\t\t\t\t\t\t\t\t\t\t\t\t\t\t\t\t\t\t\t\t\t\t\t\t\t\t\t\t\t<div class=\"eae-grid-overlay fadeIn\">\n\t\t\t\t\t\t\t\t\t\t\t\t<div class=\"eae-grid-overlay-inner\">\n\t\t\t\t\t\t\t\t\t\t\t\t\t<div class=\"eae-icon-wrapper\">\n\t\t\t\t\t\t\t\t\t\t\t\t\t\t\t\t\t\t\t\t\t\t\t\t\t\t\t\t\t<div class=\"eae-overlay-icon\">\n\t\t\t\t\t\t\t\t\t\t\t\t\t\t\t\t<i aria-hidden=\"true\" class=\"far fa-expand-arrows\"><\/i>\t\t\t\t\t\t\t\t\t\t\t\t\t\t\t<\/div>\n\t\t\t\t\t\t\t\t\t\t\t\t\t\t\t\t\t\t\t\t\t\t\t\t\t\t\t<\/div>\n\t\t\t\t\t\t\t\t\t\t\t\t\t\t\t\t\t\t\t\t\t\t\t\t\t<\/div>\n\t\t\t\t\t\t\t\t\t\t<\/div>\n\t\t\t\t\t\t\t\t\t\t\t\t\t\t\t\t\t\t\t<\/a>\n\t\t\t\t\t\t\t\t<\/div>\n\t\t\t\t\t\t\t<\/div>\n\t\t\t\t\t\t\t\t\t\t\t\t\t\t<div class=\"eae-gallery-item sale-meeting\">\n\t\t\t\t\t\t\t\t<div class=\"eae-gallery-item-inner\">\n\t\t\t\t\t\t\t\t\t<a href=\"https:\/\/palacehotelmoderno.it\/wp-content\/uploads\/2024\/05\/Sala-conferenze-con-sedie-e-tavolo.webp\" data-elementor-open-lightbox=\"yes\" data-elementor-lightbox-slideshow=\"eae-fg-gallery-18009\" data-elementor-lightbox-title=\"Sala-conferenze-con-sedie-e-tavolo\" data-e-action-hash=\"#elementor-action%3Aaction%3Dlightbox%26settings%3DeyJpZCI6MjI4NCwidXJsIjoiaHR0cHM6XC9cL3BhbGFjZWhvdGVsbW9kZXJuby5pdFwvd3AtY29udGVudFwvdXBsb2Fkc1wvMjAyNFwvMDVcL1NhbGEtY29uZmVyZW56ZS1jb24tc2VkaWUtZS10YXZvbG8ud2VicCJ9\" data-elementor-lightbox-description=\"Sala conferenze vuota con un grande tavolo rettangolare marrone al centro, circondato da sedie da ufficio grigie. Sopra il tavolo ci sono dei fogli disposti ordinatamente di fronte a ogni sedia. L&#039;illuminazione proviene da una plafoniera rettangolare al centro del soffitto. Le pareti sono di colore chiaro e ci sono due termosifoni bianchi ai lati della stanza. In fondo si intravede una pianta verde.\">\n\t\t\t\t\t\t\t\t\t\t\t\t\t\t\t\t\t\t\t\t\t<img loading=\"lazy\" decoding=\"async\" width=\"1620\" height=\"1080\" src=\"https:\/\/palacehotelmoderno.it\/wp-content\/uploads\/2024\/05\/Sala-conferenze-con-sedie-e-tavolo.webp\" class=\"attachment-full size-full\" alt=\"Sala riunioni vuota con documenti sui tavoli.\" srcset=\"https:\/\/palacehotelmoderno.it\/wp-content\/uploads\/2024\/05\/Sala-conferenze-con-sedie-e-tavolo.webp 1620w, https:\/\/palacehotelmoderno.it\/wp-content\/uploads\/2024\/05\/Sala-conferenze-con-sedie-e-tavolo-300x200.webp 300w, https:\/\/palacehotelmoderno.it\/wp-content\/uploads\/2024\/05\/Sala-conferenze-con-sedie-e-tavolo-1024x683.webp 1024w, https:\/\/palacehotelmoderno.it\/wp-content\/uploads\/2024\/05\/Sala-conferenze-con-sedie-e-tavolo-768x512.webp 768w, https:\/\/palacehotelmoderno.it\/wp-content\/uploads\/2024\/05\/Sala-conferenze-con-sedie-e-tavolo-1536x1024.webp 1536w\" sizes=\"(max-width: 1620px) 100vw, 1620px\" \/>\t\t\t\t\t\t\t\t\t\t\t\t\t\t\t\t\t\t\t\t\t\t\t\t\t\t\t\t\t\t\t\t<div class=\"eae-grid-overlay fadeIn\">\n\t\t\t\t\t\t\t\t\t\t\t\t<div class=\"eae-grid-overlay-inner\">\n\t\t\t\t\t\t\t\t\t\t\t\t\t<div class=\"eae-icon-wrapper\">\n\t\t\t\t\t\t\t\t\t\t\t\t\t\t\t\t\t\t\t\t\t\t\t\t\t\t\t\t\t<div class=\"eae-overlay-icon\">\n\t\t\t\t\t\t\t\t\t\t\t\t\t\t\t\t<i aria-hidden=\"true\" class=\"far fa-expand-arrows\"><\/i>\t\t\t\t\t\t\t\t\t\t\t\t\t\t\t<\/div>\n\t\t\t\t\t\t\t\t\t\t\t\t\t\t\t\t\t\t\t\t\t\t\t\t\t\t\t<\/div>\n\t\t\t\t\t\t\t\t\t\t\t\t\t\t\t\t\t\t\t\t\t\t\t\t\t<\/div>\n\t\t\t\t\t\t\t\t\t\t<\/div>\n\t\t\t\t\t\t\t\t\t\t\t\t\t\t\t\t\t\t\t<\/a>\n\t\t\t\t\t\t\t\t<\/div>\n\t\t\t\t\t\t\t<\/div>\n\t\t\t\t\t\t\t\t\t\t\t\t\t\t<div class=\"eae-gallery-item sale-meeting\">\n\t\t\t\t\t\t\t\t<div class=\"eae-gallery-item-inner\">\n\t\t\t\t\t\t\t\t\t<a href=\"https:\/\/palacehotelmoderno.it\/wp-content\/uploads\/2024\/05\/Sala-riunioni-minimalista.webp\" data-elementor-open-lightbox=\"yes\" data-elementor-lightbox-slideshow=\"eae-fg-gallery-18009\" data-elementor-lightbox-title=\"Sala-riunioni-minimalista\" data-e-action-hash=\"#elementor-action%3Aaction%3Dlightbox%26settings%3DeyJpZCI6MjI4NywidXJsIjoiaHR0cHM6XC9cL3BhbGFjZWhvdGVsbW9kZXJuby5pdFwvd3AtY29udGVudFwvdXBsb2Fkc1wvMjAyNFwvMDVcL1NhbGEtcml1bmlvbmktbWluaW1hbGlzdGEud2VicCJ9\" data-elementor-lightbox-description=\"Sala riunioni moderna e minimalista con un grande tavolo rettangolare, sedie ergonomiche grigie e documenti posizionati ordinatamente su di esso. L&#039;illuminazione proviene da finestre sul tetto inclinato e una finestra laterale. L&#039;ambiente \u00e8 sobrio e professionale.\">\n\t\t\t\t\t\t\t\t\t\t\t\t\t\t\t\t\t\t\t\t\t<img loading=\"lazy\" decoding=\"async\" width=\"1620\" height=\"1080\" src=\"https:\/\/palacehotelmoderno.it\/wp-content\/uploads\/2024\/05\/Sala-riunioni-minimalista.webp\" class=\"attachment-full size-full\" alt=\"Sala riunioni vuota con tavolo e sedie grigie.\" srcset=\"https:\/\/palacehotelmoderno.it\/wp-content\/uploads\/2024\/05\/Sala-riunioni-minimalista.webp 1620w, https:\/\/palacehotelmoderno.it\/wp-content\/uploads\/2024\/05\/Sala-riunioni-minimalista-300x200.webp 300w, https:\/\/palacehotelmoderno.it\/wp-content\/uploads\/2024\/05\/Sala-riunioni-minimalista-1024x683.webp 1024w, https:\/\/palacehotelmoderno.it\/wp-content\/uploads\/2024\/05\/Sala-riunioni-minimalista-768x512.webp 768w, https:\/\/palacehotelmoderno.it\/wp-content\/uploads\/2024\/05\/Sala-riunioni-minimalista-1536x1024.webp 1536w\" sizes=\"(max-width: 1620px) 100vw, 1620px\" \/>\t\t\t\t\t\t\t\t\t\t\t\t\t\t\t\t\t\t\t\t\t\t\t\t\t\t\t\t\t\t\t\t<div class=\"eae-grid-overlay fadeIn\">\n\t\t\t\t\t\t\t\t\t\t\t\t<div class=\"eae-grid-overlay-inner\">\n\t\t\t\t\t\t\t\t\t\t\t\t\t<div class=\"eae-icon-wrapper\">\n\t\t\t\t\t\t\t\t\t\t\t\t\t\t\t\t\t\t\t\t\t\t\t\t\t\t\t\t\t<div class=\"eae-overlay-icon\">\n\t\t\t\t\t\t\t\t\t\t\t\t\t\t\t\t<i aria-hidden=\"true\" class=\"far fa-expand-arrows\"><\/i>\t\t\t\t\t\t\t\t\t\t\t\t\t\t\t<\/div>\n\t\t\t\t\t\t\t\t\t\t\t\t\t\t\t\t\t\t\t\t\t\t\t\t\t\t\t<\/div>\n\t\t\t\t\t\t\t\t\t\t\t\t\t\t\t\t\t\t\t\t\t\t\t\t\t<\/div>\n\t\t\t\t\t\t\t\t\t\t<\/div>\n\t\t\t\t\t\t\t\t\t\t\t\t\t\t\t\t\t\t\t<\/a>\n\t\t\t\t\t\t\t\t<\/div>\n\t\t\t\t\t\t\t<\/div>\n\t\t\t\t\t\t\t\t\t\t\t\t\t\t<div class=\"eae-gallery-item sale-meeting\">\n\t\t\t\t\t\t\t\t<div class=\"eae-gallery-item-inner\">\n\t\t\t\t\t\t\t\t\t<a href=\"https:\/\/palacehotelmoderno.it\/wp-content\/uploads\/2024\/05\/Sala-riunioni-luminosa.webp\" data-elementor-open-lightbox=\"yes\" data-elementor-lightbox-slideshow=\"eae-fg-gallery-18009\" data-elementor-lightbox-title=\"Sala-riunioni-luminosa\" data-e-action-hash=\"#elementor-action%3Aaction%3Dlightbox%26settings%3DeyJpZCI6MjI5MSwidXJsIjoiaHR0cHM6XC9cL3BhbGFjZWhvdGVsbW9kZXJuby5pdFwvd3AtY29udGVudFwvdXBsb2Fkc1wvMjAyNFwvMDVcL1NhbGEtcml1bmlvbmktbHVtaW5vc2Eud2VicCJ9\" data-elementor-lightbox-description=\"Sala conferenze moderna con tavolo rettangolare e sedie, illuminazione a soffitto e finestre sul tetto\">\n\t\t\t\t\t\t\t\t\t\t\t\t\t\t\t\t\t\t\t\t\t<img loading=\"lazy\" decoding=\"async\" width=\"1620\" height=\"1080\" src=\"https:\/\/palacehotelmoderno.it\/wp-content\/uploads\/2024\/05\/Sala-riunioni-luminosa.webp\" class=\"attachment-full size-full\" alt=\"Sala riunioni moderna con tavolo e sedie ufficio.\" srcset=\"https:\/\/palacehotelmoderno.it\/wp-content\/uploads\/2024\/05\/Sala-riunioni-luminosa.webp 1620w, https:\/\/palacehotelmoderno.it\/wp-content\/uploads\/2024\/05\/Sala-riunioni-luminosa-300x200.webp 300w, https:\/\/palacehotelmoderno.it\/wp-content\/uploads\/2024\/05\/Sala-riunioni-luminosa-1024x683.webp 1024w, https:\/\/palacehotelmoderno.it\/wp-content\/uploads\/2024\/05\/Sala-riunioni-luminosa-768x512.webp 768w, https:\/\/palacehotelmoderno.it\/wp-content\/uploads\/2024\/05\/Sala-riunioni-luminosa-1536x1024.webp 1536w\" sizes=\"(max-width: 1620px) 100vw, 1620px\" \/>\t\t\t\t\t\t\t\t\t\t\t\t\t\t\t\t\t\t\t\t\t\t\t\t\t\t\t\t\t\t\t\t<div class=\"eae-grid-overlay fadeIn\">\n\t\t\t\t\t\t\t\t\t\t\t\t<div class=\"eae-grid-overlay-inner\">\n\t\t\t\t\t\t\t\t\t\t\t\t\t<div class=\"eae-icon-wrapper\">\n\t\t\t\t\t\t\t\t\t\t\t\t\t\t\t\t\t\t\t\t\t\t\t\t\t\t\t\t\t<div class=\"eae-overlay-icon\">\n\t\t\t\t\t\t\t\t\t\t\t\t\t\t\t\t<i aria-hidden=\"true\" class=\"far fa-expand-arrows\"><\/i>\t\t\t\t\t\t\t\t\t\t\t\t\t\t\t<\/div>\n\t\t\t\t\t\t\t\t\t\t\t\t\t\t\t\t\t\t\t\t\t\t\t\t\t\t\t<\/div>\n\t\t\t\t\t\t\t\t\t\t\t\t\t\t\t\t\t\t\t\t\t\t\t\t\t<\/div>\n\t\t\t\t\t\t\t\t\t\t<\/div>\n\t\t\t\t\t\t\t\t\t\t\t\t\t\t\t\t\t\t\t<\/a>\n\t\t\t\t\t\t\t\t<\/div>\n\t\t\t\t\t\t\t<\/div>\n\t\t\t\t\t\t\t\t\t\t\t\t\t\t<div class=\"eae-gallery-item sale-meeting\">\n\t\t\t\t\t\t\t\t<div class=\"eae-gallery-item-inner\">\n\t\t\t\t\t\t\t\t\t<a href=\"https:\/\/palacehotelmoderno.it\/wp-content\/uploads\/2024\/05\/Corridoio-con-arte-e-sedie.webp\" data-elementor-open-lightbox=\"yes\" data-elementor-lightbox-slideshow=\"eae-fg-gallery-18009\" data-elementor-lightbox-title=\"Corridoio-con-arte-e-sedie\" data-e-action-hash=\"#elementor-action%3Aaction%3Dlightbox%26settings%3DeyJpZCI6MjI5NCwidXJsIjoiaHR0cHM6XC9cL3BhbGFjZWhvdGVsbW9kZXJuby5pdFwvd3AtY29udGVudFwvdXBsb2Fkc1wvMjAyNFwvMDVcL0NvcnJpZG9pby1jb24tYXJ0ZS1lLXNlZGllLndlYnAifQ%3D%3D\" data-elementor-lightbox-description=\"Corridoio di un ufficio con quadro e sala riunioni in fondo\">\n\t\t\t\t\t\t\t\t\t\t\t\t\t\t\t\t\t\t\t\t\t<img loading=\"lazy\" decoding=\"async\" width=\"1620\" height=\"1080\" src=\"https:\/\/palacehotelmoderno.it\/wp-content\/uploads\/2024\/05\/Corridoio-con-arte-e-sedie.webp\" class=\"attachment-full size-full\" alt=\"Corridoio con quadro e sala riunioni in fondo.\" srcset=\"https:\/\/palacehotelmoderno.it\/wp-content\/uploads\/2024\/05\/Corridoio-con-arte-e-sedie.webp 1620w, https:\/\/palacehotelmoderno.it\/wp-content\/uploads\/2024\/05\/Corridoio-con-arte-e-sedie-300x200.webp 300w, https:\/\/palacehotelmoderno.it\/wp-content\/uploads\/2024\/05\/Corridoio-con-arte-e-sedie-1024x683.webp 1024w, https:\/\/palacehotelmoderno.it\/wp-content\/uploads\/2024\/05\/Corridoio-con-arte-e-sedie-768x512.webp 768w, https:\/\/palacehotelmoderno.it\/wp-content\/uploads\/2024\/05\/Corridoio-con-arte-e-sedie-1536x1024.webp 1536w\" sizes=\"(max-width: 1620px) 100vw, 1620px\" \/>\t\t\t\t\t\t\t\t\t\t\t\t\t\t\t\t\t\t\t\t\t\t\t\t\t\t\t\t\t\t\t\t<div class=\"eae-grid-overlay fadeIn\">\n\t\t\t\t\t\t\t\t\t\t\t\t<div class=\"eae-grid-overlay-inner\">\n\t\t\t\t\t\t\t\t\t\t\t\t\t<div class=\"eae-icon-wrapper\">\n\t\t\t\t\t\t\t\t\t\t\t\t\t\t\t\t\t\t\t\t\t\t\t\t\t\t\t\t\t<div class=\"eae-overlay-icon\">\n\t\t\t\t\t\t\t\t\t\t\t\t\t\t\t\t<i aria-hidden=\"true\" class=\"far fa-expand-arrows\"><\/i>\t\t\t\t\t\t\t\t\t\t\t\t\t\t\t<\/div>\n\t\t\t\t\t\t\t\t\t\t\t\t\t\t\t\t\t\t\t\t\t\t\t\t\t\t\t<\/div>\n\t\t\t\t\t\t\t\t\t\t\t\t\t\t\t\t\t\t\t\t\t\t\t\t\t<\/div>\n\t\t\t\t\t\t\t\t\t\t<\/div>\n\t\t\t\t\t\t\t\t\t\t\t\t\t\t\t\t\t\t\t<\/a>\n\t\t\t\t\t\t\t\t<\/div>\n\t\t\t\t\t\t\t<\/div>\n\t\t\t\t\t\t\t\t\t\t\t\t\t\t<div class=\"eae-gallery-item sale-meeting\">\n\t\t\t\t\t\t\t\t<div class=\"eae-gallery-item-inner\">\n\t\t\t\t\t\t\t\t\t<a href=\"https:\/\/palacehotelmoderno.it\/wp-content\/uploads\/2024\/05\/Sala-riunioni-vuota-e-luminosa-1.webp\" data-elementor-open-lightbox=\"yes\" data-elementor-lightbox-slideshow=\"eae-fg-gallery-18009\" data-elementor-lightbox-title=\"Sala-riunioni-vuota-e-luminosa-1\" data-e-action-hash=\"#elementor-action%3Aaction%3Dlightbox%26settings%3DeyJpZCI6MjI5NywidXJsIjoiaHR0cHM6XC9cL3BhbGFjZWhvdGVsbW9kZXJuby5pdFwvd3AtY29udGVudFwvdXBsb2Fkc1wvMjAyNFwvMDVcL1NhbGEtcml1bmlvbmktdnVvdGEtZS1sdW1pbm9zYS0xLndlYnAifQ%3D%3D\" data-elementor-lightbox-description=\"Sala riunioni vuota con un grande tavolo rettangolare in legno al centro, circondato da sedie da ufficio grigie su ruote. La stanza ha pareti inclinate di colore chiaro e un soffitto con due finestre a tetto che lasciano entrare la luce naturale. Sui lati del tavolo ci sono dei fogli e una pianta verde in un vaso. L&#039;ambiente appare ordinato e professionale, con un&#039;atmosfera tranquilla e minimalista.\">\n\t\t\t\t\t\t\t\t\t\t\t\t\t\t\t\t\t\t\t\t\t<img loading=\"lazy\" decoding=\"async\" width=\"1620\" height=\"1080\" src=\"https:\/\/palacehotelmoderno.it\/wp-content\/uploads\/2024\/05\/Sala-riunioni-vuota-e-luminosa-1.webp\" class=\"attachment-full size-full\" alt=\"Sala riunioni vuota con tavolo e sedie.\" srcset=\"https:\/\/palacehotelmoderno.it\/wp-content\/uploads\/2024\/05\/Sala-riunioni-vuota-e-luminosa-1.webp 1620w, https:\/\/palacehotelmoderno.it\/wp-content\/uploads\/2024\/05\/Sala-riunioni-vuota-e-luminosa-1-300x200.webp 300w, https:\/\/palacehotelmoderno.it\/wp-content\/uploads\/2024\/05\/Sala-riunioni-vuota-e-luminosa-1-1024x683.webp 1024w, https:\/\/palacehotelmoderno.it\/wp-content\/uploads\/2024\/05\/Sala-riunioni-vuota-e-luminosa-1-768x512.webp 768w, https:\/\/palacehotelmoderno.it\/wp-content\/uploads\/2024\/05\/Sala-riunioni-vuota-e-luminosa-1-1536x1024.webp 1536w\" sizes=\"(max-width: 1620px) 100vw, 1620px\" \/>\t\t\t\t\t\t\t\t\t\t\t\t\t\t\t\t\t\t\t\t\t\t\t\t\t\t\t\t\t\t\t\t<div class=\"eae-grid-overlay fadeIn\">\n\t\t\t\t\t\t\t\t\t\t\t\t<div class=\"eae-grid-overlay-inner\">\n\t\t\t\t\t\t\t\t\t\t\t\t\t<div class=\"eae-icon-wrapper\">\n\t\t\t\t\t\t\t\t\t\t\t\t\t\t\t\t\t\t\t\t\t\t\t\t\t\t\t\t\t<div class=\"eae-overlay-icon\">\n\t\t\t\t\t\t\t\t\t\t\t\t\t\t\t\t<i aria-hidden=\"true\" class=\"far fa-expand-arrows\"><\/i>\t\t\t\t\t\t\t\t\t\t\t\t\t\t\t<\/div>\n\t\t\t\t\t\t\t\t\t\t\t\t\t\t\t\t\t\t\t\t\t\t\t\t\t\t\t<\/div>\n\t\t\t\t\t\t\t\t\t\t\t\t\t\t\t\t\t\t\t\t\t\t\t\t\t<\/div>\n\t\t\t\t\t\t\t\t\t\t<\/div>\n\t\t\t\t\t\t\t\t\t\t\t\t\t\t\t\t\t\t\t<\/a>\n\t\t\t\t\t\t\t\t<\/div>\n\t\t\t\t\t\t\t<\/div>\n\t\t\t\t\t\t\t\t\t\t\t\t\t\t<div class=\"eae-gallery-item sale-meeting\">\n\t\t\t\t\t\t\t\t<div class=\"eae-gallery-item-inner\">\n\t\t\t\t\t\t\t\t\t<a href=\"https:\/\/palacehotelmoderno.it\/wp-content\/uploads\/2024\/05\/sala-riunioni-9.jpg\" data-elementor-open-lightbox=\"yes\" data-elementor-lightbox-slideshow=\"eae-fg-gallery-18009\" data-elementor-lightbox-title=\"Sala-Riunioni-Intima\" data-e-action-hash=\"#elementor-action%3Aaction%3Dlightbox%26settings%3DeyJpZCI6MjA2MiwidXJsIjoiaHR0cHM6XC9cL3BhbGFjZWhvdGVsbW9kZXJuby5pdFwvd3AtY29udGVudFwvdXBsb2Fkc1wvMjAyNFwvMDVcL3NhbGEtcml1bmlvbmktOS5qcGcifQ%3D%3D\" data-elementor-lightbox-description=\"Sala riunioni moderna con sedie imbottite e tavolo rettangolare\">\n\t\t\t\t\t\t\t\t\t\t\t\t\t\t\t\t\t\t\t\t\t<img loading=\"lazy\" decoding=\"async\" width=\"1920\" height=\"1280\" src=\"https:\/\/palacehotelmoderno.it\/wp-content\/uploads\/2024\/05\/sala-riunioni-9.jpg\" class=\"attachment-full size-full\" alt=\"Sala riunioni intima con tavolo, sedie ergonomiche e TV.\" srcset=\"https:\/\/palacehotelmoderno.it\/wp-content\/uploads\/2024\/05\/sala-riunioni-9.jpg 1920w, https:\/\/palacehotelmoderno.it\/wp-content\/uploads\/2024\/05\/sala-riunioni-9-300x200.jpg 300w, https:\/\/palacehotelmoderno.it\/wp-content\/uploads\/2024\/05\/sala-riunioni-9-1024x683.jpg 1024w, https:\/\/palacehotelmoderno.it\/wp-content\/uploads\/2024\/05\/sala-riunioni-9-768x512.jpg 768w, https:\/\/palacehotelmoderno.it\/wp-content\/uploads\/2024\/05\/sala-riunioni-9-1536x1024.jpg 1536w\" sizes=\"(max-width: 1920px) 100vw, 1920px\" \/>\t\t\t\t\t\t\t\t\t\t\t\t\t\t\t\t\t\t\t\t\t\t\t\t\t\t\t\t\t\t\t\t<div class=\"eae-grid-overlay fadeIn\">\n\t\t\t\t\t\t\t\t\t\t\t\t<div class=\"eae-grid-overlay-inner\">\n\t\t\t\t\t\t\t\t\t\t\t\t\t<div class=\"eae-icon-wrapper\">\n\t\t\t\t\t\t\t\t\t\t\t\t\t\t\t\t\t\t\t\t\t\t\t\t\t\t\t\t\t<div class=\"eae-overlay-icon\">\n\t\t\t\t\t\t\t\t\t\t\t\t\t\t\t\t<i aria-hidden=\"true\" class=\"far fa-expand-arrows\"><\/i>\t\t\t\t\t\t\t\t\t\t\t\t\t\t\t<\/div>\n\t\t\t\t\t\t\t\t\t\t\t\t\t\t\t\t\t\t\t\t\t\t\t\t\t\t\t<\/div>\n\t\t\t\t\t\t\t\t\t\t\t\t\t\t\t\t\t\t\t\t\t\t\t\t\t<\/div>\n\t\t\t\t\t\t\t\t\t\t<\/div>\n\t\t\t\t\t\t\t\t\t\t\t\t\t\t\t\t\t\t\t<\/a>\n\t\t\t\t\t\t\t\t<\/div>\n\t\t\t\t\t\t\t<\/div>\n\t\t\t\t\t\t\t\t\t\t\t\t\t\t<div class=\"eae-gallery-item sala-fitness\">\n\t\t\t\t\t\t\t\t<div class=\"eae-gallery-item-inner\">\n\t\t\t\t\t\t\t\t\t<a href=\"https:\/\/palacehotelmoderno.it\/wp-content\/uploads\/2024\/05\/ALE_0848.webp\" data-elementor-open-lightbox=\"yes\" data-elementor-lightbox-slideshow=\"eae-fg-gallery-18009\" data-elementor-lightbox-title=\"ALE_0848\" data-e-action-hash=\"#elementor-action%3Aaction%3Dlightbox%26settings%3DeyJpZCI6MTQzOCwidXJsIjoiaHR0cHM6XC9cL3BhbGFjZWhvdGVsbW9kZXJuby5pdFwvd3AtY29udGVudFwvdXBsb2Fkc1wvMjAyNFwvMDVcL0FMRV8wODQ4LndlYnAifQ%3D%3D\" data-elementor-lightbox-description=\"Sala riunioni moderna con sedie imbottite e tavolo rettangolare\">\n\t\t\t\t\t\t\t\t\t\t\t\t\t\t\t\t\t\t\t\t\t<img loading=\"lazy\" decoding=\"async\" width=\"720\" height=\"1080\" src=\"https:\/\/palacehotelmoderno.it\/wp-content\/uploads\/2024\/05\/ALE_0848.webp\" class=\"attachment-full size-full\" alt=\"Cicloergometro e attrezzi fitness in palestra interna.\" srcset=\"https:\/\/palacehotelmoderno.it\/wp-content\/uploads\/2024\/05\/ALE_0848.webp 720w, https:\/\/palacehotelmoderno.it\/wp-content\/uploads\/2024\/05\/ALE_0848-200x300.webp 200w, https:\/\/palacehotelmoderno.it\/wp-content\/uploads\/2024\/05\/ALE_0848-683x1024.webp 683w\" sizes=\"(max-width: 720px) 100vw, 720px\" \/>\t\t\t\t\t\t\t\t\t\t\t\t\t\t\t\t\t\t\t\t\t\t\t\t\t\t\t\t\t\t\t\t<div class=\"eae-grid-overlay fadeIn\">\n\t\t\t\t\t\t\t\t\t\t\t\t<div class=\"eae-grid-overlay-inner\">\n\t\t\t\t\t\t\t\t\t\t\t\t\t<div class=\"eae-icon-wrapper\">\n\t\t\t\t\t\t\t\t\t\t\t\t\t\t\t\t\t\t\t\t\t\t\t\t\t\t\t\t\t<div class=\"eae-overlay-icon\">\n\t\t\t\t\t\t\t\t\t\t\t\t\t\t\t\t<i aria-hidden=\"true\" class=\"far fa-expand-arrows\"><\/i>\t\t\t\t\t\t\t\t\t\t\t\t\t\t\t<\/div>\n\t\t\t\t\t\t\t\t\t\t\t\t\t\t\t\t\t\t\t\t\t\t\t\t\t\t\t<\/div>\n\t\t\t\t\t\t\t\t\t\t\t\t\t\t\t\t\t\t\t\t\t\t\t\t\t<\/div>\n\t\t\t\t\t\t\t\t\t\t<\/div>\n\t\t\t\t\t\t\t\t\t\t\t\t\t\t\t\t\t\t\t<\/a>\n\t\t\t\t\t\t\t\t<\/div>\n\t\t\t\t\t\t\t<\/div>\n\t\t\t\t\t\t\t\t\t\t\t\t\t\t<div class=\"eae-gallery-item sala-fitness\">\n\t\t\t\t\t\t\t\t<div class=\"eae-gallery-item-inner\">\n\t\t\t\t\t\t\t\t\t<a href=\"https:\/\/palacehotelmoderno.it\/wp-content\/uploads\/2024\/05\/ALE_0841.webp\" data-elementor-open-lightbox=\"yes\" data-elementor-lightbox-slideshow=\"eae-fg-gallery-18009\" data-elementor-lightbox-title=\"ALE_0841\" data-e-action-hash=\"#elementor-action%3Aaction%3Dlightbox%26settings%3DeyJpZCI6MTQzNSwidXJsIjoiaHR0cHM6XC9cL3BhbGFjZWhvdGVsbW9kZXJuby5pdFwvd3AtY29udGVudFwvdXBsb2Fkc1wvMjAyNFwvMDVcL0FMRV8wODQxLndlYnAifQ%3D%3D\" data-elementor-lightbox-description=\"Sala riunioni moderna con sedie imbottite e tavolo rettangolare\">\n\t\t\t\t\t\t\t\t\t\t\t\t\t\t\t\t\t\t\t\t\t<img loading=\"lazy\" decoding=\"async\" width=\"1620\" height=\"1080\" src=\"https:\/\/palacehotelmoderno.it\/wp-content\/uploads\/2024\/05\/ALE_0841.webp\" class=\"attachment-full size-full\" alt=\"Palestra interna con tapis roulant e attrezzi fitness.\" srcset=\"https:\/\/palacehotelmoderno.it\/wp-content\/uploads\/2024\/05\/ALE_0841.webp 1620w, https:\/\/palacehotelmoderno.it\/wp-content\/uploads\/2024\/05\/ALE_0841-300x200.webp 300w, https:\/\/palacehotelmoderno.it\/wp-content\/uploads\/2024\/05\/ALE_0841-1024x683.webp 1024w, https:\/\/palacehotelmoderno.it\/wp-content\/uploads\/2024\/05\/ALE_0841-768x512.webp 768w, https:\/\/palacehotelmoderno.it\/wp-content\/uploads\/2024\/05\/ALE_0841-1536x1024.webp 1536w\" sizes=\"(max-width: 1620px) 100vw, 1620px\" \/>\t\t\t\t\t\t\t\t\t\t\t\t\t\t\t\t\t\t\t\t\t\t\t\t\t\t\t\t\t\t\t\t<div class=\"eae-grid-overlay fadeIn\">\n\t\t\t\t\t\t\t\t\t\t\t\t<div class=\"eae-grid-overlay-inner\">\n\t\t\t\t\t\t\t\t\t\t\t\t\t<div class=\"eae-icon-wrapper\">\n\t\t\t\t\t\t\t\t\t\t\t\t\t\t\t\t\t\t\t\t\t\t\t\t\t\t\t\t\t<div class=\"eae-overlay-icon\">\n\t\t\t\t\t\t\t\t\t\t\t\t\t\t\t\t<i aria-hidden=\"true\" class=\"far fa-expand-arrows\"><\/i>\t\t\t\t\t\t\t\t\t\t\t\t\t\t\t<\/div>\n\t\t\t\t\t\t\t\t\t\t\t\t\t\t\t\t\t\t\t\t\t\t\t\t\t\t\t<\/div>\n\t\t\t\t\t\t\t\t\t\t\t\t\t\t\t\t\t\t\t\t\t\t\t\t\t<\/div>\n\t\t\t\t\t\t\t\t\t\t<\/div>\n\t\t\t\t\t\t\t\t\t\t\t\t\t\t\t\t\t\t\t<\/a>\n\t\t\t\t\t\t\t\t<\/div>\n\t\t\t\t\t\t\t<\/div>\n\t\t\t\t\t\t\t\t\t\t\t\t\t\t<div class=\"eae-gallery-item sala-fitness\">\n\t\t\t\t\t\t\t\t<div class=\"eae-gallery-item-inner\">\n\t\t\t\t\t\t\t\t\t<a href=\"https:\/\/palacehotelmoderno.it\/wp-content\/uploads\/2024\/05\/ALB08141.webp\" data-elementor-open-lightbox=\"yes\" data-elementor-lightbox-slideshow=\"eae-fg-gallery-18009\" data-elementor-lightbox-title=\"ALB08141\" data-e-action-hash=\"#elementor-action%3Aaction%3Dlightbox%26settings%3DeyJpZCI6MTQzMiwidXJsIjoiaHR0cHM6XC9cL3BhbGFjZWhvdGVsbW9kZXJuby5pdFwvd3AtY29udGVudFwvdXBsb2Fkc1wvMjAyNFwvMDVcL0FMQjA4MTQxLndlYnAifQ%3D%3D\" data-elementor-lightbox-description=\"Sala riunioni moderna con sedie imbottite e tavolo rettangolare\">\n\t\t\t\t\t\t\t\t\t\t\t\t\t\t\t\t\t\t\t\t\t<img loading=\"lazy\" decoding=\"async\" width=\"720\" height=\"1080\" src=\"https:\/\/palacehotelmoderno.it\/wp-content\/uploads\/2024\/05\/ALB08141.webp\" class=\"attachment-full size-full\" alt=\"Palestra interna con attrezzi per esercizio fisico.\" srcset=\"https:\/\/palacehotelmoderno.it\/wp-content\/uploads\/2024\/05\/ALB08141.webp 720w, https:\/\/palacehotelmoderno.it\/wp-content\/uploads\/2024\/05\/ALB08141-200x300.webp 200w, https:\/\/palacehotelmoderno.it\/wp-content\/uploads\/2024\/05\/ALB08141-683x1024.webp 683w\" sizes=\"(max-width: 720px) 100vw, 720px\" \/>\t\t\t\t\t\t\t\t\t\t\t\t\t\t\t\t\t\t\t\t\t\t\t\t\t\t\t\t\t\t\t\t<div class=\"eae-grid-overlay fadeIn\">\n\t\t\t\t\t\t\t\t\t\t\t\t<div class=\"eae-grid-overlay-inner\">\n\t\t\t\t\t\t\t\t\t\t\t\t\t<div class=\"eae-icon-wrapper\">\n\t\t\t\t\t\t\t\t\t\t\t\t\t\t\t\t\t\t\t\t\t\t\t\t\t\t\t\t\t<div class=\"eae-overlay-icon\">\n\t\t\t\t\t\t\t\t\t\t\t\t\t\t\t\t<i aria-hidden=\"true\" class=\"far fa-expand-arrows\"><\/i>\t\t\t\t\t\t\t\t\t\t\t\t\t\t\t<\/div>\n\t\t\t\t\t\t\t\t\t\t\t\t\t\t\t\t\t\t\t\t\t\t\t\t\t\t\t<\/div>\n\t\t\t\t\t\t\t\t\t\t\t\t\t\t\t\t\t\t\t\t\t\t\t\t\t<\/div>\n\t\t\t\t\t\t\t\t\t\t<\/div>\n\t\t\t\t\t\t\t\t\t\t\t\t\t\t\t\t\t\t\t<\/a>\n\t\t\t\t\t\t\t\t<\/div>\n\t\t\t\t\t\t\t<\/div>\n\t\t\t\t\t\t\t\t\t\t<\/div>\n\t\t<\/div>\n\t\t\t\t\t\t<\/div>\n\t\t\t\t<\/div>\n\t\t\t\t\t<\/div>\n\t\t\t\t<\/div>\n\t\t\t\t<\/div>\n\t\t","protected":false},"excerpt":{"rendered":"<p>GALLERY Posizione eccellente Parcheggio privato incluso Ottima colazione inclusa IT EN DE Prenota ora Gallery del Palace Hotel Moderno Esplora il nostro hotel attraverso immagini che catturano l&#8217;essenza di ogni momento. Lasciati ispirare dai nostri ambienti eleganti, dove ogni dettaglio \u00e8 pensato per offrirti un&#8217;esperienza indimenticabile. Vedi tutte HotelCamereSale meetingSala fitness<\/p>\n","protected":false},"author":1,"featured_media":1947,"parent":0,"menu_order":0,"comment_status":"closed","ping_status":"closed","template":"","meta":{"_acf_changed":false,"footnotes":""},"class_list":["post-50","page","type-page","status-publish","has-post-thumbnail","hentry"],"acf":[],"yoast_head":"<!-- This site is optimized with the Yoast SEO plugin v27.3 - https:\/\/yoast.com\/product\/yoast-seo-wordpress\/ -->\n<title>Gallery - Palace Hotel Moderno<\/title>\n<meta name=\"robots\" content=\"index, follow, max-snippet:-1, max-image-preview:large, max-video-preview:-1\" \/>\n<link rel=\"canonical\" href=\"https:\/\/palacehotelmoderno.it\/it\/gallery\/\" \/>\n<meta property=\"og:locale\" content=\"it_IT\" \/>\n<meta property=\"og:type\" content=\"article\" \/>\n<meta property=\"og:title\" content=\"Gallery - Palace Hotel Moderno\" \/>\n<meta property=\"og:description\" content=\"GALLERY Posizione eccellente Parcheggio privato incluso Ottima colazione inclusa IT EN DE Prenota ora Gallery del Palace Hotel Moderno Esplora il nostro hotel attraverso immagini che catturano l&#8217;essenza di ogni momento. Lasciati ispirare dai nostri ambienti eleganti, dove ogni dettaglio \u00e8 pensato per offrirti un&#8217;esperienza indimenticabile. Vedi tutte HotelCamereSale meetingSala fitness\" \/>\n<meta property=\"og:url\" content=\"https:\/\/palacehotelmoderno.it\/it\/gallery\/\" \/>\n<meta property=\"og:site_name\" content=\"Palace Hotel Moderno\" \/>\n<meta property=\"article:modified_time\" content=\"2024-07-08T14:34:24+00:00\" \/>\n<meta property=\"og:image\" content=\"https:\/\/palacehotelmoderno.it\/wp-content\/uploads\/2024\/05\/colazione-homepage.jpg\" \/>\n\t<meta property=\"og:image:width\" content=\"1920\" \/>\n\t<meta property=\"og:image:height\" content=\"1280\" \/>\n\t<meta property=\"og:image:type\" content=\"image\/jpeg\" \/>\n<meta name=\"twitter:card\" content=\"summary_large_image\" \/>\n<meta name=\"twitter:label1\" content=\"Tempo di lettura stimato\" \/>\n\t<meta name=\"twitter:data1\" content=\"11 minuti\" \/>\n<script type=\"application\/ld+json\" class=\"yoast-schema-graph\">{\"@context\":\"https:\\\/\\\/schema.org\",\"@graph\":[{\"@type\":\"WebPage\",\"@id\":\"https:\\\/\\\/palacehotelmoderno.it\\\/it\\\/gallery\\\/\",\"url\":\"https:\\\/\\\/palacehotelmoderno.it\\\/it\\\/gallery\\\/\",\"name\":\"Gallery - Palace Hotel Moderno\",\"isPartOf\":{\"@id\":\"https:\\\/\\\/palacehotelmoderno.it\\\/it\\\/#website\"},\"primaryImageOfPage\":{\"@id\":\"https:\\\/\\\/palacehotelmoderno.it\\\/it\\\/gallery\\\/#primaryimage\"},\"image\":{\"@id\":\"https:\\\/\\\/palacehotelmoderno.it\\\/it\\\/gallery\\\/#primaryimage\"},\"thumbnailUrl\":\"https:\\\/\\\/palacehotelmoderno.it\\\/wp-content\\\/uploads\\\/2024\\\/05\\\/colazione-homepage.jpg\",\"datePublished\":\"2024-05-14T07:51:13+00:00\",\"dateModified\":\"2024-07-08T14:34:24+00:00\",\"breadcrumb\":{\"@id\":\"https:\\\/\\\/palacehotelmoderno.it\\\/it\\\/gallery\\\/#breadcrumb\"},\"inLanguage\":\"it-IT\",\"potentialAction\":[{\"@type\":\"ReadAction\",\"target\":[\"https:\\\/\\\/palacehotelmoderno.it\\\/it\\\/gallery\\\/\"]}]},{\"@type\":\"ImageObject\",\"inLanguage\":\"it-IT\",\"@id\":\"https:\\\/\\\/palacehotelmoderno.it\\\/it\\\/gallery\\\/#primaryimage\",\"url\":\"https:\\\/\\\/palacehotelmoderno.it\\\/wp-content\\\/uploads\\\/2024\\\/05\\\/colazione-homepage.jpg\",\"contentUrl\":\"https:\\\/\\\/palacehotelmoderno.it\\\/wp-content\\\/uploads\\\/2024\\\/05\\\/colazione-homepage.jpg\",\"width\":1920,\"height\":1280},{\"@type\":\"BreadcrumbList\",\"@id\":\"https:\\\/\\\/palacehotelmoderno.it\\\/it\\\/gallery\\\/#breadcrumb\",\"itemListElement\":[{\"@type\":\"ListItem\",\"position\":1,\"name\":\"Home\",\"item\":\"https:\\\/\\\/palacehotelmoderno.it\\\/it\\\/\"},{\"@type\":\"ListItem\",\"position\":2,\"name\":\"Gallery\"}]},{\"@type\":\"WebSite\",\"@id\":\"https:\\\/\\\/palacehotelmoderno.it\\\/it\\\/#website\",\"url\":\"https:\\\/\\\/palacehotelmoderno.it\\\/it\\\/\",\"name\":\"Palace Hotel Moderno\",\"description\":\"\",\"publisher\":{\"@id\":\"https:\\\/\\\/palacehotelmoderno.it\\\/it\\\/#organization\"},\"potentialAction\":[{\"@type\":\"SearchAction\",\"target\":{\"@type\":\"EntryPoint\",\"urlTemplate\":\"https:\\\/\\\/palacehotelmoderno.it\\\/it\\\/?s={search_term_string}\"},\"query-input\":{\"@type\":\"PropertyValueSpecification\",\"valueRequired\":true,\"valueName\":\"search_term_string\"}}],\"inLanguage\":\"it-IT\"},{\"@type\":\"Organization\",\"@id\":\"https:\\\/\\\/palacehotelmoderno.it\\\/it\\\/#organization\",\"name\":\"Palace Hotel Moderno\",\"url\":\"https:\\\/\\\/palacehotelmoderno.it\\\/it\\\/\",\"logo\":{\"@type\":\"ImageObject\",\"inLanguage\":\"it-IT\",\"@id\":\"https:\\\/\\\/palacehotelmoderno.it\\\/it\\\/#\\\/schema\\\/logo\\\/image\\\/\",\"url\":\"https:\\\/\\\/palacehotelmoderno.it\\\/wp-content\\\/uploads\\\/2024\\\/05\\\/Logo-Hotel-Moderno-Pordenone-header.png\",\"contentUrl\":\"https:\\\/\\\/palacehotelmoderno.it\\\/wp-content\\\/uploads\\\/2024\\\/05\\\/Logo-Hotel-Moderno-Pordenone-header.png\",\"width\":178,\"height\":80,\"caption\":\"Palace Hotel Moderno\"},\"image\":{\"@id\":\"https:\\\/\\\/palacehotelmoderno.it\\\/it\\\/#\\\/schema\\\/logo\\\/image\\\/\"}}]}<\/script>\n<!-- \/ Yoast SEO plugin. -->","yoast_head_json":{"title":"Gallery - Palace Hotel Moderno","robots":{"index":"index","follow":"follow","max-snippet":"max-snippet:-1","max-image-preview":"max-image-preview:large","max-video-preview":"max-video-preview:-1"},"canonical":"https:\/\/palacehotelmoderno.it\/it\/gallery\/","og_locale":"it_IT","og_type":"article","og_title":"Gallery - Palace Hotel Moderno","og_description":"GALLERY Posizione eccellente Parcheggio privato incluso Ottima colazione inclusa IT EN DE Prenota ora Gallery del Palace Hotel Moderno Esplora il nostro hotel attraverso immagini che catturano l&#8217;essenza di ogni momento. Lasciati ispirare dai nostri ambienti eleganti, dove ogni dettaglio \u00e8 pensato per offrirti un&#8217;esperienza indimenticabile. Vedi tutte HotelCamereSale meetingSala fitness","og_url":"https:\/\/palacehotelmoderno.it\/it\/gallery\/","og_site_name":"Palace Hotel Moderno","article_modified_time":"2024-07-08T14:34:24+00:00","og_image":[{"width":1920,"height":1280,"url":"https:\/\/palacehotelmoderno.it\/wp-content\/uploads\/2024\/05\/colazione-homepage.jpg","type":"image\/jpeg"}],"twitter_card":"summary_large_image","twitter_misc":{"Tempo di lettura stimato":"11 minuti"},"schema":{"@context":"https:\/\/schema.org","@graph":[{"@type":"WebPage","@id":"https:\/\/palacehotelmoderno.it\/it\/gallery\/","url":"https:\/\/palacehotelmoderno.it\/it\/gallery\/","name":"Gallery - Palace Hotel Moderno","isPartOf":{"@id":"https:\/\/palacehotelmoderno.it\/it\/#website"},"primaryImageOfPage":{"@id":"https:\/\/palacehotelmoderno.it\/it\/gallery\/#primaryimage"},"image":{"@id":"https:\/\/palacehotelmoderno.it\/it\/gallery\/#primaryimage"},"thumbnailUrl":"https:\/\/palacehotelmoderno.it\/wp-content\/uploads\/2024\/05\/colazione-homepage.jpg","datePublished":"2024-05-14T07:51:13+00:00","dateModified":"2024-07-08T14:34:24+00:00","breadcrumb":{"@id":"https:\/\/palacehotelmoderno.it\/it\/gallery\/#breadcrumb"},"inLanguage":"it-IT","potentialAction":[{"@type":"ReadAction","target":["https:\/\/palacehotelmoderno.it\/it\/gallery\/"]}]},{"@type":"ImageObject","inLanguage":"it-IT","@id":"https:\/\/palacehotelmoderno.it\/it\/gallery\/#primaryimage","url":"https:\/\/palacehotelmoderno.it\/wp-content\/uploads\/2024\/05\/colazione-homepage.jpg","contentUrl":"https:\/\/palacehotelmoderno.it\/wp-content\/uploads\/2024\/05\/colazione-homepage.jpg","width":1920,"height":1280},{"@type":"BreadcrumbList","@id":"https:\/\/palacehotelmoderno.it\/it\/gallery\/#breadcrumb","itemListElement":[{"@type":"ListItem","position":1,"name":"Home","item":"https:\/\/palacehotelmoderno.it\/it\/"},{"@type":"ListItem","position":2,"name":"Gallery"}]},{"@type":"WebSite","@id":"https:\/\/palacehotelmoderno.it\/it\/#website","url":"https:\/\/palacehotelmoderno.it\/it\/","name":"Palace Hotel Moderno","description":"","publisher":{"@id":"https:\/\/palacehotelmoderno.it\/it\/#organization"},"potentialAction":[{"@type":"SearchAction","target":{"@type":"EntryPoint","urlTemplate":"https:\/\/palacehotelmoderno.it\/it\/?s={search_term_string}"},"query-input":{"@type":"PropertyValueSpecification","valueRequired":true,"valueName":"search_term_string"}}],"inLanguage":"it-IT"},{"@type":"Organization","@id":"https:\/\/palacehotelmoderno.it\/it\/#organization","name":"Palace Hotel Moderno","url":"https:\/\/palacehotelmoderno.it\/it\/","logo":{"@type":"ImageObject","inLanguage":"it-IT","@id":"https:\/\/palacehotelmoderno.it\/it\/#\/schema\/logo\/image\/","url":"https:\/\/palacehotelmoderno.it\/wp-content\/uploads\/2024\/05\/Logo-Hotel-Moderno-Pordenone-header.png","contentUrl":"https:\/\/palacehotelmoderno.it\/wp-content\/uploads\/2024\/05\/Logo-Hotel-Moderno-Pordenone-header.png","width":178,"height":80,"caption":"Palace Hotel Moderno"},"image":{"@id":"https:\/\/palacehotelmoderno.it\/it\/#\/schema\/logo\/image\/"}}]}},"_links":{"self":[{"href":"https:\/\/palacehotelmoderno.it\/it\/wp-json\/wp\/v2\/pages\/50","targetHints":{"allow":["GET"]}}],"collection":[{"href":"https:\/\/palacehotelmoderno.it\/it\/wp-json\/wp\/v2\/pages"}],"about":[{"href":"https:\/\/palacehotelmoderno.it\/it\/wp-json\/wp\/v2\/types\/page"}],"author":[{"embeddable":true,"href":"https:\/\/palacehotelmoderno.it\/it\/wp-json\/wp\/v2\/users\/1"}],"replies":[{"embeddable":true,"href":"https:\/\/palacehotelmoderno.it\/it\/wp-json\/wp\/v2\/comments?post=50"}],"version-history":[{"count":0,"href":"https:\/\/palacehotelmoderno.it\/it\/wp-json\/wp\/v2\/pages\/50\/revisions"}],"wp:featuredmedia":[{"embeddable":true,"href":"https:\/\/palacehotelmoderno.it\/it\/wp-json\/wp\/v2\/media\/1947"}],"wp:attachment":[{"href":"https:\/\/palacehotelmoderno.it\/it\/wp-json\/wp\/v2\/media?parent=50"}],"curies":[{"name":"wp","href":"https:\/\/api.w.org\/{rel}","templated":true}]}}